{"id":509,"date":"2022-01-22T19:15:59","date_gmt":"2022-01-22T19:15:59","guid":{"rendered":"http:\/\/ariadnabailo.com\/canalizacion-iglesia"},"modified":"2022-05-09T13:24:37","modified_gmt":"2022-05-09T13:24:37","slug":"canalitzacion-esglesia","status":"publish","type":"page","link":"http:\/\/ariadnabailo.com\/ca\/canalitzacion-esglesia","title":{"rendered":"Canalitzacions a l\u2019esglesia"},"content":{"rendered":"<p>[et_pb_section fb_built=&#8221;1&#8243; prev_background_color=&#8221;#ffffff&#8221; next_background_color=&#8221;#ffffff&#8221; admin_label=&#8221;Header&#8221; _builder_version=&#8221;4.16&#8243; use_background_color_gradient=&#8221;on&#8221; background_color_gradient_stops=&#8221;rgba(0,0,0,0.3) 0%|rgba(0,0,0,0.3) 100%&#8221; background_color_gradient_start=&#8221;rgba(0,0,0,0.3)&#8221; background_color_gradient_end=&#8221;rgba(0,0,0,0.3)&#8221; background_image=&#8221;http:\/\/s895374517.mialojamiento.es\/wp-content\/uploads\/2022\/01\/Ariadna-def-5.jpg&#8221; parallax=&#8221;on&#8221; parallax_method=&#8221;off&#8221; custom_padding=&#8221;||16vw||false|false&#8221; top_divider_style=&#8221;arrow3&#8243; bottom_divider_style=&#8221;arrow3&#8243; locked=&#8221;off&#8221; global_colors_info=&#8221;{}&#8221;][et_pb_row _builder_version=&#8221;4.16&#8243; global_colors_info=&#8221;{}&#8221;][et_pb_column type=&#8221;4_4&#8243; _builder_version=&#8221;4.16&#8243; global_colors_info=&#8221;{}&#8221;][et_pb_text _builder_version=&#8221;4.16.0&#8243; text_font=&#8221;||||||||&#8221; text_text_color=&#8221;#FFFFFF&#8221; text_font_size=&#8221;31px&#8221; text_line_height=&#8221;1.4em&#8221; header_font=&#8221;ZCOOL XiaoWei||||||||&#8221; header_text_align=&#8221;left&#8221; header_font_size=&#8221;80px&#8221; text_orientation=&#8221;center&#8221; background_layout=&#8221;dark&#8221; max_width=&#8221;800%&#8221; module_alignment=&#8221;center&#8221; custom_margin=&#8221;90px||||false|false&#8221; custom_margin_tablet=&#8221;&#8221; custom_margin_phone=&#8221;60px||||false|false&#8221; custom_margin_last_edited=&#8221;on|phone&#8221; custom_padding=&#8221;||||false|false&#8221; filter_opacity=&#8221;90%&#8221; hover_enabled=&#8221;0&#8243; text_font_size_tablet=&#8221;18px&#8221; text_font_size_phone=&#8221;16px&#8221; text_font_size_last_edited=&#8221;on|tablet&#8221; text_line_height_tablet=&#8221;&#8221; text_line_height_phone=&#8221;1.8em&#8221; text_line_height_last_edited=&#8221;on|phone&#8221; header_font_size_tablet=&#8221;48px&#8221; header_font_size_phone=&#8221;45px&#8221; header_font_size_last_edited=&#8221;on|phone&#8221; global_colors_info=&#8221;{}&#8221; sticky_enabled=&#8221;0&#8243;]<\/p>\n<h1 style=\"text-align: center;\">Canalitzacions \u00a0a l&#8217;esglesia<\/h1>\n<p style=\"text-align: center;\"><strong>Templera de Vallgorguina <\/strong><\/p>\n<p>[\/et_pb_text][\/et_pb_column][\/et_pb_row][\/et_pb_section][et_pb_section fb_built=&#8221;1&#8243; admin_label=&#8221;About&#8221; _builder_version=&#8221;4.16&#8243; background_color=&#8221;#ffffff&#8221; width=&#8221;90%&#8221; custom_margin=&#8221;||||false|false&#8221; custom_padding=&#8221;|||10vw|false|false&#8221; global_colors_info=&#8221;{}&#8221;][et_pb_row column_structure=&#8221;1_2,1_2&#8243; _builder_version=&#8221;4.16&#8243; custom_padding=&#8221;0px|||||&#8221; global_colors_info=&#8221;{}&#8221;][et_pb_column type=&#8221;1_2&#8243; _builder_version=&#8221;4.16&#8243; global_colors_info=&#8221;{}&#8221;][et_pb_text _builder_version=&#8221;4.16&#8243; text_font=&#8221;||||||||&#8221; text_line_height=&#8221;1.6em&#8221; header_2_font=&#8221;ZCOOL XiaoWei||||||||&#8221; text_orientation=&#8221;justified&#8221; text_font_size_tablet=&#8221;&#8221; text_font_size_phone=&#8221;14px&#8221; text_font_size_last_edited=&#8221;on|phone&#8221; locked=&#8221;off&#8221; global_colors_info=&#8221;{}&#8221;]Des dels inicis del 2017 col\u2022laboro en el projecte de reconstrucci\u00f3 de l\u2019esglesia templera de Vallgorguina, fent una canalizaci\u00f3 de grup al mes, de manera voluntaria, en aquest punt de llum tant especial.<\/p>\n<p>Aquesta esglesia em va cridar, la vaig sentir profundament a distancia dir-me una informaci\u00f3 que no vaig acabar d\u2019entendre fins que la vaig descobrir en directe, quan em va donar un missatge que em v\u00e1 canviar la vida.<\/p>\n<p>La vaig escoltar i ella volia sortir al m\u00f3n essent un gran temple de Sanaci\u00f3, aixi que vaig voler donar suport al Joan Salicr\u00fa, el propietari i guardi\u00e0 de l\u2019esglesia, per activar-la.<br \/>\nI aqu\u00ed estem.<\/p>\n<p>Ella \u00e9s energia molt pura i de Sanaci\u00f3.<br \/>\nEs un portal de llum molt potent.<\/p><\/div>\n<p>T\u2019animes a deixar-te tocar per ella?<\/p><\/div>\n<p>Les aportacions son voluntaries i van destinades \u00edntegrament per la reconstrucci\u00f3 del temple, que est\u00e1 dins la finca privada del Joan Salicr\u00fa.<\/p>\n<p>Anirem publicant les propera trobades al blog de la web.<br \/>\nI que ben aviat la poguem veure reconstruida<\/p><\/div>\n<p>[\/et_pb_text][\/et_pb_column][et_pb_column type=&#8221;1_2&#8243; _builder_version=&#8221;4.16&#8243; global_colors_info=&#8221;{}&#8221;][et_pb_image src=&#8221;http:\/\/s895374517.mialojamiento.es\/wp-content\/uploads\/2022\/01\/Ariadna-def-5.jpg&#8221; title_text=&#8221;Ariadna-def-5&#8243; _builder_version=&#8221;4.16&#8243; _module_preset=&#8221;default&#8221; global_colors_info=&#8221;{}&#8221;][\/et_pb_image][\/et_pb_column][\/et_pb_row][et_pb_row _builder_version=&#8221;4.16.0&#8243; custom_padding=&#8221;0px|||||&#8221; global_colors_info=&#8221;{}&#8221;][et_pb_column type=&#8221;4_4&#8243; _builder_version=&#8221;4.16&#8243; global_colors_info=&#8221;{}&#8221;][et_pb_divider show_divider=&#8221;off&#8221; _builder_version=&#8221;4.16&#8243; _module_preset=&#8221;default&#8221; global_colors_info=&#8221;{}&#8221;][\/et_pb_divider][et_pb_button button_url=&#8221;http:\/\/ariadnabailo.com\/ca\/agenda&#8221; button_text=&#8221;CONSULTA L&#8217;AGENDA&#8221; button_alignment=&#8221;center&#8221; button_alignment_tablet=&#8221;left&#8221; button_alignment_phone=&#8221;&#8221; button_alignment_last_edited=&#8221;on|tablet&#8221; _builder_version=&#8221;4.16.0&#8243; custom_button=&#8221;on&#8221; button_text_size=&#8221;22px&#8221; button_bg_color=&#8221;#7953a2&#8243; button_border_width=&#8221;0px&#8221; button_border_radius=&#8221;50px&#8221; button_font=&#8221;Josefin Sans|600|||||||&#8221; background_layout=&#8221;dark&#8221; custom_margin_tablet=&#8221;0px||||false|false&#8221; custom_margin_last_edited=&#8221;off|desktop&#8221; custom_padding=&#8221;15px|40px|15px|40px|true|true&#8221; button_text_size_tablet=&#8221;18px&#8221; button_text_size_phone=&#8221;14px&#8221; button_text_size_last_edited=&#8221;on|phone&#8221; locked=&#8221;off&#8221; global_colors_info=&#8221;{}&#8221;][\/et_pb_button][\/et_pb_column][\/et_pb_row][\/et_pb_section][et_pb_section fb_built=&#8221;1&#8243; prev_background_color=&#8221;#ffffff&#8221; disabled_on=&#8221;on|on|on&#8221; admin_label=&#8221;Mission&#8221; module_id=&#8221;curriculum&#8221; _builder_version=&#8221;4.16&#8243; background_color=&#8221;rgba(121,83,162,0.35)&#8221; width=&#8221;100%&#8221; module_alignment=&#8221;center&#8221; custom_margin=&#8221;||10vw||false|false&#8221; custom_padding=&#8221;||0px||false|false&#8221; top_divider_style=&#8221;slant2&#8243; disabled=&#8221;on&#8221; locked=&#8221;off&#8221; global_colors_info=&#8221;{}&#8221;][et_pb_row _builder_version=&#8221;4.16&#8243; max_width=&#8221;800px&#8221; global_colors_info=&#8221;{}&#8221;][et_pb_column type=&#8221;4_4&#8243; _builder_version=&#8221;4.16&#8243; global_colors_info=&#8221;{}&#8221;][et_pb_text _builder_version=&#8221;4.16&#8243; text_font=&#8221;||||||||&#8221; text_text_color=&#8221;rgba(0,0,0,0.72)&#8221; text_line_height=&#8221;1.8em&#8221; header_2_font=&#8221;ZCOOL XiaoWei|600|||||||&#8221; header_2_font_size=&#8221;60px&#8221; header_2_line_height=&#8221;1.2em&#8221; text_font_size_tablet=&#8221;&#8221; text_font_size_phone=&#8221;14px&#8221; text_font_size_last_edited=&#8221;on|phone&#8221; header_2_font_size_tablet=&#8221;42px&#8221; header_2_font_size_phone=&#8221;24px&#8221; header_2_font_size_last_edited=&#8221;on|phone&#8221; header_2_line_height_tablet=&#8221;&#8221; header_2_line_height_phone=&#8221;1.4em&#8221; header_2_line_height_last_edited=&#8221;on|phone&#8221; locked=&#8221;off&#8221; global_colors_info=&#8221;{}&#8221;]<\/p>\n<h2>Testimonios<\/h2>\n<p>&nbsp;<\/p>\n<p>[\/et_pb_text][\/et_pb_column][\/et_pb_row][et_pb_row column_structure=&#8221;1_2,1_2&#8243; _builder_version=&#8221;4.16&#8243; max_width=&#8221;800px&#8221; custom_padding=&#8221;5px|||||&#8221; global_colors_info=&#8221;{}&#8221;][et_pb_column type=&#8221;1_2&#8243; _builder_version=&#8221;4.16&#8243; global_colors_info=&#8221;{}&#8221;][et_pb_testimonial author=&#8221;ETELVINA REIS, 49 a\u00f1os &#8221; job_title=&#8221;Arquitecta, fot\u00f3grafa y profesora en diversas universidades de Brasil&#8221; quote_icon=&#8221;off&#8221; _builder_version=&#8221;4.16&#8243; _module_preset=&#8221;default&#8221; background_color=&#8221;rgba(245,245,245,0.85)&#8221; global_colors_info=&#8221;{}&#8221;]<\/p>\n<div>\n<div>\n<p><em><span lang=\"ES\">En las sesiones de canalizaci\u00f3n en grupo\u00a0se forma un ambiente m\u00e1gico, espiritual, que pocas veces he sentido en mi vida. Yo necesito esta conexi\u00f3n con algo m\u00e1s all\u00e1 de esta vida material, y la verdad es que siempre que he estado en una sesi\u00f3n contigo, sea privada o colectiva, he sentido esta conexi\u00f3n con lo alto, con los seres elevados espiritualmente, como si estuviera en otra dimensi\u00f3n.<\/span><\/em><span lang=\"ES\"><o:p><\/o:p><\/span><\/p>\n<\/div>\n<\/div>\n<p>[\/et_pb_testimonial][\/et_pb_column][et_pb_column type=&#8221;1_2&#8243; _builder_version=&#8221;4.16&#8243; global_colors_info=&#8221;{}&#8221;][\/et_pb_column][\/et_pb_row][et_pb_row _builder_version=&#8221;4.16&#8243; width=&#8221;100%&#8221; max_width=&#8221;none&#8221; max_width_tablet=&#8221;70%&#8221; max_width_phone=&#8221;100%&#8221; max_width_last_edited=&#8221;off|desktop&#8221; module_alignment=&#8221;left&#8221; custom_margin=&#8221;||0px||false|false&#8221; custom_margin_tablet=&#8221;5%||-20%||false|false&#8221; custom_margin_phone=&#8221;||0%||false|false&#8221; custom_margin_last_edited=&#8221;off|desktop&#8221; custom_padding=&#8221;||0px||false|false&#8221; locked=&#8221;off&#8221; global_colors_info=&#8221;{}&#8221;][et_pb_column type=&#8221;4_4&#8243; _builder_version=&#8221;4.16&#8243; global_colors_info=&#8221;{}&#8221;][\/et_pb_column][\/et_pb_row][\/et_pb_section][et_pb_section fb_built=&#8221;1&#8243; admin_label=&#8221;Footer&#8221; _builder_version=&#8221;4.16&#8243; background_color=&#8221;#ffffff&#8221; use_background_color_gradient=&#8221;on&#8221; background_color_gradient_stops=&#8221;rgba(255,255,255,0.8) 0%|rgba(255,255,255,0.8) 100%&#8221; background_color_gradient_overlays_image=&#8221;on&#8221; background_color_gradient_start=&#8221;rgba(255,255,255,0.8)&#8221; background_color_gradient_end=&#8221;rgba(255,255,255,0.8)&#8221; background_image=&#8221;http:\/\/s895374517.mialojamiento.es\/wp-content\/uploads\/2021\/12\/Logo_Iam_Llavor.png&#8221; background_position=&#8221;top_left&#8221; background_repeat=&#8221;repeat&#8221; overflow-x=&#8221;hidden&#8221; overflow-y=&#8221;hidden&#8221; locked=&#8221;off&#8221; collapsed=&#8221;on&#8221; global_colors_info=&#8221;{}&#8221;][et_pb_row column_structure=&#8221;1_3,1_3,1_3&#8243; use_custom_gutter=&#8221;on&#8221; gutter_width=&#8221;2&#8243; make_equal=&#8221;on&#8221; _builder_version=&#8221;4.16&#8243; width=&#8221;54%&#8221; global_colors_info=&#8221;{}&#8221;][et_pb_column type=&#8221;1_3&#8243; _builder_version=&#8221;4.16&#8243; global_colors_info=&#8221;{}&#8221;][et_pb_icon font_icon=&#8221;&#xf199;||fa||900&#8243; icon_color=&#8221;#6f86c3&#8243; icon_width=&#8221;60px&#8221; _builder_version=&#8221;4.16&#8243; _module_preset=&#8221;default&#8221; global_colors_info=&#8221;{}&#8221;][\/et_pb_icon][et_pb_text _builder_version=&#8221;4.16&#8243; text_font=&#8221;Muli||||||||&#8221; text_line_height=&#8221;1.8em&#8221; header_3_font=&#8221;Josefin Sans||||||||&#8221; header_3_line_height=&#8221;1.4em&#8221; text_orientation=&#8221;center&#8221; text_font_size_tablet=&#8221;&#8221; text_font_size_phone=&#8221;14px&#8221; text_font_size_last_edited=&#8221;on|phone&#8221; header_3_font_size_tablet=&#8221;20px&#8221; header_3_font_size_phone=&#8221;18px&#8221; header_3_font_size_last_edited=&#8221;on|tablet&#8221; header_3_line_height_tablet=&#8221;&#8221; header_3_line_height_phone=&#8221;1.8em&#8221; header_3_line_height_last_edited=&#8221;on|phone&#8221; locked=&#8221;off&#8221; global_colors_info=&#8221;{}&#8221;]<\/p>\n<h3>ari_adn@yahoo.es<\/h3>\n<p>[\/et_pb_text][\/et_pb_column][et_pb_column type=&#8221;1_3&#8243; _builder_version=&#8221;4.16&#8243; global_colors_info=&#8221;{}&#8221;][et_pb_icon font_icon=&#8221;&#xf2c6;||fa||400&#8243; icon_color=&#8221;#6f86c3&#8243; icon_width=&#8221;60px&#8221; _builder_version=&#8221;4.16&#8243; _module_preset=&#8221;default&#8221; global_colors_info=&#8221;{}&#8221;][\/et_pb_icon][et_pb_text _builder_version=&#8221;4.16&#8243; text_font=&#8221;Muli||||||||&#8221; text_line_height=&#8221;1.8em&#8221; header_3_font=&#8221;Josefin Sans||||||||&#8221; header_3_line_height=&#8221;1.4em&#8221; text_orientation=&#8221;center&#8221; text_font_size_tablet=&#8221;&#8221; text_font_size_phone=&#8221;14px&#8221; text_font_size_last_edited=&#8221;on|phone&#8221; header_3_font_size_tablet=&#8221;20px&#8221; header_3_font_size_phone=&#8221;18px&#8221; header_3_font_size_last_edited=&#8221;on|tablet&#8221; header_3_line_height_tablet=&#8221;&#8221; header_3_line_height_phone=&#8221;1.8em&#8221; header_3_line_height_last_edited=&#8221;on|phone&#8221; locked=&#8221;off&#8221; global_colors_info=&#8221;{}&#8221;]<\/p>\n<h3>ariadnabailo<\/h3>\n<p>[\/et_pb_text][\/et_pb_column][et_pb_column type=&#8221;1_3&#8243; _builder_version=&#8221;4.16&#8243; global_colors_info=&#8221;{}&#8221;][et_pb_icon font_icon=&#8221;&#xe0a3;||divi||400&#8243; icon_color=&#8221;#6f86c3&#8243; icon_width=&#8221;60px&#8221; _builder_version=&#8221;4.16&#8243; _module_preset=&#8221;default&#8221; global_colors_info=&#8221;{}&#8221;][\/et_pb_icon][et_pb_text _builder_version=&#8221;4.16&#8243; text_font=&#8221;Muli||||||||&#8221; text_line_height=&#8221;1.8em&#8221; header_3_font=&#8221;Josefin Sans||||||||&#8221; header_3_line_height=&#8221;1.4em&#8221; text_orientation=&#8221;center&#8221; text_font_size_tablet=&#8221;&#8221; text_font_size_phone=&#8221;14px&#8221; text_font_size_last_edited=&#8221;on|phone&#8221; header_3_font_size_tablet=&#8221;20px&#8221; header_3_font_size_phone=&#8221;18px&#8221; header_3_font_size_last_edited=&#8221;on|tablet&#8221; header_3_line_height_tablet=&#8221;&#8221; header_3_line_height_phone=&#8221;1.8em&#8221; header_3_line_height_last_edited=&#8221;on|phone&#8221; locked=&#8221;off&#8221; global_colors_info=&#8221;{}&#8221;]<\/p>\n<h3>ariadnabailo<\/h3>\n<p>[\/et_pb_text][\/et_pb_column][\/et_pb_row][\/et_pb_section]<\/p>\n","protected":false},"excerpt":{"rendered":"<p>Canalitzacions \u00a0a l&#8217;esglesia Templera de Vallgorguina Des dels inicis del 2017 col\u2022laboro en el projecte de reconstrucci\u00f3 de l\u2019esglesia templera de Vallgorguina, fent una canalizaci\u00f3 de grup al mes, de manera voluntaria, en aquest punt de llum tant especial. Aquesta esglesia em va cridar, la vaig sentir profundament a distancia dir-me una informaci\u00f3 que no [&hellip;]<\/p>\n","protected":false},"author":1,"featured_media":0,"parent":0,"menu_order":0,"comment_status":"closed","ping_status":"closed","template":"","meta":{"_et_pb_use_builder":"on","_et_pb_old_content":"","_et_gb_content_width":"","footnotes":""},"class_list":["post-509","page","type-page","status-publish","hentry"],"yoast_head":"<!-- This site is optimized with the Yoast SEO plugin v27.5 - https:\/\/yoast.com\/product\/yoast-seo-wordpress\/ -->\n<title>Canalitzacions a l\u2019esglesia - Ariadna Bailo<\/title>\n<meta name=\"robots\" content=\"index, follow, max-snippet:-1, max-image-preview:large, max-video-preview:-1\" \/>\n<link rel=\"canonical\" href=\"http:\/\/ariadnabailo.com\/ca\/canalitzacion-esglesia\" \/>\n<meta property=\"og:locale\" content=\"ca_ES\" \/>\n<meta property=\"og:type\" content=\"article\" \/>\n<meta property=\"og:title\" content=\"Canalitzacions a l\u2019esglesia - Ariadna Bailo\" \/>\n<meta property=\"og:description\" content=\"Canalitzacions \u00a0a l&#039;esglesia Templera de Vallgorguina Des dels inicis del 2017 col\u2022laboro en el projecte de reconstrucci\u00f3 de l\u2019esglesia templera de Vallgorguina, fent una canalizaci\u00f3 de grup al mes, de manera voluntaria, en aquest punt de llum tant especial. Aquesta esglesia em va cridar, la vaig sentir profundament a distancia dir-me una informaci\u00f3 que no [&hellip;]\" \/>\n<meta property=\"og:url\" content=\"http:\/\/ariadnabailo.com\/ca\/canalitzacion-esglesia\" \/>\n<meta property=\"og:site_name\" content=\"Ariadna Bailo\" \/>\n<meta property=\"article:modified_time\" content=\"2022-05-09T13:24:37+00:00\" \/>\n<meta name=\"twitter:card\" content=\"summary_large_image\" \/>\n<meta name=\"twitter:label1\" content=\"Temps estimat de lectura\" \/>\n\t<meta name=\"twitter:data1\" content=\"8 minuts\" \/>\n<script type=\"application\/ld+json\" class=\"yoast-schema-graph\">{\"@context\":\"https:\\\/\\\/schema.org\",\"@graph\":[{\"@type\":\"WebPage\",\"@id\":\"http:\\\/\\\/ariadnabailo.com\\\/ca\\\/canalitzacion-esglesia\",\"url\":\"http:\\\/\\\/ariadnabailo.com\\\/ca\\\/canalitzacion-esglesia\",\"name\":\"Canalitzacions a l\u2019esglesia - Ariadna Bailo\",\"isPartOf\":{\"@id\":\"https:\\\/\\\/ariadnabailo.com\\\/ca\\\/#website\"},\"datePublished\":\"2022-01-22T19:15:59+00:00\",\"dateModified\":\"2022-05-09T13:24:37+00:00\",\"breadcrumb\":{\"@id\":\"http:\\\/\\\/ariadnabailo.com\\\/ca\\\/canalitzacion-esglesia#breadcrumb\"},\"inLanguage\":\"ca\",\"potentialAction\":[{\"@type\":\"ReadAction\",\"target\":[\"http:\\\/\\\/ariadnabailo.com\\\/ca\\\/canalitzacion-esglesia\"]}]},{\"@type\":\"BreadcrumbList\",\"@id\":\"http:\\\/\\\/ariadnabailo.com\\\/ca\\\/canalitzacion-esglesia#breadcrumb\",\"itemListElement\":[{\"@type\":\"ListItem\",\"position\":1,\"name\":\"Portada\",\"item\":\"https:\\\/\\\/ariadnabailo.com\\\/ca\"},{\"@type\":\"ListItem\",\"position\":2,\"name\":\"Canalitzacions a l\u2019esglesia\"}]},{\"@type\":\"WebSite\",\"@id\":\"https:\\\/\\\/ariadnabailo.com\\\/ca\\\/#website\",\"url\":\"https:\\\/\\\/ariadnabailo.com\\\/ca\\\/\",\"name\":\"Ariadna Bailo\",\"description\":\"\",\"potentialAction\":[{\"@type\":\"SearchAction\",\"target\":{\"@type\":\"EntryPoint\",\"urlTemplate\":\"https:\\\/\\\/ariadnabailo.com\\\/ca\\\/?s={search_term_string}\"},\"query-input\":{\"@type\":\"PropertyValueSpecification\",\"valueRequired\":true,\"valueName\":\"search_term_string\"}}],\"inLanguage\":\"ca\"}]}<\/script>\n<!-- \/ Yoast SEO plugin. -->","yoast_head_json":{"title":"Canalitzacions a l\u2019esglesia - Ariadna Bailo","robots":{"index":"index","follow":"follow","max-snippet":"max-snippet:-1","max-image-preview":"max-image-preview:large","max-video-preview":"max-video-preview:-1"},"canonical":"http:\/\/ariadnabailo.com\/ca\/canalitzacion-esglesia","og_locale":"ca_ES","og_type":"article","og_title":"Canalitzacions a l\u2019esglesia - Ariadna Bailo","og_description":"Canalitzacions \u00a0a l'esglesia Templera de Vallgorguina Des dels inicis del 2017 col\u2022laboro en el projecte de reconstrucci\u00f3 de l\u2019esglesia templera de Vallgorguina, fent una canalizaci\u00f3 de grup al mes, de manera voluntaria, en aquest punt de llum tant especial. Aquesta esglesia em va cridar, la vaig sentir profundament a distancia dir-me una informaci\u00f3 que no [&hellip;]","og_url":"http:\/\/ariadnabailo.com\/ca\/canalitzacion-esglesia","og_site_name":"Ariadna Bailo","article_modified_time":"2022-05-09T13:24:37+00:00","twitter_card":"summary_large_image","twitter_misc":{"Temps estimat de lectura":"8 minuts"},"schema":{"@context":"https:\/\/schema.org","@graph":[{"@type":"WebPage","@id":"http:\/\/ariadnabailo.com\/ca\/canalitzacion-esglesia","url":"http:\/\/ariadnabailo.com\/ca\/canalitzacion-esglesia","name":"Canalitzacions a l\u2019esglesia - Ariadna Bailo","isPartOf":{"@id":"https:\/\/ariadnabailo.com\/ca\/#website"},"datePublished":"2022-01-22T19:15:59+00:00","dateModified":"2022-05-09T13:24:37+00:00","breadcrumb":{"@id":"http:\/\/ariadnabailo.com\/ca\/canalitzacion-esglesia#breadcrumb"},"inLanguage":"ca","potentialAction":[{"@type":"ReadAction","target":["http:\/\/ariadnabailo.com\/ca\/canalitzacion-esglesia"]}]},{"@type":"BreadcrumbList","@id":"http:\/\/ariadnabailo.com\/ca\/canalitzacion-esglesia#breadcrumb","itemListElement":[{"@type":"ListItem","position":1,"name":"Portada","item":"https:\/\/ariadnabailo.com\/ca"},{"@type":"ListItem","position":2,"name":"Canalitzacions a l\u2019esglesia"}]},{"@type":"WebSite","@id":"https:\/\/ariadnabailo.com\/ca\/#website","url":"https:\/\/ariadnabailo.com\/ca\/","name":"Ariadna Bailo","description":"","potentialAction":[{"@type":"SearchAction","target":{"@type":"EntryPoint","urlTemplate":"https:\/\/ariadnabailo.com\/ca\/?s={search_term_string}"},"query-input":{"@type":"PropertyValueSpecification","valueRequired":true,"valueName":"search_term_string"}}],"inLanguage":"ca"}]}},"jetpack_sharing_enabled":true,"_links":{"self":[{"href":"http:\/\/ariadnabailo.com\/ca\/wp-json\/wp\/v2\/pages\/509","targetHints":{"allow":["GET"]}}],"collection":[{"href":"http:\/\/ariadnabailo.com\/ca\/wp-json\/wp\/v2\/pages"}],"about":[{"href":"http:\/\/ariadnabailo.com\/ca\/wp-json\/wp\/v2\/types\/page"}],"author":[{"embeddable":true,"href":"http:\/\/ariadnabailo.com\/ca\/wp-json\/wp\/v2\/users\/1"}],"replies":[{"embeddable":true,"href":"http:\/\/ariadnabailo.com\/ca\/wp-json\/wp\/v2\/comments?post=509"}],"version-history":[{"count":7,"href":"http:\/\/ariadnabailo.com\/ca\/wp-json\/wp\/v2\/pages\/509\/revisions"}],"predecessor-version":[{"id":884,"href":"http:\/\/ariadnabailo.com\/ca\/wp-json\/wp\/v2\/pages\/509\/revisions\/884"}],"wp:attachment":[{"href":"http:\/\/ariadnabailo.com\/ca\/wp-json\/wp\/v2\/media?parent=509"}],"curies":[{"name":"wp","href":"https:\/\/api.w.org\/{rel}","templated":true}]}}