{"id":482,"date":"2022-01-10T17:14:45","date_gmt":"2022-01-10T17:14:45","guid":{"rendered":"http:\/\/ariadnabailo.com\/sobremi"},"modified":"2022-05-09T10:48:02","modified_gmt":"2022-05-09T10:48:02","slug":"sobremi","status":"publish","type":"page","link":"http:\/\/ariadnabailo.com\/ca\/sobremi","title":{"rendered":"Sobre Mi"},"content":{"rendered":"<p>[et_pb_section fb_built=&#8221;1&#8243; prev_background_color=&#8221;#ffffff&#8221; next_background_color=&#8221;#ffffff&#8221; admin_label=&#8221;Header&#8221; _builder_version=&#8221;4.16&#8243; use_background_color_gradient=&#8221;on&#8221; background_color_gradient_stops=&#8221;rgba(0,0,0,0.3) 0%|rgba(0,0,0,0.3) 100%&#8221; background_color_gradient_overlays_image=&#8221;on&#8221; background_color_gradient_start=&#8221;rgba(0,0,0,0.3)&#8221; background_color_gradient_end=&#8221;rgba(0,0,0,0.3)&#8221; background_image=&#8221;http:\/\/s895374517.mialojamiento.es\/wp-content\/uploads\/2022\/01\/Ariadna-def-variaciones-5-scaled.jpg&#8221; custom_padding=&#8221;||16vw||false|false&#8221; top_divider_style=&#8221;arrow3&#8243; bottom_divider_style=&#8221;arrow3&#8243; global_colors_info=&#8221;{}&#8221;][et_pb_row _builder_version=&#8221;4.16&#8243; global_colors_info=&#8221;{}&#8221;][et_pb_column type=&#8221;4_4&#8243; _builder_version=&#8221;4.16&#8243; global_colors_info=&#8221;{}&#8221;][et_pb_text _builder_version=&#8221;4.16.0&#8243; text_font=&#8221;Muli||||||||&#8221; text_font_size=&#8221;22px&#8221; text_line_height=&#8221;1.4em&#8221; header_font=&#8221;ZCOOL XiaoWei||||||||&#8221; header_font_size=&#8221;80px&#8221; text_orientation=&#8221;center&#8221; background_layout=&#8221;dark&#8221; max_width=&#8221;700px&#8221; module_alignment=&#8221;center&#8221; custom_margin=&#8221;90px||||false|false&#8221; custom_margin_tablet=&#8221;90px||||false|false&#8221; custom_margin_phone=&#8221;60px||||false|false&#8221; custom_margin_last_edited=&#8221;on|phone&#8221; filter_opacity=&#8221;72%&#8221; text_font_size_tablet=&#8221;18px&#8221; text_font_size_phone=&#8221;16px&#8221; text_font_size_last_edited=&#8221;on|tablet&#8221; text_line_height_tablet=&#8221;&#8221; text_line_height_phone=&#8221;1.8em&#8221; text_line_height_last_edited=&#8221;on|phone&#8221; header_font_size_tablet=&#8221;48px&#8221; header_font_size_phone=&#8221;45px&#8221; header_font_size_last_edited=&#8221;on|phone&#8221; global_colors_info=&#8221;{}&#8221;]<\/p>\n<h1>Sobre Mi<\/h1>\n<p>[\/et_pb_text][\/et_pb_column][\/et_pb_row][\/et_pb_section][et_pb_section fb_built=&#8221;1&#8243; admin_label=&#8221;About&#8221; _builder_version=&#8221;4.16&#8243; background_color=&#8221;#ffffff&#8221; width=&#8221;90%&#8221; custom_margin=&#8221;||||false|false&#8221; custom_padding=&#8221;|||10vw|false|false&#8221; locked=&#8221;off&#8221; global_colors_info=&#8221;{}&#8221;][et_pb_row column_structure=&#8221;1_2,1_2&#8243; _builder_version=&#8221;4.16&#8243; width=&#8221;100%&#8221; custom_padding=&#8221;0px|||||&#8221; global_colors_info=&#8221;{}&#8221;][et_pb_column type=&#8221;1_2&#8243; _builder_version=&#8221;4.16&#8243; global_colors_info=&#8221;{}&#8221;][et_pb_text _builder_version=&#8221;4.16.0&#8243; header_font_size=&#8221;28px&#8221; header_2_font=&#8221;ZCOOL XiaoWei|600|||||||&#8221; header_2_font_size=&#8221;36px&#8221; header_2_line_height=&#8221;0.9em&#8221; custom_margin=&#8221;||-7px|||&#8221; custom_margin_tablet=&#8221;||||false|false&#8221; custom_margin_last_edited=&#8221;off|tablet&#8221; custom_padding=&#8221;||22px|||&#8221; custom_padding_tablet=&#8221;||||false|false&#8221; custom_padding_last_edited=&#8221;off|tablet&#8221; header_2_font_size_tablet=&#8221;42px&#8221; header_2_font_size_phone=&#8221;24px&#8221; header_2_font_size_last_edited=&#8221;on|phone&#8221; header_2_line_height_tablet=&#8221;&#8221; header_2_line_height_phone=&#8221;1.4em&#8221; header_2_line_height_last_edited=&#8221;on|phone&#8221; locked=&#8221;off&#8221; global_colors_info=&#8221;{}&#8221;]<\/p>\n<h2>Qui s\u00f3c?<\/h2>\n<h2>Em presento.<\/h2>\n<p>[\/et_pb_text][et_pb_text _builder_version=&#8221;4.16&#8243; text_font=&#8221;||||||||&#8221; text_line_height=&#8221;1.6em&#8221; text_orientation=&#8221;justified&#8221; text_font_size_tablet=&#8221;&#8221; text_font_size_phone=&#8221;14px&#8221; text_font_size_last_edited=&#8221;on|phone&#8221; locked=&#8221;off&#8221; global_colors_info=&#8221;{}&#8221;]<\/p>\n<p>S\u00f3c Ariadna, la del \u201cfil invisible&#8221;, com indica la llegenda del meu nom, que no \u00e9s perqu\u00e8 s\u00ed que el vaig triar&#8230;<br \/>S\u00f3c humana i em fan mal les ferides, i em perdo i em torno a trobar, com tots i totes.<br \/>I escolto i sento el profund moviment de la vida i el silenci que ens parla, en connexi\u00f3 amb la part divina que som.<br \/>Per aix\u00f2 estic aqu\u00ed i segueixo explicant-te, per a que s\u00e0pigues m\u00e9s sobre els meus inicis de vida aqu\u00ed a la Terra.<\/p>\n<p><strong>VIVINT ENTRE 2 MONS<\/strong><br \/>Vaig n\u00e9ixer a Barcelona el 1973 i vaig cr\u00e9ixer abra\u00e7ant el Misteri com a part fonamental de la vida, ja que des de molt petita vaig venir oberta i molt sensible: de forma totalment espont\u00e0nia, tenia contacte directe amb els mons subtils, que per a mi sempre van formar part natural i indivisible de la realitat quotidiana.<br \/>Va ser dif\u00edcil al principi, sentint-me sola i incompresa en la meva visi\u00f3 de m\u00f3n, al no poder compartir-lo amb ning\u00fa, nom\u00e9s amb la meva gata Mixona.<br \/>Aix\u00ed doncs, vaig anar creixent i vivint amb totes aquestes percepcions en ocult, fet que em va portar a comprendre la vida de manera hol\u00edstica i integrativa, pero sentint-me una mica rara, ja que fa 40 anys no era f\u00e0cil parlar d\u2019aquestes coses i menys mostrar-se sent aix\u00ed. Diferent i molt sensible.<br \/>Aix\u00ed, visquent entre dos mons, vaig ser impulsada per un profund i inevitable desig de comprendre i gestionar l&#8217;impacte que sobre meu exercia la percepci\u00f3 d&#8217;un m\u00f3n de llum i foscor, de m\u00e0gia i obertura de consci\u00e8ncia, de sentir profundament l&#8217;\u00e0nima de l&#8217;altr@ i escoltar la demanda de ser ajudat\/da i guiat.<\/p>\n<p>[\/et_pb_text][\/et_pb_column][et_pb_column type=&#8221;1_2&#8243; _builder_version=&#8221;4.16&#8243; global_colors_info=&#8221;{}&#8221;][et_pb_image src=&#8221;http:\/\/s895374517.mialojamiento.es\/wp-content\/uploads\/2022\/01\/Ariadna-def-11.jpg&#8221; title_text=&#8221;Ariadna-def-11&#8243; _builder_version=&#8221;4.16&#8243; _module_preset=&#8221;default&#8221; global_colors_info=&#8221;{}&#8221;][\/et_pb_image][\/et_pb_column][\/et_pb_row][et_pb_row column_structure=&#8221;1_2,1_2&#8243; _builder_version=&#8221;4.16&#8243; width=&#8221;100%&#8221; custom_padding=&#8221;0px|||||&#8221; global_colors_info=&#8221;{}&#8221;][et_pb_column type=&#8221;1_2&#8243; _builder_version=&#8221;4.16&#8243; global_colors_info=&#8221;{}&#8221;][et_pb_image src=&#8221;http:\/\/s895374517.mialojamiento.es\/wp-content\/uploads\/2021\/12\/Logo_Iam_Llavor.png&#8221; title_text=&#8221;Logo_Iam_Llavor&#8221; disabled_on=&#8221;on|on|off&#8221; _builder_version=&#8221;4.16&#8243; positioning=&#8221;relative&#8221; z_index=&#8221;1&#8243; width=&#8221;134%&#8221; width_tablet=&#8221;32%&#8221; width_phone=&#8221;43%&#8221; width_last_edited=&#8221;on|tablet&#8221; custom_margin=&#8221;||-6%|-57%|false|false&#8221; custom_margin_tablet=&#8221;||4%|-16%|false|false&#8221; custom_margin_phone=&#8221;||44%|-16%|false|false&#8221; custom_margin_last_edited=&#8221;on|phone&#8221; filter_saturate=&#8221;41%&#8221; filter_opacity=&#8221;90%&#8221; scroll_vertical_motion_enable=&#8221;on&#8221; scroll_vertical_motion=&#8221;0|50|50|100|1|0|-1&#8243; scroll_rotating_enable=&#8221;on&#8221; scroll_rotating=&#8221;0|50|50|100|10\u00b0|0|-10\u00b0&#8221; locked=&#8221;off&#8221; global_colors_info=&#8221;{}&#8221;][\/et_pb_image][\/et_pb_column][et_pb_column type=&#8221;1_2&#8243; _builder_version=&#8221;4.16&#8243; global_colors_info=&#8221;{}&#8221;][et_pb_text _builder_version=&#8221;4.16.0&#8243; text_font=&#8221;||||||||&#8221; text_line_height=&#8221;1.5em&#8221; text_orientation=&#8221;justified&#8221; hover_enabled=&#8221;0&#8243; text_font_size_tablet=&#8221;&#8221; text_font_size_phone=&#8221;14px&#8221; text_font_size_last_edited=&#8221;on|phone&#8221; locked=&#8221;off&#8221; global_colors_info=&#8221;{}&#8221; sticky_enabled=&#8221;0&#8243;]<strong>EL MEU PRIMER RETIR<\/strong><br \/>\nAls 18 anys, de manera espont\u00e0nia, vaig fer el meu primer retir. Aix\u00f2 va ser despr\u00e9s de parlar amb la meva mare Ci\u00f3 (dona avan\u00e7ada per la seva \u00e8poca) a qui li vaig explicar que seguia tenint contacte com quan era petita amb els m\u00f3ns sutils: ella em va obrir noves portes en el meu cam\u00ed d&#8217;autodescobriment, al dir-me que tenia un amic &#8220;raro&#8221;, el Just, amb qui podr\u00eda parlar de tot el que em pasaba i a qui vaig decidir anar a veure al Jabalambre (Terol) on ell vivia, per a ser guiada per ell. Aquells dies, ell em va iniciar en el coneixement del Reiki, el Zen, la Psicoter\u00e0pia i la cura del cos i la salut natural.<br \/>\nVan ser moments de comen\u00e7ar a recon\u00e8ixer-me, experi\u00e8ncies de recordar-me des del \u00c0nima, de validar aquest viure entre dos mons i de tornar, des d&#8217;aqu\u00ed, a casa meva, per seguir obrint les portes de l&#8217;essencial.<\/p>\n<p><strong>EL CAM\u00cd DE BAIXAR A TERRA<\/strong><br \/>\nAix\u00ed vaig tornar al meu m\u00f3n de sempre. Per\u00f2 ja no va tornar a ser mai el mateix de sempre. Sentint aix\u00ed que no hi havia marxa enrere.<\/p>\n<p>Saps que escoltar des de l\u2019\u00e0nima \u00e9s viure conscientment i \u00e9s obrir una porta de gran responsabilitat en tot el que movem?<br \/>\nI que encara que no podem estar sempre en plena atenci\u00f3 des del Ser i que ens perdem mil i una vegades, podem tornar a conectar de nou amb el que Som, renovats i donant el seg\u00fcent pas, des del buit de deixar anar el que ja no necessitem viure: el personatge i la m\u00e0scara que hem fet servir per viure i per realcionar-nos i amb el que ens hem identificat i que ja no necesito ara expressar per a Ser.<br \/>\nI validant aix\u00ed el que s\u00f3c i necessito viure ara.[\/et_pb_text][\/et_pb_column][\/et_pb_row][et_pb_row column_structure=&#8221;1_2,1_2&#8243; _builder_version=&#8221;4.16&#8243; width=&#8221;100%&#8221; custom_padding=&#8221;0px|||||&#8221; global_colors_info=&#8221;{}&#8221;][et_pb_column type=&#8221;1_2&#8243; _builder_version=&#8221;4.16&#8243; global_colors_info=&#8221;{}&#8221;][et_pb_text _builder_version=&#8221;4.16.0&#8243; text_font=&#8221;||||||||&#8221; text_line_height=&#8221;1.5em&#8221; text_orientation=&#8221;justified&#8221; hover_enabled=&#8221;0&#8243; text_font_size_tablet=&#8221;&#8221; text_font_size_phone=&#8221;14px&#8221; text_font_size_last_edited=&#8221;on|phone&#8221; locked=&#8221;off&#8221; global_colors_info=&#8221;{}&#8221; sticky_enabled=&#8221;0&#8243;]<strong>Nom\u00e9s ara.<\/strong><br \/>\nPerque el dem\u00e0 no existeix.<br \/>\nEs crea i es construeix amb el que ara experimento, sento i creo.<\/p>\n<p>Aix\u00ed, al tornar del retir, vaig convertir aquesta primera experi\u00e8ncia de creixement interior en el motor que em va portar a realitzar nombrosos procesos interns i formacions variades, obrint les portes del m\u00f3n terap\u00e8utic i adoptant un estil de vida que segueixo cultiva y di\u00e0riament, en coher\u00e8ncia amb el m\u00e9s essencial de mi mateixa.<\/p>\n<p>Sensible des de nena als problemes i necessitats dels altres, la vida i les ganes inconscients de curar les meves ferides em van portar a exercir durant diversos anys com a educadora social, formant-me tamb\u00e9 com a terapeuta Gestalt, terapeuta corporal integrativa (TCI) i Eneagrama, a trav\u00e9s de el programa SAT amb el Doctor Claudio Naranjo.<\/p>\n<p>A tot aix\u00f2 se sumen nombrosos aprenentatges relacionats amb t\u00e8cniques manuals i espirituals que m\u2019han anat portant a nodrir-me, a cuidar-me, a con\u00e8ixer-me m\u00e9s i a tenir m\u00e9s eines per ajudar.<br \/>\nI sobretot, a comprendre la import\u00e0ncia d&#8217;atendre a la persona de manera integrativa (ment, cos, emoci\u00f3 i \u00e0nima), creant la meva manera d\u2019atendre, on fusiono la psicoter\u00e0pia i la canalitzaci\u00f3, englobant aix\u00ed el m\u00f3n espiritual amb el m\u00f3n mental, emocional i corporal, per a re-unir-nos des de la nostra veritat.<br \/>\nEl nostre Ser esencial.<\/p>\n<p>Aquest \u00e9s el meu llegat.<br \/>\n&nbsp;[\/et_pb_text][et_pb_text _builder_version=&#8221;4.16&#8243; text_font=&#8221;||||||||&#8221; text_line_height=&#8221;1.5em&#8221; text_orientation=&#8221;justified&#8221; text_font_size_tablet=&#8221;&#8221; text_font_size_phone=&#8221;14px&#8221; text_font_size_last_edited=&#8221;on|phone&#8221; locked=&#8221;off&#8221; global_colors_info=&#8221;{}&#8221;]L\u2019evoluci\u00f3<br \/>\n<strong>SEGUINT EL PROP\u00d2SIT<\/strong><br \/>\nEl 2008, un fet important inaugura una etapa decisiva de la meva vida: estant en una meditaci\u00f3 i en connexi\u00f3 amb el Ser, sento la crida profunda d&#8217;obrir un portal de llum al centre de Barcelona, en forma de centre de ter\u00e0pies, on no nom\u00e9s em trobo dirigint a un equip de terapeutes, sin\u00f3 que tamb\u00e9 realitzo sessions individuals i grupals de psicoter\u00e0pia i Canalitzaci\u00f3.<\/p>\n<p>A m\u00e9s a m\u00e9s, organitzo viatges anuals a llocs sagrats de la planeta (M\u00e8xic i Per\u00fa), guiant grups d&#8217;auto coneixement, obrint portals de llum i enlla\u00e7ant mons, per tal d&#8217;acompanyar el despertar de consci\u00e8ncia que la humanitat est\u00e0 experimentant en aquest mateix instant.<\/p>\n<p><strong>AQUI I ARA<\/strong><br \/>\nEspecialitzada en acompanyar processos evolutius, actualment fusiono la psicoter\u00e0pia i la canalitzaci\u00f3, facilitant que la persona s&#8217;aline\u00ef amb el Ser, integrant ment, emoci\u00f3, cos i \u00e0nima. D&#8217;aquesta manera, aposto per la coherencia, la pres\u00e8ncia, l&#8217;escolta profunda i el comprom\u00eds amb el Ser, actituds que em porten a dansar per la vida des de lo m\u00e9s essencial de mi mateixa (evidentment tant en la meva vida personal com en l&#8217;acompanyament terap\u00e8utic), al destapar les trampes que es van crear des del ego i que ens mantenen atrapats, sense poder manifestar-nos des de la claredat i la llibertat de Ser qui som.<br \/>\nApostant aix\u00ed per la plena atenci\u00f3 a tot lo que Soc.<br \/>\nI, des d\u2019aqu\u00ed, creant la vida que realment he vingut a viure.<\/p>\n<p>\u00bfAnem junt@s a descubrir qui ets i a viure des del teu Ser?<\/p>\n<p>Aqu\u00ed estic[\/et_pb_text][et_pb_divider show_divider=&#8221;off&#8221; _builder_version=&#8221;4.16.0&#8243; _module_preset=&#8221;default&#8221; height=&#8221;30px&#8221; hover_enabled=&#8221;0&#8243; global_colors_info=&#8221;{}&#8221; sticky_enabled=&#8221;0&#8243;][\/et_pb_divider][et_pb_button button_url=&#8221;mailto:hola@ariadnabailo.com&#8221; button_text=&#8221;CONTACTA&#8217;M&#8221; button_alignment=&#8221;left&#8221; button_alignment_tablet=&#8221;left&#8221; button_alignment_phone=&#8221;&#8221; button_alignment_last_edited=&#8221;on|phone&#8221; _builder_version=&#8221;4.16.0&#8243; custom_button=&#8221;on&#8221; button_text_size=&#8221;22px&#8221; button_bg_color=&#8221;#7953a2&#8243; button_border_width=&#8221;0px&#8221; button_border_radius=&#8221;50px&#8221; button_font=&#8221;Josefin Sans|600|||||||&#8221; background_layout=&#8221;dark&#8221; custom_padding=&#8221;15px|40px|15px|40px|true|true&#8221; button_text_size_tablet=&#8221;18px&#8221; button_text_size_phone=&#8221;14px&#8221; button_text_size_last_edited=&#8221;on|phone&#8221; locked=&#8221;off&#8221; global_colors_info=&#8221;{}&#8221;][\/et_pb_button][\/et_pb_column][et_pb_column type=&#8221;1_2&#8243; _builder_version=&#8221;4.16&#8243; global_colors_info=&#8221;{}&#8221;][et_pb_image src=&#8221;http:\/\/s895374517.mialojamiento.es\/wp-content\/uploads\/2022\/01\/Ariadna-def-10.jpg&#8221; title_text=&#8221;Ariadna-def-10&#8243; _builder_version=&#8221;4.16&#8243; _module_preset=&#8221;default&#8221; global_colors_info=&#8221;{}&#8221;][\/et_pb_image][et_pb_image src=&#8221;http:\/\/s895374517.mialojamiento.es\/wp-content\/uploads\/2022\/01\/Ariadna-grupo-def-2.jpg&#8221; title_text=&#8221;Ariadna-grupo-def-2&#8243; disabled_on=&#8221;on|on|off&#8221; _builder_version=&#8221;4.16&#8243; _module_preset=&#8221;default&#8221; global_colors_info=&#8221;{}&#8221;][\/et_pb_image][\/et_pb_column][\/et_pb_row][\/et_pb_section][et_pb_section fb_built=&#8221;1&#8243; prev_background_color=&#8221;#ffffff&#8221; admin_label=&#8221;Mission&#8221; module_id=&#8221;curriculum&#8221; _builder_version=&#8221;4.16&#8243; background_color=&#8221;rgba(121,83,162,0.35)&#8221; width=&#8221;100%&#8221; module_alignment=&#8221;right&#8221; custom_margin=&#8221;||10vw||false|false&#8221; custom_padding=&#8221;||0px||false|false&#8221; top_divider_style=&#8221;slant2&#8243; top_divider_flip=&#8221;horizontal&#8221; locked=&#8221;off&#8221; global_colors_info=&#8221;{}&#8221;][et_pb_row _builder_version=&#8221;4.16&#8243; max_width=&#8221;800px&#8221; global_colors_info=&#8221;{}&#8221;][et_pb_column type=&#8221;4_4&#8243; _builder_version=&#8221;4.16&#8243; global_colors_info=&#8221;{}&#8221;][et_pb_text _builder_version=&#8221;4.16&#8243; text_font=&#8221;||||||||&#8221; text_text_color=&#8221;rgba(0,0,0,0.72)&#8221; text_line_height=&#8221;1.8em&#8221; header_2_font=&#8221;ZCOOL XiaoWei|600|||||||&#8221; header_2_font_size=&#8221;60px&#8221; header_2_line_height=&#8221;1.2em&#8221; custom_padding=&#8221;77px|||||&#8221; text_font_size_tablet=&#8221;&#8221; text_font_size_phone=&#8221;14px&#8221; text_font_size_last_edited=&#8221;on|phone&#8221; header_2_font_size_tablet=&#8221;42px&#8221; header_2_font_size_phone=&#8221;24px&#8221; header_2_font_size_last_edited=&#8221;on|phone&#8221; header_2_line_height_tablet=&#8221;&#8221; header_2_line_height_phone=&#8221;1.4em&#8221; header_2_line_height_last_edited=&#8221;on|phone&#8221; locked=&#8221;off&#8221; global_colors_info=&#8221;{}&#8221;]<\/p>\n<h2>Curriculum<\/h2>\n<div>Encara que la meva experi\u00e8ncia sigui \u00e0mplia, des de fa gaireb\u00e9 30 anys aprenent de la psicoter\u00e0pia i de la canalitzaci\u00f3 -en la teoria i en la pr\u00e0ctica-, el meu proc\u00e9s segueix el seu curs, sempre en constant aprenentatge i obertura a rebre i nodrir-me, per donar i nodrir tamb\u00e9.<\/p>\n<p>En el fons, el que realment m&#8217;importa \u00e9s recordar que tots portem dins aquesta saviesa intr\u00ednseca innata i viure cada dia des del comprom\u00eds amb la coher\u00e8ncia i l&#8217;agra\u00efment.<\/p>\n<p>A manera d&#8217;aprenentatges m\u00e9s formals, aqu\u00ed veureu una mostra d\u2019ells, que segueixen vius en mi en aquest continu fluxe de la vida:<\/p><\/div>\n<p>[\/et_pb_text][et_pb_blurb title=&#8221;Diplomada en Educaci\u00f3 Social (1994-97) i treballant durant m\u00e9s de 10 anys en centres p\u00fablics i privats de Barcelona.&#8221; use_icon=&#8221;on&#8221; font_icon=&#8221;&#x39;||divi||400&#8243; icon_color=&#8221;#000000&#8243; image_icon_background_color=&#8221;rgba(255,255,255,0)&#8221; icon_placement=&#8221;left&#8221; image_icon_width=&#8221;24px&#8221; content_max_width=&#8221;100%&#8221; image_icon_width_tablet=&#8221;22px&#8221; image_icon_width_phone=&#8221;16px&#8221; image_icon_width_last_edited=&#8221;on|phone&#8221; _builder_version=&#8221;4.16&#8243; header_font=&#8221;||||||||&#8221; header_font_size=&#8221;16px&#8221; header_line_height=&#8221;1.4em&#8221; body_font=&#8221;Muli||||||||&#8221; body_line_height=&#8221;1.8em&#8221; image_icon_custom_padding=&#8221;||||false|false&#8221; custom_margin=&#8221;||-1px|||&#8221; animation=&#8221;off&#8221; body_font_size_tablet=&#8221;&#8221; body_font_size_phone=&#8221;14px&#8221; body_font_size_last_edited=&#8221;on|phone&#8221; border_color_all_image=&#8221;rgba(0,0,0,0)&#8221; icon_font_size=&#8221;42px&#8221; icon_font_size_tablet=&#8221;22px&#8221; icon_font_size_phone=&#8221;16px&#8221; icon_font_size_last_edited=&#8221;on|phone&#8221; use_circle=&#8221;on&#8221; use_circle_border=&#8221;on&#8221; circle_border_color=&#8221;rgba(0,0,0,0)&#8221; circle_color=&#8221;#afe0c2&#8243; global_colors_info=&#8221;{}&#8221; image_icon_background_color__sticky_enabled=&#8221;#7EBEC5&#8243; image_icon_background_color__sticky=&#8221;#7EBEC5&#8243;][\/et_pb_blurb][et_pb_blurb title=&#8221;Terapeuta Gestalt i Terapeuta Psicocorporal Integrativa (TCI) (2001-2005)&#8221; use_icon=&#8221;on&#8221; font_icon=&#8221;&#x39;||divi||400&#8243; icon_color=&#8221;#000000&#8243; image_icon_background_color=&#8221;rgba(255,255,255,0)&#8221; icon_placement=&#8221;left&#8221; image_icon_width=&#8221;24px&#8221; content_max_width=&#8221;100%&#8221; image_icon_width_tablet=&#8221;22px&#8221; image_icon_width_phone=&#8221;16px&#8221; image_icon_width_last_edited=&#8221;on|phone&#8221; _builder_version=&#8221;4.16&#8243; header_font=&#8221;||||||||&#8221; header_font_size=&#8221;16px&#8221; header_line_height=&#8221;1.4em&#8221; body_font=&#8221;Muli||||||||&#8221; body_line_height=&#8221;1.8em&#8221; image_icon_custom_padding=&#8221;||||false|false&#8221; custom_margin=&#8221;||-1px|||&#8221; animation=&#8221;off&#8221; body_font_size_tablet=&#8221;&#8221; body_font_size_phone=&#8221;14px&#8221; body_font_size_last_edited=&#8221;on|phone&#8221; border_color_all_image=&#8221;rgba(0,0,0,0)&#8221; icon_font_size=&#8221;42px&#8221; icon_font_size_tablet=&#8221;22px&#8221; icon_font_size_phone=&#8221;16px&#8221; icon_font_size_last_edited=&#8221;on|phone&#8221; use_circle=&#8221;on&#8221; use_circle_border=&#8221;on&#8221; circle_border_color=&#8221;rgba(0,0,0,0)&#8221; circle_color=&#8221;#afe0c2&#8243; global_colors_info=&#8221;{}&#8221; image_icon_background_color__sticky_enabled=&#8221;#7EBEC5&#8243; image_icon_background_color__sticky=&#8221;#7EBEC5&#8243;][\/et_pb_blurb][et_pb_blurb title=&#8221;Formada en Psicologia dels Eneatips al programa SAT de Claudio Naranjo (2002-2006)&#8221; use_icon=&#8221;on&#8221; font_icon=&#8221;&#x39;||divi||400&#8243; icon_color=&#8221;#000000&#8243; image_icon_background_color=&#8221;rgba(255,255,255,0)&#8221; icon_placement=&#8221;left&#8221; image_icon_width=&#8221;24px&#8221; content_max_width=&#8221;100%&#8221; image_icon_width_tablet=&#8221;22px&#8221; image_icon_width_phone=&#8221;16px&#8221; image_icon_width_last_edited=&#8221;on|phone&#8221; _builder_version=&#8221;4.16&#8243; header_font=&#8221;||||||||&#8221; header_font_size=&#8221;16px&#8221; header_line_height=&#8221;1.4em&#8221; body_font=&#8221;Muli||||||||&#8221; body_line_height=&#8221;1.8em&#8221; image_icon_custom_padding=&#8221;||||false|false&#8221; custom_margin=&#8221;||-1px|||&#8221; animation=&#8221;off&#8221; body_font_size_tablet=&#8221;&#8221; body_font_size_phone=&#8221;14px&#8221; body_font_size_last_edited=&#8221;on|phone&#8221; border_color_all_image=&#8221;rgba(0,0,0,0)&#8221; icon_font_size=&#8221;42px&#8221; icon_font_size_tablet=&#8221;22px&#8221; icon_font_size_phone=&#8221;16px&#8221; icon_font_size_last_edited=&#8221;on|phone&#8221; use_circle=&#8221;on&#8221; use_circle_border=&#8221;on&#8221; circle_border_color=&#8221;rgba(0,0,0,0)&#8221; circle_color=&#8221;#afe0c2&#8243; global_colors_info=&#8221;{}&#8221; image_icon_background_color__sticky_enabled=&#8221;#7EBEC5&#8243; image_icon_background_color__sticky=&#8221;#7EBEC5&#8243;][\/et_pb_blurb][et_pb_blurb title=&#8221;Directora i creadora d&#8217;Espai Daleth, centre de serveis terap\u00e8utics a Barcelona (2007-2017)&#8221; use_icon=&#8221;on&#8221; font_icon=&#8221;&#x39;||divi||400&#8243; icon_color=&#8221;#000000&#8243; image_icon_background_color=&#8221;rgba(255,255,255,0)&#8221; icon_placement=&#8221;left&#8221; image_icon_width=&#8221;24px&#8221; content_max_width=&#8221;100%&#8221; image_icon_width_tablet=&#8221;22px&#8221; image_icon_width_phone=&#8221;16px&#8221; image_icon_width_last_edited=&#8221;on|phone&#8221; _builder_version=&#8221;4.16&#8243; header_font=&#8221;||||||||&#8221; header_font_size=&#8221;16px&#8221; header_line_height=&#8221;1.4em&#8221; body_font=&#8221;Muli||||||||&#8221; body_line_height=&#8221;1.8em&#8221; image_icon_custom_padding=&#8221;||||false|false&#8221; custom_margin=&#8221;||-1px|||&#8221; animation=&#8221;off&#8221; body_font_size_tablet=&#8221;&#8221; body_font_size_phone=&#8221;14px&#8221; body_font_size_last_edited=&#8221;on|phone&#8221; border_color_all_image=&#8221;rgba(0,0,0,0)&#8221; icon_font_size=&#8221;42px&#8221; icon_font_size_tablet=&#8221;22px&#8221; icon_font_size_phone=&#8221;16px&#8221; icon_font_size_last_edited=&#8221;on|phone&#8221; use_circle=&#8221;on&#8221; use_circle_border=&#8221;on&#8221; circle_border_color=&#8221;rgba(0,0,0,0)&#8221; circle_color=&#8221;#afe0c2&#8243; global_colors_info=&#8221;{}&#8221; image_icon_background_color__sticky_enabled=&#8221;#7EBEC5&#8243; image_icon_background_color__sticky=&#8221;#7EBEC5&#8243;][\/et_pb_blurb][et_pb_blurb title=&#8221;Reflex\u00f2loga podal formada en el sistema Anne Marquard (2001)&#8221; use_icon=&#8221;on&#8221; font_icon=&#8221;&#x39;||divi||400&#8243; icon_color=&#8221;#000000&#8243; image_icon_background_color=&#8221;rgba(255,255,255,0)&#8221; icon_placement=&#8221;left&#8221; image_icon_width=&#8221;24px&#8221; content_max_width=&#8221;100%&#8221; image_icon_width_tablet=&#8221;22px&#8221; image_icon_width_phone=&#8221;16px&#8221; image_icon_width_last_edited=&#8221;on|phone&#8221; _builder_version=&#8221;4.16&#8243; header_font=&#8221;||||||||&#8221; header_font_size=&#8221;16px&#8221; header_line_height=&#8221;1.4em&#8221; body_font=&#8221;Muli||||||||&#8221; body_line_height=&#8221;1.8em&#8221; image_icon_custom_padding=&#8221;||||false|false&#8221; custom_margin=&#8221;||-1px|||&#8221; animation=&#8221;off&#8221; body_font_size_tablet=&#8221;&#8221; body_font_size_phone=&#8221;14px&#8221; body_font_size_last_edited=&#8221;on|phone&#8221; border_color_all_image=&#8221;rgba(0,0,0,0)&#8221; icon_font_size=&#8221;42px&#8221; icon_font_size_tablet=&#8221;22px&#8221; icon_font_size_phone=&#8221;16px&#8221; icon_font_size_last_edited=&#8221;on|phone&#8221; use_circle=&#8221;on&#8221; use_circle_border=&#8221;on&#8221; circle_border_color=&#8221;rgba(0,0,0,0)&#8221; circle_color=&#8221;#afe0c2&#8243; global_colors_info=&#8221;{}&#8221; image_icon_background_color__sticky_enabled=&#8221;#7EBEC5&#8243; image_icon_background_color__sticky=&#8221;#7EBEC5&#8243;][\/et_pb_blurb][et_pb_blurb title=&#8221;Terapeuta de Flors de Bach (2001)&#8221; use_icon=&#8221;on&#8221; font_icon=&#8221;&#x39;||divi||400&#8243; icon_color=&#8221;#000000&#8243; image_icon_background_color=&#8221;rgba(255,255,255,0)&#8221; icon_placement=&#8221;left&#8221; image_icon_width=&#8221;24px&#8221; content_max_width=&#8221;100%&#8221; image_icon_width_tablet=&#8221;22px&#8221; image_icon_width_phone=&#8221;16px&#8221; image_icon_width_last_edited=&#8221;on|phone&#8221; _builder_version=&#8221;4.16&#8243; header_font=&#8221;||||||||&#8221; header_font_size=&#8221;16px&#8221; header_line_height=&#8221;1.4em&#8221; body_font=&#8221;Muli||||||||&#8221; body_line_height=&#8221;1.8em&#8221; image_icon_custom_padding=&#8221;||||false|false&#8221; custom_margin=&#8221;||-1px|||&#8221; animation=&#8221;off&#8221; body_font_size_tablet=&#8221;&#8221; body_font_size_phone=&#8221;14px&#8221; body_font_size_last_edited=&#8221;on|phone&#8221; border_color_all_image=&#8221;rgba(0,0,0,0)&#8221; icon_font_size=&#8221;42px&#8221; icon_font_size_tablet=&#8221;22px&#8221; icon_font_size_phone=&#8221;16px&#8221; icon_font_size_last_edited=&#8221;on|phone&#8221; use_circle=&#8221;on&#8221; use_circle_border=&#8221;on&#8221; circle_border_color=&#8221;rgba(0,0,0,0)&#8221; circle_color=&#8221;#afe0c2&#8243; global_colors_info=&#8221;{}&#8221; image_icon_background_color__sticky_enabled=&#8221;#7EBEC5&#8243; image_icon_background_color__sticky=&#8221;#7EBEC5&#8243;][\/et_pb_blurb][et_pb_blurb title=&#8221;Formada en Osteopatia Bioenerg\u00e8tica Cel\u00b7lular, per Montserrat Gasc\u00f3n (2002)&#8221; use_icon=&#8221;on&#8221; font_icon=&#8221;&#x39;||divi||400&#8243; icon_color=&#8221;#000000&#8243; image_icon_background_color=&#8221;rgba(255,255,255,0)&#8221; icon_placement=&#8221;left&#8221; image_icon_width=&#8221;24px&#8221; content_max_width=&#8221;100%&#8221; image_icon_width_tablet=&#8221;22px&#8221; image_icon_width_phone=&#8221;16px&#8221; image_icon_width_last_edited=&#8221;on|phone&#8221; _builder_version=&#8221;4.16&#8243; header_font=&#8221;||||||||&#8221; header_font_size=&#8221;16px&#8221; header_line_height=&#8221;1.4em&#8221; body_font=&#8221;Muli||||||||&#8221; body_line_height=&#8221;1.8em&#8221; image_icon_custom_padding=&#8221;||||false|false&#8221; custom_margin=&#8221;||-1px|||&#8221; animation=&#8221;off&#8221; body_font_size_tablet=&#8221;&#8221; body_font_size_phone=&#8221;14px&#8221; body_font_size_last_edited=&#8221;on|phone&#8221; border_color_all_image=&#8221;rgba(0,0,0,0)&#8221; icon_font_size=&#8221;42px&#8221; icon_font_size_tablet=&#8221;22px&#8221; icon_font_size_phone=&#8221;16px&#8221; icon_font_size_last_edited=&#8221;on|phone&#8221; use_circle=&#8221;on&#8221; use_circle_border=&#8221;on&#8221; circle_border_color=&#8221;rgba(0,0,0,0)&#8221; circle_color=&#8221;#afe0c2&#8243; global_colors_info=&#8221;{}&#8221; image_icon_background_color__sticky_enabled=&#8221;#7EBEC5&#8243; image_icon_background_color__sticky=&#8221;#7EBEC5&#8243;][\/et_pb_blurb][et_pb_blurb title=&#8221;Quiromassatgista diplomada pel Dr. Sagrera Ferr\u00e1ndiz (2002)&#8221; use_icon=&#8221;on&#8221; font_icon=&#8221;&#x39;||divi||400&#8243; icon_color=&#8221;#000000&#8243; image_icon_background_color=&#8221;rgba(255,255,255,0)&#8221; icon_placement=&#8221;left&#8221; image_icon_width=&#8221;24px&#8221; content_max_width=&#8221;100%&#8221; image_icon_width_tablet=&#8221;22px&#8221; image_icon_width_phone=&#8221;16px&#8221; image_icon_width_last_edited=&#8221;on|phone&#8221; _builder_version=&#8221;4.16&#8243; header_font=&#8221;||||||||&#8221; header_font_size=&#8221;16px&#8221; header_line_height=&#8221;1.4em&#8221; body_font=&#8221;Muli||||||||&#8221; body_line_height=&#8221;1.8em&#8221; image_icon_custom_padding=&#8221;||||false|false&#8221; custom_margin=&#8221;||-1px|||&#8221; animation=&#8221;off&#8221; body_font_size_tablet=&#8221;&#8221; body_font_size_phone=&#8221;14px&#8221; body_font_size_last_edited=&#8221;on|phone&#8221; border_color_all_image=&#8221;rgba(0,0,0,0)&#8221; icon_font_size=&#8221;42px&#8221; icon_font_size_tablet=&#8221;22px&#8221; icon_font_size_phone=&#8221;16px&#8221; icon_font_size_last_edited=&#8221;on|phone&#8221; use_circle=&#8221;on&#8221; use_circle_border=&#8221;on&#8221; circle_border_color=&#8221;rgba(0,0,0,0)&#8221; circle_color=&#8221;#afe0c2&#8243; global_colors_info=&#8221;{}&#8221; image_icon_background_color__sticky_enabled=&#8221;#7EBEC5&#8243; image_icon_background_color__sticky=&#8221;#7EBEC5&#8243;][\/et_pb_blurb][et_pb_blurb title=&#8221;Mestra de Reiki (2003)&#8221; use_icon=&#8221;on&#8221; font_icon=&#8221;&#x39;||divi||400&#8243; icon_color=&#8221;#000000&#8243; image_icon_background_color=&#8221;rgba(255,255,255,0)&#8221; icon_placement=&#8221;left&#8221; image_icon_width=&#8221;24px&#8221; content_max_width=&#8221;100%&#8221; image_icon_width_tablet=&#8221;22px&#8221; image_icon_width_phone=&#8221;16px&#8221; image_icon_width_last_edited=&#8221;on|phone&#8221; _builder_version=&#8221;4.16&#8243; header_font=&#8221;||||||||&#8221; header_font_size=&#8221;16px&#8221; header_line_height=&#8221;1.4em&#8221; body_font=&#8221;Muli||||||||&#8221; body_line_height=&#8221;1.8em&#8221; image_icon_custom_padding=&#8221;||||false|false&#8221; custom_margin=&#8221;||-1px|||&#8221; animation=&#8221;off&#8221; body_font_size_tablet=&#8221;&#8221; body_font_size_phone=&#8221;14px&#8221; body_font_size_last_edited=&#8221;on|phone&#8221; border_color_all_image=&#8221;rgba(0,0,0,0)&#8221; icon_font_size=&#8221;42px&#8221; icon_font_size_tablet=&#8221;22px&#8221; icon_font_size_phone=&#8221;16px&#8221; icon_font_size_last_edited=&#8221;on|phone&#8221; use_circle=&#8221;on&#8221; use_circle_border=&#8221;on&#8221; circle_border_color=&#8221;rgba(0,0,0,0)&#8221; circle_color=&#8221;#afe0c2&#8243; global_colors_info=&#8221;{}&#8221; image_icon_background_color__sticky_enabled=&#8221;#7EBEC5&#8243; image_icon_background_color__sticky=&#8221;#7EBEC5&#8243;][\/et_pb_blurb][et_pb_blurb title=&#8221;Formada en Drenatge limf\u00e0tic per ISMET&#8221; use_icon=&#8221;on&#8221; font_icon=&#8221;&#x39;||divi||400&#8243; icon_color=&#8221;#000000&#8243; image_icon_background_color=&#8221;rgba(255,255,255,0)&#8221; icon_placement=&#8221;left&#8221; image_icon_width=&#8221;24px&#8221; content_max_width=&#8221;100%&#8221; image_icon_width_tablet=&#8221;22px&#8221; image_icon_width_phone=&#8221;16px&#8221; image_icon_width_last_edited=&#8221;on|phone&#8221; _builder_version=&#8221;4.16&#8243; header_font=&#8221;||||||||&#8221; header_font_size=&#8221;16px&#8221; header_line_height=&#8221;1.4em&#8221; body_font=&#8221;Muli||||||||&#8221; body_line_height=&#8221;1.8em&#8221; image_icon_custom_padding=&#8221;||||false|false&#8221; custom_margin=&#8221;||-1px|||&#8221; animation=&#8221;off&#8221; body_font_size_tablet=&#8221;&#8221; body_font_size_phone=&#8221;14px&#8221; body_font_size_last_edited=&#8221;on|phone&#8221; border_color_all_image=&#8221;rgba(0,0,0,0)&#8221; icon_font_size=&#8221;42px&#8221; icon_font_size_tablet=&#8221;22px&#8221; icon_font_size_phone=&#8221;16px&#8221; icon_font_size_last_edited=&#8221;on|phone&#8221; use_circle=&#8221;on&#8221; use_circle_border=&#8221;on&#8221; circle_border_color=&#8221;rgba(0,0,0,0)&#8221; circle_color=&#8221;#afe0c2&#8243; global_colors_info=&#8221;{}&#8221; image_icon_background_color__sticky_enabled=&#8221;#7EBEC5&#8243; image_icon_background_color__sticky=&#8221;#7EBEC5&#8243;][\/et_pb_blurb][et_pb_divider show_divider=&#8221;off&#8221; _builder_version=&#8221;4.16&#8243; _module_preset=&#8221;default&#8221; global_colors_info=&#8221;{}&#8221;][\/et_pb_divider][et_pb_divider show_divider=&#8221;off&#8221; _builder_version=&#8221;4.16&#8243; _module_preset=&#8221;default&#8221; global_colors_info=&#8221;{}&#8221;][\/et_pb_divider][et_pb_text _builder_version=&#8221;4.16&#8243; text_font=&#8221;||||||||&#8221; text_text_color=&#8221;rgba(0,0,0,0.72)&#8221; text_line_height=&#8221;1.8em&#8221; header_2_font=&#8221;ZCOOL XiaoWei|600|||||||&#8221; header_2_font_size=&#8221;60px&#8221; header_2_line_height=&#8221;1.2em&#8221; text_font_size_tablet=&#8221;&#8221; text_font_size_phone=&#8221;14px&#8221; text_font_size_last_edited=&#8221;on|phone&#8221; header_2_font_size_tablet=&#8221;42px&#8221; header_2_font_size_phone=&#8221;24px&#8221; header_2_font_size_last_edited=&#8221;on|phone&#8221; header_2_line_height_tablet=&#8221;&#8221; header_2_line_height_phone=&#8221;1.4em&#8221; header_2_line_height_last_edited=&#8221;on|phone&#8221; locked=&#8221;off&#8221; global_colors_info=&#8221;{}&#8221;]I des de llavors i fins sempre, aprenent a viure la vida des de l&#8217;escolta profunda, podent aix\u00ed observar i respectar el ritme natural que t\u00e9 cadasc\u00fa, per entrar en el seu propi proc\u00e9s de deixar caure el vel i abra\u00e7ar el que S\u00f3c.<br \/>\nI, si o si, acompanyant amb amor, des de la coher\u00e8ncia i el comprom\u00eds de ser cada dia nosaltres mateix@s.<br \/>\nAmb la tranquil\u00b7litat de descobrir, recon\u00e8ixer, valorar i integrar els nostres dons.<br \/>\nM&#8217;acompanyes?[\/et_pb_text][\/et_pb_column][\/et_pb_row][et_pb_row _builder_version=&#8221;4.16&#8243; width=&#8221;100%&#8221; max_width=&#8221;none&#8221; max_width_tablet=&#8221;70%&#8221; max_width_phone=&#8221;100%&#8221; max_width_last_edited=&#8221;off|desktop&#8221; module_alignment=&#8221;left&#8221; custom_margin=&#8221;||0px||false|false&#8221; custom_margin_tablet=&#8221;5%||-20%||false|false&#8221; custom_margin_phone=&#8221;||0%||false|false&#8221; custom_margin_last_edited=&#8221;off|desktop&#8221; custom_padding=&#8221;||0px||false|false&#8221; locked=&#8221;off&#8221; global_colors_info=&#8221;{}&#8221;][et_pb_column type=&#8221;4_4&#8243; _builder_version=&#8221;4.16&#8243; global_colors_info=&#8221;{}&#8221;][\/et_pb_column][\/et_pb_row][\/et_pb_section]<\/p>\n","protected":false},"excerpt":{"rendered":"<p>Sobre MiQui s\u00f3c? Em presento.S\u00f3c Ariadna, la del \u201cfil invisible&#8221;, com indica la llegenda del meu nom, que no \u00e9s perqu\u00e8 s\u00ed que el vaig triar&#8230;S\u00f3c humana i em fan mal les ferides, i em perdo i em torno a trobar, com tots i totes.I escolto i sento el profund moviment de la vida i [&hellip;]<\/p>\n","protected":false},"author":1,"featured_media":0,"parent":0,"menu_order":0,"comment_status":"closed","ping_status":"closed","template":"","meta":{"_et_pb_use_builder":"on","_et_pb_old_content":"","_et_gb_content_width":"","footnotes":""},"class_list":["post-482","page","type-page","status-publish","hentry"],"yoast_head":"<!-- This site is optimized with the Yoast SEO plugin v27.5 - https:\/\/yoast.com\/product\/yoast-seo-wordpress\/ -->\n<title>Sobre Mi - Ariadna Bailo<\/title>\n<meta name=\"robots\" content=\"index, follow, max-snippet:-1, max-image-preview:large, max-video-preview:-1\" \/>\n<link rel=\"canonical\" href=\"http:\/\/ariadnabailo.com\/ca\/sobremi\" \/>\n<meta property=\"og:locale\" content=\"ca_ES\" \/>\n<meta property=\"og:type\" content=\"article\" \/>\n<meta property=\"og:title\" content=\"Sobre Mi - Ariadna Bailo\" \/>\n<meta property=\"og:description\" content=\"Sobre MiQui s\u00f3c? Em presento.S\u00f3c Ariadna, la del \u201cfil invisible&quot;, com indica la llegenda del meu nom, que no \u00e9s perqu\u00e8 s\u00ed que el vaig triar...S\u00f3c humana i em fan mal les ferides, i em perdo i em torno a trobar, com tots i totes.I escolto i sento el profund moviment de la vida i [&hellip;]\" \/>\n<meta property=\"og:url\" content=\"http:\/\/ariadnabailo.com\/ca\/sobremi\" \/>\n<meta property=\"og:site_name\" content=\"Ariadna Bailo\" \/>\n<meta property=\"article:modified_time\" content=\"2022-05-09T10:48:02+00:00\" \/>\n<meta name=\"twitter:card\" content=\"summary_large_image\" \/>\n<meta name=\"twitter:label1\" content=\"Temps estimat de lectura\" \/>\n\t<meta name=\"twitter:data1\" content=\"21 minuts\" \/>\n<script type=\"application\/ld+json\" class=\"yoast-schema-graph\">{\"@context\":\"https:\\\/\\\/schema.org\",\"@graph\":[{\"@type\":\"WebPage\",\"@id\":\"http:\\\/\\\/ariadnabailo.com\\\/ca\\\/sobremi\",\"url\":\"http:\\\/\\\/ariadnabailo.com\\\/ca\\\/sobremi\",\"name\":\"Sobre Mi - Ariadna Bailo\",\"isPartOf\":{\"@id\":\"https:\\\/\\\/ariadnabailo.com\\\/ca\\\/#website\"},\"datePublished\":\"2022-01-10T17:14:45+00:00\",\"dateModified\":\"2022-05-09T10:48:02+00:00\",\"breadcrumb\":{\"@id\":\"http:\\\/\\\/ariadnabailo.com\\\/ca\\\/sobremi#breadcrumb\"},\"inLanguage\":\"ca\",\"potentialAction\":[{\"@type\":\"ReadAction\",\"target\":[\"http:\\\/\\\/ariadnabailo.com\\\/ca\\\/sobremi\"]}]},{\"@type\":\"BreadcrumbList\",\"@id\":\"http:\\\/\\\/ariadnabailo.com\\\/ca\\\/sobremi#breadcrumb\",\"itemListElement\":[{\"@type\":\"ListItem\",\"position\":1,\"name\":\"Portada\",\"item\":\"https:\\\/\\\/ariadnabailo.com\\\/ca\"},{\"@type\":\"ListItem\",\"position\":2,\"name\":\"Sobre Mi\"}]},{\"@type\":\"WebSite\",\"@id\":\"https:\\\/\\\/ariadnabailo.com\\\/ca\\\/#website\",\"url\":\"https:\\\/\\\/ariadnabailo.com\\\/ca\\\/\",\"name\":\"Ariadna Bailo\",\"description\":\"\",\"potentialAction\":[{\"@type\":\"SearchAction\",\"target\":{\"@type\":\"EntryPoint\",\"urlTemplate\":\"https:\\\/\\\/ariadnabailo.com\\\/ca\\\/?s={search_term_string}\"},\"query-input\":{\"@type\":\"PropertyValueSpecification\",\"valueRequired\":true,\"valueName\":\"search_term_string\"}}],\"inLanguage\":\"ca\"}]}<\/script>\n<!-- \/ Yoast SEO plugin. -->","yoast_head_json":{"title":"Sobre Mi - Ariadna Bailo","robots":{"index":"index","follow":"follow","max-snippet":"max-snippet:-1","max-image-preview":"max-image-preview:large","max-video-preview":"max-video-preview:-1"},"canonical":"http:\/\/ariadnabailo.com\/ca\/sobremi","og_locale":"ca_ES","og_type":"article","og_title":"Sobre Mi - Ariadna Bailo","og_description":"Sobre MiQui s\u00f3c? Em presento.S\u00f3c Ariadna, la del \u201cfil invisible\", com indica la llegenda del meu nom, que no \u00e9s perqu\u00e8 s\u00ed que el vaig triar...S\u00f3c humana i em fan mal les ferides, i em perdo i em torno a trobar, com tots i totes.I escolto i sento el profund moviment de la vida i [&hellip;]","og_url":"http:\/\/ariadnabailo.com\/ca\/sobremi","og_site_name":"Ariadna Bailo","article_modified_time":"2022-05-09T10:48:02+00:00","twitter_card":"summary_large_image","twitter_misc":{"Temps estimat de lectura":"21 minuts"},"schema":{"@context":"https:\/\/schema.org","@graph":[{"@type":"WebPage","@id":"http:\/\/ariadnabailo.com\/ca\/sobremi","url":"http:\/\/ariadnabailo.com\/ca\/sobremi","name":"Sobre Mi - Ariadna Bailo","isPartOf":{"@id":"https:\/\/ariadnabailo.com\/ca\/#website"},"datePublished":"2022-01-10T17:14:45+00:00","dateModified":"2022-05-09T10:48:02+00:00","breadcrumb":{"@id":"http:\/\/ariadnabailo.com\/ca\/sobremi#breadcrumb"},"inLanguage":"ca","potentialAction":[{"@type":"ReadAction","target":["http:\/\/ariadnabailo.com\/ca\/sobremi"]}]},{"@type":"BreadcrumbList","@id":"http:\/\/ariadnabailo.com\/ca\/sobremi#breadcrumb","itemListElement":[{"@type":"ListItem","position":1,"name":"Portada","item":"https:\/\/ariadnabailo.com\/ca"},{"@type":"ListItem","position":2,"name":"Sobre Mi"}]},{"@type":"WebSite","@id":"https:\/\/ariadnabailo.com\/ca\/#website","url":"https:\/\/ariadnabailo.com\/ca\/","name":"Ariadna Bailo","description":"","potentialAction":[{"@type":"SearchAction","target":{"@type":"EntryPoint","urlTemplate":"https:\/\/ariadnabailo.com\/ca\/?s={search_term_string}"},"query-input":{"@type":"PropertyValueSpecification","valueRequired":true,"valueName":"search_term_string"}}],"inLanguage":"ca"}]}},"jetpack_sharing_enabled":true,"_links":{"self":[{"href":"http:\/\/ariadnabailo.com\/ca\/wp-json\/wp\/v2\/pages\/482","targetHints":{"allow":["GET"]}}],"collection":[{"href":"http:\/\/ariadnabailo.com\/ca\/wp-json\/wp\/v2\/pages"}],"about":[{"href":"http:\/\/ariadnabailo.com\/ca\/wp-json\/wp\/v2\/types\/page"}],"author":[{"embeddable":true,"href":"http:\/\/ariadnabailo.com\/ca\/wp-json\/wp\/v2\/users\/1"}],"replies":[{"embeddable":true,"href":"http:\/\/ariadnabailo.com\/ca\/wp-json\/wp\/v2\/comments?post=482"}],"version-history":[{"count":9,"href":"http:\/\/ariadnabailo.com\/ca\/wp-json\/wp\/v2\/pages\/482\/revisions"}],"predecessor-version":[{"id":828,"href":"http:\/\/ariadnabailo.com\/ca\/wp-json\/wp\/v2\/pages\/482\/revisions\/828"}],"wp:attachment":[{"href":"http:\/\/ariadnabailo.com\/ca\/wp-json\/wp\/v2\/media?parent=482"}],"curies":[{"name":"wp","href":"https:\/\/api.w.org\/{rel}","templated":true}]}}