{"id":475,"date":"2022-01-10T17:27:20","date_gmt":"2022-01-10T17:27:20","guid":{"rendered":"http:\/\/ariadnabailo.com\/terapia-y-canalizacion"},"modified":"2025-07-22T09:09:33","modified_gmt":"2025-07-22T09:09:33","slug":"terapia-i-canalizacio","status":"publish","type":"page","link":"http:\/\/ariadnabailo.com\/ca\/terapia-i-canalizacio","title":{"rendered":"Terapia i Canalitzaci\u00f3"},"content":{"rendered":"<p>[et_pb_section fb_built=&#8221;1&#8243; prev_background_color=&#8221;#ffffff&#8221; next_background_color=&#8221;#ffffff&#8221; admin_label=&#8221;Header&#8221; _builder_version=&#8221;4.16.0&#8243; use_background_color_gradient=&#8221;on&#8221; background_color_gradient_stops=&#8221;rgba(0,0,0,0.3) 0%|rgba(0,0,0,0.3) 100%&#8221; background_color_gradient_start=&#8221;rgba(0,0,0,0.3)&#8221; background_color_gradient_end=&#8221;rgba(0,0,0,0.3)&#8221; background_image=&#8221;https:\/\/ariadnabailo.com\/wp-content\/uploads\/2022\/04\/Ariadna-def-variaciones-1.jpg&#8221; parallax=&#8221;on&#8221; parallax_method=&#8221;off&#8221; custom_padding=&#8221;||16vw||false|false&#8221; top_divider_style=&#8221;arrow3&#8243; bottom_divider_style=&#8221;arrow3&#8243; background_last_edited=&#8221;on|phone&#8221; parallax_phone=&#8221;off&#8221; locked=&#8221;off&#8221; global_colors_info=&#8221;{}&#8221;][et_pb_row _builder_version=&#8221;4.16&#8243; global_colors_info=&#8221;{}&#8221;][et_pb_column type=&#8221;4_4&#8243; _builder_version=&#8221;4.16&#8243; global_colors_info=&#8221;{}&#8221;][et_pb_text _builder_version=&#8221;4.16.0&#8243; text_font=&#8221;Muli||||||||&#8221; text_font_size=&#8221;22px&#8221; text_line_height=&#8221;1.4em&#8221; header_font=&#8221;ZCOOL XiaoWei||||||||&#8221; header_text_align=&#8221;left&#8221; header_font_size=&#8221;80px&#8221; text_orientation=&#8221;center&#8221; background_layout=&#8221;dark&#8221; max_width=&#8221;1019px&#8221; module_alignment=&#8221;center&#8221; custom_margin=&#8221;130px|121px|30px||false|false&#8221; custom_margin_tablet=&#8221;90px||||false|false&#8221; custom_margin_phone=&#8221;60px||||false|false&#8221; custom_margin_last_edited=&#8221;on|phone&#8221; custom_padding=&#8221;||||false|false&#8221; filter_opacity=&#8221;90%&#8221; text_font_size_tablet=&#8221;18px&#8221; text_font_size_phone=&#8221;16px&#8221; text_font_size_last_edited=&#8221;on|tablet&#8221; text_line_height_tablet=&#8221;&#8221; text_line_height_phone=&#8221;1.8em&#8221; text_line_height_last_edited=&#8221;on|phone&#8221; header_font_size_tablet=&#8221;48px&#8221; header_font_size_phone=&#8221;45px&#8221; header_font_size_last_edited=&#8221;on|phone&#8221; locked=&#8221;off&#8221; global_colors_info=&#8221;{}&#8221;]<\/p>\n<h1 style=\"text-align: right;\">Terapia i<\/h1>\n<h1 style=\"text-align: right;\">Canalitzaci\u00f3<\/h1>\n<p>[\/et_pb_text][\/et_pb_column][\/et_pb_row][\/et_pb_section][et_pb_section fb_built=&#8221;1&#8243; admin_label=&#8221;About&#8221; _builder_version=&#8221;4.16&#8243; background_color=&#8221;#ffffff&#8221; width=&#8221;90%&#8221; custom_margin=&#8221;||||false|false&#8221; custom_padding=&#8221;||1px|10vw|false|false&#8221; global_colors_info=&#8221;{}&#8221;][et_pb_row _builder_version=&#8221;4.16.0&#8243; width=&#8221;81%&#8221; custom_padding=&#8221;0px|||||&#8221; global_colors_info=&#8221;{}&#8221;][et_pb_column type=&#8221;4_4&#8243; _builder_version=&#8221;4.16&#8243; global_colors_info=&#8221;{}&#8221;][et_pb_text _builder_version=&#8221;4.16&#8243; text_font=&#8221;||||||||&#8221; text_line_height=&#8221;1.6em&#8221; text_orientation=&#8221;justified&#8221; text_font_size_tablet=&#8221;&#8221; text_font_size_phone=&#8221;14px&#8221; text_font_size_last_edited=&#8221;on|phone&#8221; locked=&#8221;off&#8221; global_colors_info=&#8221;{}&#8221;]Si o si, despr\u00e9s de diversos anys de viure amb mi mateixa, acompanyant-me des de l&#8217;ego i des de l\u2019Ess\u00e8ncia i facilitant des d\u2019aqu\u00ed els processos dels clients, ja no em serveix fer servir un m\u00e8tode o una t\u00e8cnica per acompanyar-te, sin\u00f3 col\u00b7locar-me en un estat de presencia, des d\u2019on combino una fusi\u00f3 de disciplines psicoterap\u00e8utiques i espirituals.<\/p>\n<div>I des d\u2019on et tinc en compte de manera integral (cos, ment, emoci\u00f3 i esperit), per tal d&#8217;acompanyar processos d&#8217;obertura de la teva consci\u00e8ncia, empoderament i responsabilitat personal.<\/p>\n<p>El REIKI, l&#8217;OSTEOPATIA BIOENERG\u00c8TICA CEL\u00b7LULAR, LES FLORS DE BACH, la TER\u00c0PIA SACROCRANEAL i moltes d\u2019altres t\u00e8cniques manuals i psicoterap\u00e8utiques, han estat tamb\u00e9 una part important en la meva formaci\u00f3 i desenvolupament, acompanyant-me a recon\u00e8ixer i construir la fusi\u00f3 del coneixement terap\u00e8utic m\u00e9s profund amb la canalitzaci\u00f3 conscient.<\/p><\/div>\n<p>[\/et_pb_text][et_pb_divider show_divider=&#8221;off&#8221; _builder_version=&#8221;4.16&#8243; _module_preset=&#8221;default&#8221; global_colors_info=&#8221;{}&#8221;][\/et_pb_divider][et_pb_text _builder_version=&#8221;4.16.0&#8243; header_font_size=&#8221;28px&#8221; header_2_font=&#8221;|600|||||||&#8221; header_2_font_size=&#8221;21px&#8221; header_2_line_height=&#8221;0.9em&#8221; custom_margin=&#8221;||-7px|||&#8221; custom_margin_tablet=&#8221;||||false|false&#8221; custom_margin_last_edited=&#8221;off|tablet&#8221; custom_padding=&#8221;||22px|||&#8221; custom_padding_tablet=&#8221;||||false|false&#8221; custom_padding_last_edited=&#8221;off|tablet&#8221; header_2_font_size_tablet=&#8221;42px&#8221; header_2_font_size_phone=&#8221;24px&#8221; header_2_font_size_last_edited=&#8221;on|phone&#8221; header_2_line_height_tablet=&#8221;&#8221; header_2_line_height_phone=&#8221;1.4em&#8221; header_2_line_height_last_edited=&#8221;on|phone&#8221; locked=&#8221;off&#8221; global_colors_info=&#8221;{}&#8221;]<\/p>\n<h2>QUAN LA PSICOTERAPIA I LA CANALITZACI\u00d3 ES FUSIONEN<\/h2>\n<p>[\/et_pb_text][et_pb_text _builder_version=&#8221;4.16.0&#8243; text_font=&#8221;||||||||&#8221; text_line_height=&#8221;1.6em&#8221; header_2_font=&#8221;ZCOOL XiaoWei||||||||&#8221; text_orientation=&#8221;justified&#8221; text_font_size_tablet=&#8221;&#8221; text_font_size_phone=&#8221;14px&#8221; text_font_size_last_edited=&#8221;on|phone&#8221; locked=&#8221;off&#8221; global_colors_info=&#8221;{}&#8221;]<\/p>\n<h2>LA CANALITZACI\u00d3<\/h2>\n<p>La CANALITZACI\u00d3 s&#8217;acostuma a relacionar habitualment amb l&#8217;esoterisme i l&#8217;endevinaci\u00f3, on el consultant sol dipositar el seu poder en algo superior, esperant rebre missatges del m\u00e9s enll\u00e0 que li solucionin la vida.<\/p>\n<p>Des de la meva experi\u00e8ncia, abra\u00e7o la canalitzaci\u00f3 com un saber estar.<\/p>\n<p>Com la meva naturalesa intr\u00ednseca, des d\u2019on viure i des d\u2019on et veig.<br \/>I poder sentir el que soc i el que ets.<br \/>Un present que tot ho acull i nodreix per facilitar el desenvolupament de l&#8217;\u00c9sser. Una forma d&#8217;acompanyament responsable, on em conecto amb la teva \u00e0nima i et convido a recon\u00e8ixer la teva veu m\u00e9s essencial, perque prenguis les teves decisions m\u00e9s sanes i et comprometis amb la creaci\u00f3 del teu propi dest\u00ed.<br \/>Per ser tu el portador\/a de la teva exist\u00e8ncia.<br \/>Perqu\u00e8 potenci\u00efs la teva escolta profunda. Perqu\u00e8, des d&#8217;aqu\u00ed, validis el que ets i reconeguis la teva naturalesa m\u00e9s profunda i els teus dons ancestrals i et moguis des d\u2019aqui.<br \/>I, per fi, no em necessitis.<\/p>\n<p>Perqu\u00e8 et tens a tu, en pres\u00e8ncia i en profund respecte i amor.<br \/>Des de la llibertat de Ser qui ets.<\/p>\n<p>[\/et_pb_text][\/et_pb_column][\/et_pb_row][\/et_pb_section][et_pb_section fb_built=&#8221;1&#8243; admin_label=&#8221;About&#8221; _builder_version=&#8221;4.16&#8243; background_color=&#8221;#ffffff&#8221; width=&#8221;90%&#8221; custom_margin=&#8221;||||false|false&#8221; custom_padding=&#8221;1px|||10vw|false|false&#8221; global_colors_info=&#8221;{}&#8221;][et_pb_row _builder_version=&#8221;4.16.0&#8243; width=&#8221;81%&#8221; custom_padding=&#8221;0px|||||&#8221; global_colors_info=&#8221;{}&#8221;][et_pb_column type=&#8221;4_4&#8243; _builder_version=&#8221;4.16&#8243; global_colors_info=&#8221;{}&#8221;][et_pb_text _builder_version=&#8221;4.16.0&#8243; text_font=&#8221;||||||||&#8221; text_line_height=&#8221;1.6em&#8221; header_2_font=&#8221;ZCOOL XiaoWei||||||||&#8221; text_orientation=&#8221;justified&#8221; text_font_size_tablet=&#8221;&#8221; text_font_size_phone=&#8221;14px&#8221; text_font_size_last_edited=&#8221;on|phone&#8221; locked=&#8221;off&#8221; global_colors_info=&#8221;{}&#8221;]<\/p>\n<h2>LA TERAPIA GESTALT<\/h2>\n<p>La TER\u00c0PIA GESTALT m&#8217;ajuda a poder-te centrar en l&#8217;aqu\u00ed i l&#8217;ara, al present on tot passa i des d&#8217;on realment vius.<br \/>\u00c9s molt profunda i espiritual, saps?<br \/>Et permet col\u00b7locar-te com a observador\/a de la teva vida i traspassar les dificultats que tens en el teu dia a dia, integrant les polaritats i adonant-te de com et relaciones, tant amb tu mateix com amb els altres.<\/p>\n<p>Quan et veus i et relaciones des d\u2019aqu\u00ed, no et queda cap dubte i si que tens una certesa profunda de voler viure des del que ets.<br \/>Sense perdre&#8217;t als altres.<br \/>Sense haver d&#8217;anar sol o incompr\u00e8s o impotent.<\/p>\n<p>Per qu\u00e8 patir innecess\u00e0riament?<\/p>\n<p>Per fi, pots descansar en tu i desenvolupar el teu potencial.<br \/>Per ser feli\u00e7 i viure en llibertat i total responsabilitat.<\/p>\n<p>[\/et_pb_text][et_pb_text _builder_version=&#8221;4.16.0&#8243; text_font=&#8221;||||||||&#8221; text_line_height=&#8221;1.6em&#8221; header_2_font=&#8221;ZCOOL XiaoWei||||||||&#8221; text_orientation=&#8221;justified&#8221; text_font_size_tablet=&#8221;&#8221; text_font_size_phone=&#8221;14px&#8221; text_font_size_last_edited=&#8221;on|phone&#8221; locked=&#8221;off&#8221; global_colors_info=&#8221;{}&#8221;]<\/p>\n<h2>L\u2019ENEAGRAMA<\/h2>\n<p>L&#8217;ENEAGRAMA em serveix per presentar-te un mapa relacionat amb la formaci\u00f3 i l&#8217;estructura del teu car\u00e0cter.<br \/>Em permet observar els h\u00e0bits i patrons autom\u00e0tics que has generat de manera inconscient, per sobreviure en aquesta Matrix tan desnaturalitzada, tant a nivell mental com emocional, que t&#8217;han portat a repetir situacions de vida en qu\u00e8 et quedes atrapat.<\/p>\n<p>El fet de veure-ho clar et permet transformar-lo i agafar el rumb de la teva pr\u00f2pia exist\u00e8ncia, aix\u00ed com comprendre tamb\u00e9 el gran teatre del m\u00f3n.<br \/>I deixar anar el que ja no ets, per donar espai a la teva veritable exist\u00e8ncia.<\/p>\n<p>[\/et_pb_text][et_pb_text _builder_version=&#8221;4.16.0&#8243; text_font=&#8221;||||||||&#8221; text_line_height=&#8221;1.6em&#8221; header_2_font=&#8221;ZCOOL XiaoWei||||||||&#8221; text_orientation=&#8221;justified&#8221; text_font_size_tablet=&#8221;&#8221; text_font_size_phone=&#8221;14px&#8221; text_font_size_last_edited=&#8221;on|phone&#8221; locked=&#8221;off&#8221; global_colors_info=&#8221;{}&#8221;]<\/p>\n<h2>LA TER\u00c0PIA CORPORAL INTEGRATIVA<\/h2>\n<p>La TER\u00c0PIA CORPORAL INTEGRATIVA em serveix per dibuixar un mapa dels bloquejos manifestats a trav\u00e9s del cos. Tamb\u00e9 \u00e9s \u00fatil com a eina d&#8217;observaci\u00f3, per desmontar els conflictes que el cos somatitza (ja sigui a nivell mental, emocional o visceralment), facilitant el contacte amb la vida i amb el teu moviment natural.<br \/>Connexi\u00f3 pura amb el teu \u00e9sser essencial. Vida en moviment.<br \/>I sortir de l&#8217;estancament de l&#8217;ego que et porta a viure a m\u00ednims i sense confian\u00e7a.<\/p>\n<p>Anima&#8217;t a viure la teva plena experi\u00e8ncia. Perqu\u00e8 s\u00ed.<br \/>Perqu\u00e8 tu ho vals, sense que t&#8217;hagin de validar des de fora.<br \/>Perqu\u00e8 ja \u00e9s el moment de viure la teva pr\u00f2pia exist\u00e8ncia, sense excuses.<\/p>\n<p>Ocupant el teu espai i cuidant la teva salut a tots nivells.<\/p>\n<p>[\/et_pb_text][\/et_pb_column][\/et_pb_row][\/et_pb_section][et_pb_section fb_built=&#8221;1&#8243; admin_label=&#8221;Mission&#8221; module_id=&#8221;curriculum&#8221; _builder_version=&#8221;4.16&#8243; background_color=&#8221;rgba(121,83,162,0.35)&#8221; width=&#8221;100%&#8221; module_alignment=&#8221;center&#8221; custom_margin=&#8221;||10vw||false|false&#8221; custom_padding=&#8221;||0px||false|false&#8221; locked=&#8221;off&#8221; global_colors_info=&#8221;{}&#8221;][et_pb_row _builder_version=&#8221;4.16&#8243; max_width=&#8221;800px&#8221; global_colors_info=&#8221;{}&#8221;][et_pb_column type=&#8221;4_4&#8243; _builder_version=&#8221;4.16&#8243; global_colors_info=&#8221;{}&#8221;][et_pb_text _builder_version=&#8221;4.16.0&#8243; text_font=&#8221;||||||||&#8221; text_text_color=&#8221;rgba(0,0,0,0.72)&#8221; text_line_height=&#8221;1.8em&#8221; header_2_font=&#8221;ZCOOL XiaoWei|600|||||||&#8221; header_2_font_size=&#8221;60px&#8221; header_2_line_height=&#8221;1.2em&#8221; text_font_size_tablet=&#8221;&#8221; text_font_size_phone=&#8221;14px&#8221; text_font_size_last_edited=&#8221;on|phone&#8221; header_2_font_size_tablet=&#8221;42px&#8221; header_2_font_size_phone=&#8221;24px&#8221; header_2_font_size_last_edited=&#8221;on|phone&#8221; header_2_line_height_tablet=&#8221;&#8221; header_2_line_height_phone=&#8221;1.4em&#8221; header_2_line_height_last_edited=&#8221;on|phone&#8221; locked=&#8221;off&#8221; global_colors_info=&#8221;{}&#8221;]<\/p>\n<h2>Testimonies<\/h2>\n<p>&nbsp;<\/p>\n<p>[\/et_pb_text][\/et_pb_column][\/et_pb_row][et_pb_row column_structure=&#8221;1_2,1_2&#8243; _builder_version=&#8221;4.16&#8243; max_width=&#8221;800px&#8221; custom_padding=&#8221;5px|||||&#8221; global_colors_info=&#8221;{}&#8221;][et_pb_column type=&#8221;1_2&#8243; _builder_version=&#8221;4.16&#8243; global_colors_info=&#8221;{}&#8221;][et_pb_testimonial author=&#8221;ESTHER G. MEG\u00cdAS &#8221; job_title=&#8221;(Artista)&#8221; quote_icon=&#8221;off&#8221; _builder_version=&#8221;4.16&#8243; _module_preset=&#8221;default&#8221; background_color=&#8221;rgba(245,245,245,0.85)&#8221; global_colors_info=&#8221;{}&#8221;]<\/p>\n<div>\n<div>\n<p><em><span lang=\"ES\">Impactant, profunda, intensa\u2026 destapa, aclareix i obre portes\u2026 quina capacitat per situar les coses al seu lloc!\u00a0<\/span><\/em><span lang=\"ES\"><o:p><\/o:p><\/span><\/p>\n<\/div>\n<\/div>\n<p>[\/et_pb_testimonial][et_pb_testimonial author=&#8221;Helena Izquierdo&#8221; company_name=&#8221;Educadora Infantil&#8221; quote_icon=&#8221;off&#8221; _builder_version=&#8221;4.27.4&#8243; _module_preset=&#8221;default&#8221; hover_enabled=&#8221;0&#8243; locked=&#8221;off&#8221; global_colors_info=&#8221;{}&#8221; disabled_on=&#8221;on|on|on&#8221; disabled=&#8221;on&#8221; sticky_enabled=&#8221;0&#8243;]<\/p>\n<div><em>Despr\u00e9s d\u2019una sessi\u00f3 amb l\u2019Ariadna em sento amb un estat de connexi\u00f3 i de veritat interna.<\/em><\/div>\n<div><em>El seu Acompanyament m\u2019aporta llum i claredat.<\/em><\/div>\n<div><em>Cada sessi\u00f3 amb ella \u00e9s un viatge!!<\/em><\/div>\n<p>[\/et_pb_testimonial][\/et_pb_column][et_pb_column type=&#8221;1_2&#8243; _builder_version=&#8221;4.16&#8243; global_colors_info=&#8221;{}&#8221;][et_pb_testimonial author=&#8221;Leire  Santos Sanz&#8221; company_name=&#8221; Psicopedagoga y Terapeuta Psico-corporal&#8221; quote_icon=&#8221;off&#8221; _builder_version=&#8221;4.16.0&#8243; _module_preset=&#8221;default&#8221; locked=&#8221;off&#8221; global_colors_info=&#8221;{}&#8221;]<\/p>\n<div><em>\u201cSe me quedan cortas las palabras al hablar de Ariadna y su gran profesionalidad, destaco el estado general en el que me encuentro siempre que me acompa\u00f1a, siento mayor calma y paz interna, ampl\u00edo mi visi\u00f3n, comprensi\u00f3n y compasi\u00f3n. Manejo mi vida desde otro lugar mucho m\u00e1s amoroso para m\u00ed y para quienes me rodean.\u00a0<\/em><\/div>\n<div><em>Inmensa gratitud Ariadna<\/em><\/div>\n<p>[\/et_pb_testimonial][\/et_pb_column][\/et_pb_row][et_pb_row _builder_version=&#8221;4.16&#8243; width=&#8221;100%&#8221; max_width=&#8221;none&#8221; max_width_tablet=&#8221;70%&#8221; max_width_phone=&#8221;100%&#8221; max_width_last_edited=&#8221;off|desktop&#8221; module_alignment=&#8221;left&#8221; custom_margin=&#8221;||0px||false|false&#8221; custom_margin_tablet=&#8221;5%||-20%||false|false&#8221; custom_margin_phone=&#8221;||0%||false|false&#8221; custom_margin_last_edited=&#8221;off|desktop&#8221; custom_padding=&#8221;||0px||false|false&#8221; locked=&#8221;off&#8221; global_colors_info=&#8221;{}&#8221;][et_pb_column type=&#8221;4_4&#8243; _builder_version=&#8221;4.16&#8243; global_colors_info=&#8221;{}&#8221;][\/et_pb_column][\/et_pb_row][\/et_pb_section]<\/p>\n","protected":false},"excerpt":{"rendered":"<p>Terapia i Canalitzaci\u00f3Si o si, despr\u00e9s de diversos anys de viure amb mi mateixa, acompanyant-me des de l&#8217;ego i des de l\u2019Ess\u00e8ncia i facilitant des d\u2019aqu\u00ed els processos dels clients, ja no em serveix fer servir un m\u00e8tode o una t\u00e8cnica per acompanyar-te, sin\u00f3 col\u00b7locar-me en un estat de presencia, des d\u2019on combino una fusi\u00f3 [&hellip;]<\/p>\n","protected":false},"author":1,"featured_media":0,"parent":0,"menu_order":0,"comment_status":"closed","ping_status":"closed","template":"","meta":{"_et_pb_use_builder":"on","_et_pb_old_content":"","_et_gb_content_width":"","footnotes":""},"class_list":["post-475","page","type-page","status-publish","hentry"],"yoast_head":"<!-- This site is optimized with the Yoast SEO plugin v27.5 - https:\/\/yoast.com\/product\/yoast-seo-wordpress\/ -->\n<title>Terapia i Canalitzaci\u00f3 - Ariadna Bailo<\/title>\n<meta name=\"robots\" content=\"index, follow, max-snippet:-1, max-image-preview:large, max-video-preview:-1\" \/>\n<link rel=\"canonical\" href=\"http:\/\/ariadnabailo.com\/ca\/terapia-i-canalizacio\" \/>\n<meta property=\"og:locale\" content=\"ca_ES\" \/>\n<meta property=\"og:type\" content=\"article\" \/>\n<meta property=\"og:title\" content=\"Terapia i Canalitzaci\u00f3 - Ariadna Bailo\" \/>\n<meta property=\"og:description\" content=\"Terapia i Canalitzaci\u00f3Si o si, despr\u00e9s de diversos anys de viure amb mi mateixa, acompanyant-me des de l&#039;ego i des de l\u2019Ess\u00e8ncia i facilitant des d\u2019aqu\u00ed els processos dels clients, ja no em serveix fer servir un m\u00e8tode o una t\u00e8cnica per acompanyar-te, sin\u00f3 col\u00b7locar-me en un estat de presencia, des d\u2019on combino una fusi\u00f3 [&hellip;]\" \/>\n<meta property=\"og:url\" content=\"http:\/\/ariadnabailo.com\/ca\/terapia-i-canalizacio\" \/>\n<meta property=\"og:site_name\" content=\"Ariadna Bailo\" \/>\n<meta property=\"article:modified_time\" content=\"2025-07-22T09:09:33+00:00\" \/>\n<meta name=\"twitter:card\" content=\"summary_large_image\" \/>\n<meta name=\"twitter:label1\" content=\"Temps estimat de lectura\" \/>\n\t<meta name=\"twitter:data1\" content=\"9 minuts\" \/>\n<script type=\"application\/ld+json\" class=\"yoast-schema-graph\">{\"@context\":\"https:\\\/\\\/schema.org\",\"@graph\":[{\"@type\":\"WebPage\",\"@id\":\"http:\\\/\\\/ariadnabailo.com\\\/ca\\\/terapia-i-canalizacio\",\"url\":\"http:\\\/\\\/ariadnabailo.com\\\/ca\\\/terapia-i-canalizacio\",\"name\":\"Terapia i Canalitzaci\u00f3 - Ariadna Bailo\",\"isPartOf\":{\"@id\":\"https:\\\/\\\/ariadnabailo.com\\\/ca\\\/#website\"},\"datePublished\":\"2022-01-10T17:27:20+00:00\",\"dateModified\":\"2025-07-22T09:09:33+00:00\",\"breadcrumb\":{\"@id\":\"http:\\\/\\\/ariadnabailo.com\\\/ca\\\/terapia-i-canalizacio#breadcrumb\"},\"inLanguage\":\"ca\",\"potentialAction\":[{\"@type\":\"ReadAction\",\"target\":[\"http:\\\/\\\/ariadnabailo.com\\\/ca\\\/terapia-i-canalizacio\"]}]},{\"@type\":\"BreadcrumbList\",\"@id\":\"http:\\\/\\\/ariadnabailo.com\\\/ca\\\/terapia-i-canalizacio#breadcrumb\",\"itemListElement\":[{\"@type\":\"ListItem\",\"position\":1,\"name\":\"Portada\",\"item\":\"https:\\\/\\\/ariadnabailo.com\\\/ca\"},{\"@type\":\"ListItem\",\"position\":2,\"name\":\"Terapia i Canalitzaci\u00f3\"}]},{\"@type\":\"WebSite\",\"@id\":\"https:\\\/\\\/ariadnabailo.com\\\/ca\\\/#website\",\"url\":\"https:\\\/\\\/ariadnabailo.com\\\/ca\\\/\",\"name\":\"Ariadna Bailo\",\"description\":\"\",\"potentialAction\":[{\"@type\":\"SearchAction\",\"target\":{\"@type\":\"EntryPoint\",\"urlTemplate\":\"https:\\\/\\\/ariadnabailo.com\\\/ca\\\/?s={search_term_string}\"},\"query-input\":{\"@type\":\"PropertyValueSpecification\",\"valueRequired\":true,\"valueName\":\"search_term_string\"}}],\"inLanguage\":\"ca\"}]}<\/script>\n<!-- \/ Yoast SEO plugin. -->","yoast_head_json":{"title":"Terapia i Canalitzaci\u00f3 - Ariadna Bailo","robots":{"index":"index","follow":"follow","max-snippet":"max-snippet:-1","max-image-preview":"max-image-preview:large","max-video-preview":"max-video-preview:-1"},"canonical":"http:\/\/ariadnabailo.com\/ca\/terapia-i-canalizacio","og_locale":"ca_ES","og_type":"article","og_title":"Terapia i Canalitzaci\u00f3 - Ariadna Bailo","og_description":"Terapia i Canalitzaci\u00f3Si o si, despr\u00e9s de diversos anys de viure amb mi mateixa, acompanyant-me des de l'ego i des de l\u2019Ess\u00e8ncia i facilitant des d\u2019aqu\u00ed els processos dels clients, ja no em serveix fer servir un m\u00e8tode o una t\u00e8cnica per acompanyar-te, sin\u00f3 col\u00b7locar-me en un estat de presencia, des d\u2019on combino una fusi\u00f3 [&hellip;]","og_url":"http:\/\/ariadnabailo.com\/ca\/terapia-i-canalizacio","og_site_name":"Ariadna Bailo","article_modified_time":"2025-07-22T09:09:33+00:00","twitter_card":"summary_large_image","twitter_misc":{"Temps estimat de lectura":"9 minuts"},"schema":{"@context":"https:\/\/schema.org","@graph":[{"@type":"WebPage","@id":"http:\/\/ariadnabailo.com\/ca\/terapia-i-canalizacio","url":"http:\/\/ariadnabailo.com\/ca\/terapia-i-canalizacio","name":"Terapia i Canalitzaci\u00f3 - Ariadna Bailo","isPartOf":{"@id":"https:\/\/ariadnabailo.com\/ca\/#website"},"datePublished":"2022-01-10T17:27:20+00:00","dateModified":"2025-07-22T09:09:33+00:00","breadcrumb":{"@id":"http:\/\/ariadnabailo.com\/ca\/terapia-i-canalizacio#breadcrumb"},"inLanguage":"ca","potentialAction":[{"@type":"ReadAction","target":["http:\/\/ariadnabailo.com\/ca\/terapia-i-canalizacio"]}]},{"@type":"BreadcrumbList","@id":"http:\/\/ariadnabailo.com\/ca\/terapia-i-canalizacio#breadcrumb","itemListElement":[{"@type":"ListItem","position":1,"name":"Portada","item":"https:\/\/ariadnabailo.com\/ca"},{"@type":"ListItem","position":2,"name":"Terapia i Canalitzaci\u00f3"}]},{"@type":"WebSite","@id":"https:\/\/ariadnabailo.com\/ca\/#website","url":"https:\/\/ariadnabailo.com\/ca\/","name":"Ariadna Bailo","description":"","potentialAction":[{"@type":"SearchAction","target":{"@type":"EntryPoint","urlTemplate":"https:\/\/ariadnabailo.com\/ca\/?s={search_term_string}"},"query-input":{"@type":"PropertyValueSpecification","valueRequired":true,"valueName":"search_term_string"}}],"inLanguage":"ca"}]}},"jetpack_sharing_enabled":true,"_links":{"self":[{"href":"http:\/\/ariadnabailo.com\/ca\/wp-json\/wp\/v2\/pages\/475","targetHints":{"allow":["GET"]}}],"collection":[{"href":"http:\/\/ariadnabailo.com\/ca\/wp-json\/wp\/v2\/pages"}],"about":[{"href":"http:\/\/ariadnabailo.com\/ca\/wp-json\/wp\/v2\/types\/page"}],"author":[{"embeddable":true,"href":"http:\/\/ariadnabailo.com\/ca\/wp-json\/wp\/v2\/users\/1"}],"replies":[{"embeddable":true,"href":"http:\/\/ariadnabailo.com\/ca\/wp-json\/wp\/v2\/comments?post=475"}],"version-history":[{"count":18,"href":"http:\/\/ariadnabailo.com\/ca\/wp-json\/wp\/v2\/pages\/475\/revisions"}],"predecessor-version":[{"id":1397,"href":"http:\/\/ariadnabailo.com\/ca\/wp-json\/wp\/v2\/pages\/475\/revisions\/1397"}],"wp:attachment":[{"href":"http:\/\/ariadnabailo.com\/ca\/wp-json\/wp\/v2\/media?parent=475"}],"curies":[{"name":"wp","href":"https:\/\/api.w.org\/{rel}","templated":true}]}}