{"id":456,"date":"2022-03-24T12:02:42","date_gmt":"2022-03-24T12:02:42","guid":{"rendered":"http:\/\/ariadnabailo.com\/entidades-y-empresas"},"modified":"2022-05-09T13:05:46","modified_gmt":"2022-05-09T13:05:46","slug":"entitats-y-empreses","status":"publish","type":"page","link":"http:\/\/ariadnabailo.com\/ca\/entitats-y-empreses","title":{"rendered":"Entitats i Empreses"},"content":{"rendered":"<p>[et_pb_section fb_built=&#8221;1&#8243; prev_background_color=&#8221;#ffffff&#8221; next_background_color=&#8221;#ffffff&#8221; admin_label=&#8221;EMPRESAS&#8221; module_id=&#8221;empresas&#8221; _builder_version=&#8221;4.16&#8243; use_background_color_gradient=&#8221;on&#8221; background_color_gradient_stops=&#8221;rgba(0,0,0,0.3) 0%|rgba(0,0,0,0.3) 100%&#8221; background_color_gradient_overlays_image=&#8221;on&#8221; background_color_gradient_start=&#8221;rgba(0,0,0,0.3)&#8221; background_color_gradient_end=&#8221;rgba(0,0,0,0.3)&#8221; background_image=&#8221;http:\/\/ariadnabailo.com\/wp-content\/uploads\/2022\/01\/IMG_4303.jpg&#8221; custom_padding=&#8221;||16vw||false|false&#8221; top_divider_style=&#8221;slant2&#8243; top_divider_flip=&#8221;horizontal|vertical&#8221; bottom_divider_style=&#8221;slant2&#8243; bottom_divider_flip=&#8221;vertical&#8221; background_last_edited=&#8221;on|desktop&#8221; collapsed=&#8221;on&#8221; global_colors_info=&#8221;{}&#8221;][et_pb_row _builder_version=&#8221;4.16&#8243; global_colors_info=&#8221;{}&#8221;][et_pb_column type=&#8221;4_4&#8243; _builder_version=&#8221;4.16&#8243; global_colors_info=&#8221;{}&#8221;][et_pb_text _builder_version=&#8221;4.16.0&#8243; text_font=&#8221;Muli||||||||&#8221; text_font_size=&#8221;22px&#8221; text_line_height=&#8221;1.4em&#8221; header_font=&#8221;ZCOOL XiaoWei||||||||&#8221; header_text_align=&#8221;center&#8221; header_font_size=&#8221;80px&#8221; text_orientation=&#8221;center&#8221; background_layout=&#8221;dark&#8221; max_width=&#8221;700px&#8221; module_alignment=&#8221;center&#8221; custom_margin=&#8221;90px||||false|false&#8221; custom_padding=&#8221;||||false|false&#8221; hover_enabled=&#8221;0&#8243; text_font_size_tablet=&#8221;18px&#8221; text_font_size_phone=&#8221;16px&#8221; text_font_size_last_edited=&#8221;on|tablet&#8221; text_line_height_tablet=&#8221;&#8221; text_line_height_phone=&#8221;1.8em&#8221; text_line_height_last_edited=&#8221;on|phone&#8221; header_font_size_tablet=&#8221;48px&#8221; header_font_size_phone=&#8221;30px&#8221; header_font_size_last_edited=&#8221;on|phone&#8221; global_colors_info=&#8221;{}&#8221; sticky_enabled=&#8221;0&#8243;]<\/p>\n<h1 style=\"text-align: center;\">Assesorament a entitats i empreses<\/h1>\n<p>[\/et_pb_text][\/et_pb_column][\/et_pb_row][\/et_pb_section][et_pb_section fb_built=&#8221;1&#8243; admin_label=&#8221;About&#8221; _builder_version=&#8221;4.16&#8243; background_enable_image=&#8221;off&#8221; background_size=&#8221;initial&#8221; background_position=&#8221;bottom_center&#8221; locked=&#8221;off&#8221; collapsed=&#8221;on&#8221; global_colors_info=&#8221;{}&#8221;][et_pb_row make_equal=&#8221;on&#8221; _builder_version=&#8221;4.16&#8243; custom_margin=&#8221;||||false|false&#8221; global_colors_info=&#8221;{}&#8221;][et_pb_column type=&#8221;4_4&#8243; _builder_version=&#8221;4.16&#8243; background_enable_color=&#8221;off&#8221; background_color_gradient_start=&#8221;rgba(249,243,235,0.8)&#8221; background_color_gradient_end=&#8221;rgba(249,243,235,0.8)&#8221; background_enable_image=&#8221;off&#8221; background_size=&#8221;initial&#8221; background_position=&#8221;top_left&#8221; background_repeat=&#8221;repeat&#8221; custom_padding=&#8221;50px|30px|50px|30px|true|true&#8221; animation_style=&#8221;flip&#8221; animation_direction=&#8221;top&#8221; animation_duration=&#8221;500ms&#8221; animation_delay=&#8221;250ms&#8221; animation_intensity_flip=&#8221;15%&#8221; global_colors_info=&#8221;{}&#8221;][et_pb_text _builder_version=&#8221;4.16&#8243; text_font=&#8221;||||||||&#8221; text_line_height=&#8221;1.6em&#8221; text_orientation=&#8221;justified&#8221; text_font_size_tablet=&#8221;&#8221; text_font_size_phone=&#8221;14px&#8221; text_font_size_last_edited=&#8221;on|phone&#8221; global_colors_info=&#8221;{}&#8221; header_2_font=&#8221;ZCOOL XiaoWei||||||||&#8221;]<\/p>\n<p><span>Una especialitat en el meu acompanyament va destinada a assessorar entitats i empreses, aportant des de la canalitzaci\u00f3 una lectura essencial des d\u2019on desvetllo la forma en qu\u00e8 cada projecte, creaci\u00f3 o empresa ha estat generat. <\/span><\/p>\n<p><span>Aix\u00f2 ens permet recon\u00e8ixer les bases sobre les quals s&#8217;assenta l&#8217;empresa o l&#8217;entitat, per poder reconduir-la de manera pr\u00f2spera i en coher\u00e8ncia amb all\u00f2 m\u00e9s essencial de cada membre. <\/span><\/p>\n<p><span>Des d&#8217;aqu\u00ed, puc descobrir all\u00f2 que impedeix que un projecte avanci de forma sana, aix\u00ed com tamb\u00e9 treure a la llum els dons que permeten que cadasc\u00fa pugui aportar el millor de si mateix per a la dinamitzaci\u00f3 del projecte. <\/span><\/p>\n<p><span>Ho faig des d&#8217;un proc\u00e9s on el consultant (o cada membre del projecte) pren consci\u00e8ncia i es responsabilitza del que aporta i genera, ja sigui des de l&#8217;ego com tamb\u00e9 des de la part m\u00e9s essencial, activant aix\u00ed noves possibilitats d\u2019avan\u00e7 per a la empresa o l\u2019entitat.<\/span><\/p>\n<p>[\/et_pb_text][et_pb_button button_url=&#8221;mailto:hola@ariadnabailo.com&#8221; button_text=&#8221;SOL\u00b7LICITA UNA SESSI\u00d3&#8221; button_alignment=&#8221;center&#8221; button_alignment_tablet=&#8221;center&#8221; button_alignment_phone=&#8221;center&#8221; button_alignment_last_edited=&#8221;on|tablet&#8221; _builder_version=&#8221;4.16&#8243; custom_button=&#8221;on&#8221; button_text_size=&#8221;22px&#8221; button_bg_color=&#8221;#7953a2&#8243; button_border_width=&#8221;0px&#8221; button_border_radius=&#8221;50px&#8221; button_font=&#8221;Josefin Sans|600|||||||&#8221; background_layout=&#8221;dark&#8221; custom_margin_tablet=&#8221;0px||||false|false&#8221; custom_margin_last_edited=&#8221;off|desktop&#8221; custom_padding=&#8221;15px|40px|15px|40px|true|true&#8221; button_text_size_tablet=&#8221;18px&#8221; button_text_size_phone=&#8221;14px&#8221; button_text_size_last_edited=&#8221;on|phone&#8221; locked=&#8221;off&#8221; global_colors_info=&#8221;{}&#8221;][\/et_pb_button][\/et_pb_column][\/et_pb_row][\/et_pb_section][et_pb_section fb_built=&#8221;1&#8243; admin_label=&#8221;Mission&#8221; module_id=&#8221;curriculum&#8221; _builder_version=&#8221;4.16&#8243; background_color=&#8221;rgba(121,83,162,0.35)&#8221; width=&#8221;100%&#8221; module_alignment=&#8221;center&#8221; custom_margin=&#8221;||10vw||false|false&#8221; custom_padding=&#8221;||0px||false|false&#8221; locked=&#8221;off&#8221; global_colors_info=&#8221;{}&#8221;][et_pb_row _builder_version=&#8221;4.16&#8243; max_width=&#8221;800px&#8221; global_colors_info=&#8221;{}&#8221;][et_pb_column type=&#8221;4_4&#8243; _builder_version=&#8221;4.16&#8243; global_colors_info=&#8221;{}&#8221;][et_pb_text _builder_version=&#8221;4.16.0&#8243; text_font=&#8221;||||||||&#8221; text_text_color=&#8221;rgba(0,0,0,0.72)&#8221; text_line_height=&#8221;1.8em&#8221; header_2_font=&#8221;ZCOOL XiaoWei|600|||||||&#8221; header_2_font_size=&#8221;60px&#8221; header_2_line_height=&#8221;1.2em&#8221; text_font_size_tablet=&#8221;&#8221; text_font_size_phone=&#8221;14px&#8221; text_font_size_last_edited=&#8221;on|phone&#8221; header_2_font_size_tablet=&#8221;42px&#8221; header_2_font_size_phone=&#8221;24px&#8221; header_2_font_size_last_edited=&#8221;on|phone&#8221; header_2_line_height_tablet=&#8221;&#8221; header_2_line_height_phone=&#8221;1.4em&#8221; header_2_line_height_last_edited=&#8221;on|phone&#8221; locked=&#8221;off&#8221; global_colors_info=&#8221;{}&#8221;]<\/p>\n<h2>Testimonies<\/h2>\n<p>&nbsp;<\/p>\n<p>[\/et_pb_text][\/et_pb_column][\/et_pb_row][et_pb_row column_structure=&#8221;1_2,1_2&#8243; _builder_version=&#8221;4.16&#8243; max_width=&#8221;800px&#8221; custom_padding=&#8221;5px|||||&#8221; global_colors_info=&#8221;{}&#8221;][et_pb_column type=&#8221;1_2&#8243; _builder_version=&#8221;4.16&#8243; global_colors_info=&#8221;{}&#8221;][\/et_pb_column][et_pb_column type=&#8221;1_2&#8243; _builder_version=&#8221;4.16&#8243; global_colors_info=&#8221;{}&#8221;][et_pb_testimonial author=&#8221;Las Salonni\u00e8res &#8221; job_title=&#8221;(Grupo de arte contempor\u00e1neo)&#8221; company_name=&#8221; www.lessalonnieres.net&#8221; quote_icon=&#8221;off&#8221; _builder_version=&#8221;4.16&#8243; _module_preset=&#8221;default&#8221; global_colors_info=&#8221;{}&#8221;]<\/p>\n<p><em>Nos dej\u00f3 muy impactadas. San\u00f3 la relaci\u00f3n interna de Las Salonni\u00e8res. Fue incre\u00edble la capacidad de \u201cver\u201d el momento, la individualidad, el conjunto. Tambi\u00e9n fue clave la capacidad de situar las cosas en su lugar y aportar puntos de vista para seguir de forma consciente con los procesos en los que cada una estamos. Podr\u00edamos\u00a0 decir que su gu\u00eda lleva a una clarividencia y conciencia del ser muy profundas.\u00a0Es una mujer clave en nuestra historia.<\/em><\/p>\n<p>[\/et_pb_testimonial][\/et_pb_column][\/et_pb_row][et_pb_row _builder_version=&#8221;4.16&#8243; width=&#8221;100%&#8221; max_width=&#8221;none&#8221; max_width_tablet=&#8221;70%&#8221; max_width_phone=&#8221;100%&#8221; max_width_last_edited=&#8221;off|desktop&#8221; module_alignment=&#8221;left&#8221; custom_margin=&#8221;||0px||false|false&#8221; custom_margin_tablet=&#8221;5%||-20%||false|false&#8221; custom_margin_phone=&#8221;||0%||false|false&#8221; custom_margin_last_edited=&#8221;off|desktop&#8221; custom_padding=&#8221;||0px||false|false&#8221; locked=&#8221;off&#8221; global_colors_info=&#8221;{}&#8221;][et_pb_column type=&#8221;4_4&#8243; _builder_version=&#8221;4.16&#8243; global_colors_info=&#8221;{}&#8221;][\/et_pb_column][\/et_pb_row][\/et_pb_section][et_pb_section fb_built=&#8221;1&#8243; admin_label=&#8221;Footer&#8221; _builder_version=&#8221;4.16&#8243; background_color=&#8221;#ffffff&#8221; use_background_color_gradient=&#8221;on&#8221; background_color_gradient_stops=&#8221;rgba(255,255,255,0.8) 0%|rgba(255,255,255,0.8) 100%&#8221; background_color_gradient_overlays_image=&#8221;on&#8221; background_color_gradient_start=&#8221;rgba(255,255,255,0.8)&#8221; background_color_gradient_end=&#8221;rgba(255,255,255,0.8)&#8221; background_image=&#8221;http:\/\/s895374517.mialojamiento.es\/wp-content\/uploads\/2021\/12\/Logo_Iam_Llavor.png&#8221; background_position=&#8221;top_left&#8221; background_repeat=&#8221;repeat&#8221; overflow-x=&#8221;hidden&#8221; overflow-y=&#8221;hidden&#8221; locked=&#8221;off&#8221; collapsed=&#8221;on&#8221; global_colors_info=&#8221;{}&#8221;][et_pb_row _builder_version=&#8221;4.16&#8243; width=&#8221;60%&#8221; global_colors_info=&#8221;{}&#8221;][et_pb_column type=&#8221;4_4&#8243; _builder_version=&#8221;4.16&#8243; global_colors_info=&#8221;{}&#8221;][et_pb_text _builder_version=&#8221;4.16&#8243; header_2_font=&#8221;ZCOOL XiaoWei||||||||&#8221; header_2_text_color=&#8221;#7953a2&#8243; header_2_font_size=&#8221;80px&#8221; text_orientation=&#8221;center&#8221; max_width=&#8221;550px&#8221; max_width_tablet=&#8221;350px&#8221; max_width_phone=&#8221;220px&#8221; max_width_last_edited=&#8221;on|desktop&#8221; module_alignment=&#8221;center&#8221; header_2_font_size_tablet=&#8221;48px&#8221; header_2_font_size_phone=&#8221;30px&#8221; header_2_font_size_last_edited=&#8221;on|phone&#8221; border_color_left=&#8221;#a9804a&#8221; global_colors_info=&#8221;{}&#8221;]<\/p>\n<h2>Contacto<\/h2>\n<p>[\/et_pb_text][\/et_pb_column][\/et_pb_row][et_pb_row column_structure=&#8221;1_3,1_3,1_3&#8243; use_custom_gutter=&#8221;on&#8221; gutter_width=&#8221;2&#8243; make_equal=&#8221;on&#8221; _builder_version=&#8221;4.16&#8243; width=&#8221;54%&#8221; global_colors_info=&#8221;{}&#8221;][et_pb_column type=&#8221;1_3&#8243; _builder_version=&#8221;4.16&#8243; global_colors_info=&#8221;{}&#8221;][et_pb_icon font_icon=&#8221;&#xf199;||fa||900&#8243; icon_color=&#8221;#6f86c3&#8243; icon_width=&#8221;60px&#8221; _builder_version=&#8221;4.16&#8243; _module_preset=&#8221;default&#8221; global_colors_info=&#8221;{}&#8221;][\/et_pb_icon][et_pb_text _builder_version=&#8221;4.16&#8243; text_font=&#8221;Muli||||||||&#8221; text_line_height=&#8221;1.8em&#8221; header_3_font=&#8221;Josefin Sans||||||||&#8221; header_3_line_height=&#8221;1.4em&#8221; text_orientation=&#8221;center&#8221; text_font_size_tablet=&#8221;&#8221; text_font_size_phone=&#8221;14px&#8221; text_font_size_last_edited=&#8221;on|phone&#8221; header_3_font_size_tablet=&#8221;20px&#8221; header_3_font_size_phone=&#8221;18px&#8221; header_3_font_size_last_edited=&#8221;on|tablet&#8221; header_3_line_height_tablet=&#8221;&#8221; header_3_line_height_phone=&#8221;1.8em&#8221; header_3_line_height_last_edited=&#8221;on|phone&#8221; locked=&#8221;off&#8221; global_colors_info=&#8221;{}&#8221;]<\/p>\n<h3>ari_adn@yahoo.es<\/h3>\n<p>[\/et_pb_text][\/et_pb_column][et_pb_column type=&#8221;1_3&#8243; _builder_version=&#8221;4.16&#8243; global_colors_info=&#8221;{}&#8221;][et_pb_icon font_icon=&#8221;&#xf2c6;||fa||400&#8243; icon_color=&#8221;#6f86c3&#8243; icon_width=&#8221;60px&#8221; _builder_version=&#8221;4.16&#8243; _module_preset=&#8221;default&#8221; global_colors_info=&#8221;{}&#8221;][\/et_pb_icon][et_pb_text _builder_version=&#8221;4.16&#8243; text_font=&#8221;Muli||||||||&#8221; text_line_height=&#8221;1.8em&#8221; header_3_font=&#8221;Josefin Sans||||||||&#8221; header_3_line_height=&#8221;1.4em&#8221; text_orientation=&#8221;center&#8221; text_font_size_tablet=&#8221;&#8221; text_font_size_phone=&#8221;14px&#8221; text_font_size_last_edited=&#8221;on|phone&#8221; header_3_font_size_tablet=&#8221;20px&#8221; header_3_font_size_phone=&#8221;18px&#8221; header_3_font_size_last_edited=&#8221;on|tablet&#8221; header_3_line_height_tablet=&#8221;&#8221; header_3_line_height_phone=&#8221;1.8em&#8221; header_3_line_height_last_edited=&#8221;on|phone&#8221; locked=&#8221;off&#8221; global_colors_info=&#8221;{}&#8221;]<\/p>\n<h3>ariadnabailo<\/h3>\n<p>[\/et_pb_text][\/et_pb_column][et_pb_column type=&#8221;1_3&#8243; _builder_version=&#8221;4.16&#8243; global_colors_info=&#8221;{}&#8221;][et_pb_icon font_icon=&#8221;&#xe0a3;||divi||400&#8243; icon_color=&#8221;#6f86c3&#8243; icon_width=&#8221;60px&#8221; _builder_version=&#8221;4.16&#8243; _module_preset=&#8221;default&#8221; global_colors_info=&#8221;{}&#8221;][\/et_pb_icon][et_pb_text _builder_version=&#8221;4.16&#8243; text_font=&#8221;Muli||||||||&#8221; text_line_height=&#8221;1.8em&#8221; header_3_font=&#8221;Josefin Sans||||||||&#8221; header_3_line_height=&#8221;1.4em&#8221; text_orientation=&#8221;center&#8221; text_font_size_tablet=&#8221;&#8221; text_font_size_phone=&#8221;14px&#8221; text_font_size_last_edited=&#8221;on|phone&#8221; header_3_font_size_tablet=&#8221;20px&#8221; header_3_font_size_phone=&#8221;18px&#8221; header_3_font_size_last_edited=&#8221;on|tablet&#8221; header_3_line_height_tablet=&#8221;&#8221; header_3_line_height_phone=&#8221;1.8em&#8221; header_3_line_height_last_edited=&#8221;on|phone&#8221; locked=&#8221;off&#8221; global_colors_info=&#8221;{}&#8221;]<\/p>\n<h3>ariadnabailo<\/h3>\n<p>[\/et_pb_text][\/et_pb_column][\/et_pb_row][\/et_pb_section]<\/p>\n","protected":false},"excerpt":{"rendered":"<p>Assesorament a entitats i empresesUna especialitat en el meu acompanyament va destinada a assessorar entitats i empreses, aportant des de la canalitzaci\u00f3 una lectura essencial des d\u2019on desvetllo la forma en qu\u00e8 cada projecte, creaci\u00f3 o empresa ha estat generat. Aix\u00f2 ens permet recon\u00e8ixer les bases sobre les quals s&#8217;assenta l&#8217;empresa o l&#8217;entitat, per poder [&hellip;]<\/p>\n","protected":false},"author":1,"featured_media":0,"parent":0,"menu_order":0,"comment_status":"closed","ping_status":"closed","template":"","meta":{"_et_pb_use_builder":"on","_et_pb_old_content":"","_et_gb_content_width":"","footnotes":""},"class_list":["post-456","page","type-page","status-publish","hentry"],"yoast_head":"<!-- This site is optimized with the Yoast SEO plugin v27.5 - https:\/\/yoast.com\/product\/yoast-seo-wordpress\/ -->\n<title>Entitats i Empreses - Ariadna Bailo<\/title>\n<meta name=\"robots\" content=\"index, follow, max-snippet:-1, max-image-preview:large, max-video-preview:-1\" \/>\n<link rel=\"canonical\" href=\"http:\/\/ariadnabailo.com\/ca\/entitats-y-empreses\" \/>\n<meta property=\"og:locale\" content=\"ca_ES\" \/>\n<meta property=\"og:type\" content=\"article\" \/>\n<meta property=\"og:title\" content=\"Entitats i Empreses - Ariadna Bailo\" \/>\n<meta property=\"og:description\" content=\"Assesorament a entitats i empresesUna especialitat en el meu acompanyament va destinada a assessorar entitats i empreses, aportant des de la canalitzaci\u00f3 una lectura essencial des d\u2019on desvetllo la forma en qu\u00e8 cada projecte, creaci\u00f3 o empresa ha estat generat. Aix\u00f2 ens permet recon\u00e8ixer les bases sobre les quals s&#039;assenta l&#039;empresa o l&#039;entitat, per poder [&hellip;]\" \/>\n<meta property=\"og:url\" content=\"http:\/\/ariadnabailo.com\/ca\/entitats-y-empreses\" \/>\n<meta property=\"og:site_name\" content=\"Ariadna Bailo\" \/>\n<meta property=\"article:modified_time\" content=\"2022-05-09T13:05:46+00:00\" \/>\n<meta name=\"twitter:card\" content=\"summary_large_image\" \/>\n<meta name=\"twitter:label1\" content=\"Temps estimat de lectura\" \/>\n\t<meta name=\"twitter:data1\" content=\"8 minuts\" \/>\n<script type=\"application\/ld+json\" class=\"yoast-schema-graph\">{\"@context\":\"https:\\\/\\\/schema.org\",\"@graph\":[{\"@type\":\"WebPage\",\"@id\":\"http:\\\/\\\/ariadnabailo.com\\\/ca\\\/entitats-y-empreses\",\"url\":\"http:\\\/\\\/ariadnabailo.com\\\/ca\\\/entitats-y-empreses\",\"name\":\"Entitats i Empreses - Ariadna Bailo\",\"isPartOf\":{\"@id\":\"https:\\\/\\\/ariadnabailo.com\\\/ca\\\/#website\"},\"datePublished\":\"2022-03-24T12:02:42+00:00\",\"dateModified\":\"2022-05-09T13:05:46+00:00\",\"breadcrumb\":{\"@id\":\"http:\\\/\\\/ariadnabailo.com\\\/ca\\\/entitats-y-empreses#breadcrumb\"},\"inLanguage\":\"ca\",\"potentialAction\":[{\"@type\":\"ReadAction\",\"target\":[\"http:\\\/\\\/ariadnabailo.com\\\/ca\\\/entitats-y-empreses\"]}]},{\"@type\":\"BreadcrumbList\",\"@id\":\"http:\\\/\\\/ariadnabailo.com\\\/ca\\\/entitats-y-empreses#breadcrumb\",\"itemListElement\":[{\"@type\":\"ListItem\",\"position\":1,\"name\":\"Portada\",\"item\":\"https:\\\/\\\/ariadnabailo.com\\\/ca\"},{\"@type\":\"ListItem\",\"position\":2,\"name\":\"Entitats i Empreses\"}]},{\"@type\":\"WebSite\",\"@id\":\"https:\\\/\\\/ariadnabailo.com\\\/ca\\\/#website\",\"url\":\"https:\\\/\\\/ariadnabailo.com\\\/ca\\\/\",\"name\":\"Ariadna Bailo\",\"description\":\"\",\"potentialAction\":[{\"@type\":\"SearchAction\",\"target\":{\"@type\":\"EntryPoint\",\"urlTemplate\":\"https:\\\/\\\/ariadnabailo.com\\\/ca\\\/?s={search_term_string}\"},\"query-input\":{\"@type\":\"PropertyValueSpecification\",\"valueRequired\":true,\"valueName\":\"search_term_string\"}}],\"inLanguage\":\"ca\"}]}<\/script>\n<!-- \/ Yoast SEO plugin. -->","yoast_head_json":{"title":"Entitats i Empreses - Ariadna Bailo","robots":{"index":"index","follow":"follow","max-snippet":"max-snippet:-1","max-image-preview":"max-image-preview:large","max-video-preview":"max-video-preview:-1"},"canonical":"http:\/\/ariadnabailo.com\/ca\/entitats-y-empreses","og_locale":"ca_ES","og_type":"article","og_title":"Entitats i Empreses - Ariadna Bailo","og_description":"Assesorament a entitats i empresesUna especialitat en el meu acompanyament va destinada a assessorar entitats i empreses, aportant des de la canalitzaci\u00f3 una lectura essencial des d\u2019on desvetllo la forma en qu\u00e8 cada projecte, creaci\u00f3 o empresa ha estat generat. Aix\u00f2 ens permet recon\u00e8ixer les bases sobre les quals s'assenta l'empresa o l'entitat, per poder [&hellip;]","og_url":"http:\/\/ariadnabailo.com\/ca\/entitats-y-empreses","og_site_name":"Ariadna Bailo","article_modified_time":"2022-05-09T13:05:46+00:00","twitter_card":"summary_large_image","twitter_misc":{"Temps estimat de lectura":"8 minuts"},"schema":{"@context":"https:\/\/schema.org","@graph":[{"@type":"WebPage","@id":"http:\/\/ariadnabailo.com\/ca\/entitats-y-empreses","url":"http:\/\/ariadnabailo.com\/ca\/entitats-y-empreses","name":"Entitats i Empreses - Ariadna Bailo","isPartOf":{"@id":"https:\/\/ariadnabailo.com\/ca\/#website"},"datePublished":"2022-03-24T12:02:42+00:00","dateModified":"2022-05-09T13:05:46+00:00","breadcrumb":{"@id":"http:\/\/ariadnabailo.com\/ca\/entitats-y-empreses#breadcrumb"},"inLanguage":"ca","potentialAction":[{"@type":"ReadAction","target":["http:\/\/ariadnabailo.com\/ca\/entitats-y-empreses"]}]},{"@type":"BreadcrumbList","@id":"http:\/\/ariadnabailo.com\/ca\/entitats-y-empreses#breadcrumb","itemListElement":[{"@type":"ListItem","position":1,"name":"Portada","item":"https:\/\/ariadnabailo.com\/ca"},{"@type":"ListItem","position":2,"name":"Entitats i Empreses"}]},{"@type":"WebSite","@id":"https:\/\/ariadnabailo.com\/ca\/#website","url":"https:\/\/ariadnabailo.com\/ca\/","name":"Ariadna Bailo","description":"","potentialAction":[{"@type":"SearchAction","target":{"@type":"EntryPoint","urlTemplate":"https:\/\/ariadnabailo.com\/ca\/?s={search_term_string}"},"query-input":{"@type":"PropertyValueSpecification","valueRequired":true,"valueName":"search_term_string"}}],"inLanguage":"ca"}]}},"jetpack_sharing_enabled":true,"_links":{"self":[{"href":"http:\/\/ariadnabailo.com\/ca\/wp-json\/wp\/v2\/pages\/456","targetHints":{"allow":["GET"]}}],"collection":[{"href":"http:\/\/ariadnabailo.com\/ca\/wp-json\/wp\/v2\/pages"}],"about":[{"href":"http:\/\/ariadnabailo.com\/ca\/wp-json\/wp\/v2\/types\/page"}],"author":[{"embeddable":true,"href":"http:\/\/ariadnabailo.com\/ca\/wp-json\/wp\/v2\/users\/1"}],"replies":[{"embeddable":true,"href":"http:\/\/ariadnabailo.com\/ca\/wp-json\/wp\/v2\/comments?post=456"}],"version-history":[{"count":5,"href":"http:\/\/ariadnabailo.com\/ca\/wp-json\/wp\/v2\/pages\/456\/revisions"}],"predecessor-version":[{"id":871,"href":"http:\/\/ariadnabailo.com\/ca\/wp-json\/wp\/v2\/pages\/456\/revisions\/871"}],"wp:attachment":[{"href":"http:\/\/ariadnabailo.com\/ca\/wp-json\/wp\/v2\/media?parent=456"}],"curies":[{"name":"wp","href":"https:\/\/api.w.org\/{rel}","templated":true}]}}