{"id":377,"date":"2022-03-24T11:25:17","date_gmt":"2022-03-24T11:25:17","guid":{"rendered":"http:\/\/ariadnabailo.com\/individual"},"modified":"2022-05-09T16:18:29","modified_gmt":"2022-05-09T16:18:29","slug":"individual","status":"publish","type":"page","link":"http:\/\/ariadnabailo.com\/ca\/individual","title":{"rendered":"Individual"},"content":{"rendered":"<p>[et_pb_section fb_built=&#8221;1&#8243; prev_background_color=&#8221;#ffffff&#8221; next_background_color=&#8221;#ffffff&#8221; admin_label=&#8221;IDIVIDUAL&#8221; module_id=&#8221;individual&#8221; _builder_version=&#8221;4.16&#8243; use_background_color_gradient=&#8221;on&#8221; background_color_gradient_stops=&#8221;rgba(0,0,0,0.3) 0%|rgba(0,0,0,0.3) 100%&#8221; background_color_gradient_start=&#8221;rgba(0,0,0,0.3)&#8221; background_color_gradient_end=&#8221;rgba(0,0,0,0.3)&#8221; background_image=&#8221;http:\/\/s895374517.mialojamiento.es\/wp-content\/uploads\/2022\/01\/Ariadna-grupo-extras-2.jpg&#8221; parallax=&#8221;on&#8221; parallax_method=&#8221;off&#8221; custom_padding=&#8221;||16vw||false|false&#8221; top_divider_style=&#8221;slant2&#8243; bottom_divider_style=&#8221;slant2&#8243; collapsed=&#8221;on&#8221; global_colors_info=&#8221;{}&#8221;][et_pb_row _builder_version=&#8221;4.16&#8243; global_colors_info=&#8221;{}&#8221;][et_pb_column type=&#8221;4_4&#8243; _builder_version=&#8221;4.16&#8243; global_colors_info=&#8221;{}&#8221;][et_pb_text _builder_version=&#8221;4.16&#8243; text_font=&#8221;Muli||||||||&#8221; text_font_size=&#8221;22px&#8221; text_line_height=&#8221;1.4em&#8221; header_font=&#8221;ZCOOL XiaoWei||||||||&#8221; header_text_align=&#8221;left&#8221; header_font_size=&#8221;80px&#8221; text_orientation=&#8221;center&#8221; background_layout=&#8221;dark&#8221; max_width=&#8221;700px&#8221; module_alignment=&#8221;center&#8221; custom_margin=&#8221;90px||||false|false&#8221; custom_padding=&#8221;||||false|false&#8221; filter_opacity=&#8221;90%&#8221; text_font_size_tablet=&#8221;18px&#8221; text_font_size_phone=&#8221;16px&#8221; text_font_size_last_edited=&#8221;on|tablet&#8221; text_line_height_tablet=&#8221;&#8221; text_line_height_phone=&#8221;1.8em&#8221; text_line_height_last_edited=&#8221;on|phone&#8221; header_font_size_tablet=&#8221;48px&#8221; header_font_size_phone=&#8221;30px&#8221; header_font_size_last_edited=&#8221;on|phone&#8221; global_colors_info=&#8221;{}&#8221;]<\/p>\n<h1 style=\"text-align: left;\">Consulta Individual<\/h1>\n<p>[\/et_pb_text][\/et_pb_column][\/et_pb_row][\/et_pb_section][et_pb_section fb_built=&#8221;1&#8243; admin_label=&#8221;About&#8221; _builder_version=&#8221;4.16&#8243; background_image=&#8221;http:\/\/s895374517.mialojamiento.es\/wp-content\/uploads\/2021\/12\/holistic-healer-47.jpg&#8221; background_size=&#8221;initial&#8221; background_position=&#8221;bottom_center&#8221; locked=&#8221;off&#8221; collapsed=&#8221;on&#8221; global_colors_info=&#8221;{}&#8221;][et_pb_row make_equal=&#8221;on&#8221; _builder_version=&#8221;4.16&#8243; custom_margin=&#8221;||||false|false&#8221; global_colors_info=&#8221;{}&#8221;][et_pb_column type=&#8221;4_4&#8243; _builder_version=&#8221;4.16&#8243; background_enable_color=&#8221;off&#8221; background_color_gradient_start=&#8221;rgba(249,243,235,0.8)&#8221; background_color_gradient_end=&#8221;rgba(249,243,235,0.8)&#8221; background_enable_image=&#8221;off&#8221; background_size=&#8221;initial&#8221; background_position=&#8221;top_left&#8221; background_repeat=&#8221;repeat&#8221; custom_padding=&#8221;50px|30px|50px|30px|true|true&#8221; animation_style=&#8221;flip&#8221; animation_direction=&#8221;top&#8221; animation_duration=&#8221;500ms&#8221; animation_delay=&#8221;250ms&#8221; animation_intensity_flip=&#8221;15%&#8221; global_colors_info=&#8221;{}&#8221;][et_pb_text _builder_version=&#8221;4.16&#8243; text_font=&#8221;||||||||&#8221; text_line_height=&#8221;1.3em&#8221; text_orientation=&#8221;justified&#8221; text_font_size_tablet=&#8221;&#8221; text_font_size_phone=&#8221;14px&#8221; text_font_size_last_edited=&#8221;on|phone&#8221; global_colors_info=&#8221;{}&#8221;]<\/p>\n<p><span>Quan acordem una consulta individual, en primer lloc et pregunto perqu\u00e8 vols la consulta i que t&#8217;ha mogut a venir.<\/span><br \/><span>T&#8217;explico quina \u00e9s la meva manera d&#8217;acompanyar-te, perqu\u00e8 la majoria de gent que ve, ho fa des de la confian\u00e7a plena i moltes vegades sense saber exactament qu\u00e8 faig, al haver estat recomanat per alg\u00fa proper que es client meu o que coneix la meva manera d\u2019acompanyar.<\/span><\/p>\n<p><span>Aleshores, et demano que et centris en un tema o en el que sentis que t&#8217;ha portat aqu\u00ed i vulguis enfocar o resoldre.<\/span><\/p>\n<p><span>Respirem junts i ens connectem amb la nostra Ess\u00e8ncia, des d&#8217;un espai-temps present, des d&#8217;on puc rebre informaci\u00f3 clara i precisa per ajudar-te a veure m\u00e9s profundament les teves inquietuds o les situacions inconcluses, observant quin \u00e9s el nucli de la insatisfacci\u00f3 vital, dels problemes no resolts, siguin quotidians, de parella, de fam\u00edlia, d\u2019\u00e0mbit econ\u00f2mic o laboral\u2026<\/span><\/p>\n<p><span>Aix\u00ed, vaig facilitant que et col\u00b7loquis i t&#8217;obris a la resoluci\u00f3 del tema o temes, a trav\u00e9s d&#8217;un moviment profund psicoterap\u00e8utic amb l&#8217;ego i d\u2019una presencia canalitzada i una escolta interna a 4 nivells, cosa que ens permet recon\u00e8ixer el que realment passa, a trav\u00e9s de la saviesa m\u00e9s essencial de nosaltres mateix@s, aquesta que ens indica el cam\u00ed per evolucionar amb amor i respecte.<\/span><\/p>\n<p><span>Aix\u00f2 que \u00e9s en tu.<\/span><br \/><span>En mi.<\/span><br \/><span>En el Tot.<\/span><\/p>\n<p><span>I si sabem escoltar i escoltar-nos des d&#8217;aqu\u00ed, \u00e9s m\u00e9s f\u00e0cil veure i veure&#8217;t i fer-te responsable de viure la teva vida, la teva imatge i semblan\u00e7a.<\/span><\/p>\n<p><span>Amb l&#8217;objectiu de ser cada cop m\u00e9s tu mateix@.<\/span><br \/><span>Sense depend\u00e8ncies.<\/span><br \/><span>Amb m\u00e9s autocura i m\u00e9s capacitat d&#8217;estimar i estimar-te.<\/span><\/p>\n<p><span>Quan vulguis, aqu\u00ed estic.<\/span><br \/><span>T&#8217;hi acompanyo.<\/span><br \/><span>Amb el desig de que ben aviat no em necessitis.<\/span><br \/><span>Perqu\u00e8 et tens a tu.<\/span><br \/><span>Perqu\u00e8 ets tu el\/la que saps guiar-te.<\/span><br \/><span>ReCORdes?<\/span><\/p>\n<p><span>Endavant!<\/span><\/p>\n<p>[\/et_pb_text][et_pb_button button_url=&#8221;mailto:hola@ariadnabailo.com&#8221; button_text=&#8221;SOL\u00b7LICITA UNA SESSI\u00d3&#8221; button_alignment=&#8221;center&#8221; button_alignment_tablet=&#8221;center&#8221; button_alignment_phone=&#8221;center&#8221; button_alignment_last_edited=&#8221;on|tablet&#8221; _builder_version=&#8221;4.16.0&#8243; custom_button=&#8221;on&#8221; button_text_size=&#8221;22px&#8221; button_bg_color=&#8221;#7953a2&#8243; button_border_width=&#8221;0px&#8221; button_border_radius=&#8221;50px&#8221; button_font=&#8221;Josefin Sans|600|||||||&#8221; background_layout=&#8221;dark&#8221; custom_margin_tablet=&#8221;0px||||false|false&#8221; custom_margin_last_edited=&#8221;off|desktop&#8221; custom_padding=&#8221;15px|40px|15px|40px|true|true&#8221; button_text_size_tablet=&#8221;18px&#8221; button_text_size_phone=&#8221;14px&#8221; button_text_size_last_edited=&#8221;on|phone&#8221; locked=&#8221;off&#8221; global_colors_info=&#8221;{}&#8221;][\/et_pb_button][\/et_pb_column][\/et_pb_row][\/et_pb_section][et_pb_section fb_built=&#8221;1&#8243; admin_label=&#8221;Mission&#8221; module_id=&#8221;curriculum&#8221; _builder_version=&#8221;4.16&#8243; background_color=&#8221;rgba(121,83,162,0.35)&#8221; width=&#8221;100%&#8221; module_alignment=&#8221;center&#8221; custom_margin=&#8221;||10vw||false|false&#8221; custom_padding=&#8221;||0px||false|false&#8221; locked=&#8221;off&#8221; global_colors_info=&#8221;{}&#8221;][et_pb_row _builder_version=&#8221;4.16&#8243; max_width=&#8221;800px&#8221; global_colors_info=&#8221;{}&#8221;][et_pb_column type=&#8221;4_4&#8243; _builder_version=&#8221;4.16&#8243; global_colors_info=&#8221;{}&#8221;][et_pb_text _builder_version=&#8221;4.16.0&#8243; text_font=&#8221;||||||||&#8221; text_text_color=&#8221;rgba(0,0,0,0.72)&#8221; text_line_height=&#8221;1.8em&#8221; header_2_font=&#8221;ZCOOL XiaoWei|600|||||||&#8221; header_2_font_size=&#8221;60px&#8221; header_2_line_height=&#8221;1.2em&#8221; text_font_size_tablet=&#8221;&#8221; text_font_size_phone=&#8221;14px&#8221; text_font_size_last_edited=&#8221;on|phone&#8221; header_2_font_size_tablet=&#8221;42px&#8221; header_2_font_size_phone=&#8221;24px&#8221; header_2_font_size_last_edited=&#8221;on|phone&#8221; header_2_line_height_tablet=&#8221;&#8221; header_2_line_height_phone=&#8221;1.4em&#8221; header_2_line_height_last_edited=&#8221;on|phone&#8221; locked=&#8221;off&#8221; global_colors_info=&#8221;{}&#8221;]<\/p>\n<h2>Testimonies<\/h2>\n<p>&nbsp;<\/p>\n<p>[\/et_pb_text][\/et_pb_column][\/et_pb_row][et_pb_row column_structure=&#8221;1_2,1_2&#8243; _builder_version=&#8221;4.16&#8243; max_width=&#8221;800px&#8221; custom_padding=&#8221;5px|||||&#8221; global_colors_info=&#8221;{}&#8221;][et_pb_column type=&#8221;1_2&#8243; _builder_version=&#8221;4.16&#8243; global_colors_info=&#8221;{}&#8221;][et_pb_testimonial author=&#8221;Gemma, 54 anys&#8221; quote_icon=&#8221;off&#8221; _builder_version=&#8221;4.16.0&#8243; _module_preset=&#8221;default&#8221; background_color=&#8221;rgba(245,245,245,0.85)&#8221; global_colors_info=&#8221;{}&#8221;]<\/p>\n<div><em>\u201cHola soc Gemma, 54anys, i estic molt agraida a Ariadna pel seu ajud i acompanyament. En pocs mesos es varen ajuntar diferents successos en diferents \u00e0mbits de la meva vida que em varen sobrapassar totalment. Intentava entendra enlloc d&#8217;acceptar akelles situacions tan doloroses. L&#8217;Ariadna em va ajudar a gestionar-lesi em va facilitareines per poder fer-los front. La ter\u00e0pia em va descobrir falta d&#8217;autoestima, necessitat de control per sentir-me segura i acceptar la meva sensibilitat sensa avergonyir-me.<\/em><\/div>\n<div><em>Totalment recomanable per tothom, encara que pensis que no ho necessites.<\/em><\/div>\n<div><em>Gr\u00e0cies.\u201d<\/em><\/div>\n<p>[\/et_pb_testimonial][et_pb_testimonial author=&#8221;C\u00e9line Marcano&#8221; company_name=&#8221;Docent, terapeuta i canalitzadora&#8221; quote_icon=&#8221;off&#8221; _builder_version=&#8221;4.16.0&#8243; _module_preset=&#8221;default&#8221; background_color=&#8221;rgba(245,245,245,0.85)&#8221; global_colors_info=&#8221;{}&#8221;]<\/p>\n<p><em>&#8220;Ariadna Bailo va arribar a la meva vida en el moment en que la meva \u00c0nima ho necessitava, em va ajudar i em segueix ajudant a recon\u00e8ixer-me a un nivell profund.<\/em><br \/><em>He pogut descobrir i experimentar dons que gr\u00e0cies a la participaci\u00f3 en els seus meravellosos retirs de canalitzaci\u00f3 vaig poder veure amb molta claredat.<\/em><br \/><em>T&#8217;agraeixo infinitament tot el que fas per ajudar-me a ser qui realment vaig venir a ser.<\/em><br \/><em>\u00c9s una aportaci\u00f3 invaluable que rebo amb tot el meu cor.<\/em><br \/><em>Amb amor C\u00e9line.\u201d<\/em><\/p>\n<p><em>&#8220;Durant el retir de canalitzaci\u00f3 vaig tenir l&#8217;oportunitat de comprendre i integrar a nivells profunds la quantitat d&#8217;energia que s&#8217;hi va moure, a m\u00e9s es refor\u00e7ava amb la interacci\u00f3 del grup, que m&#8217;ajudava a veure&#8217;m m\u00e9s clarament, tamb\u00e9 em va ajudar a recon\u00e8ixer els meus dons i posar-los en pr\u00e0ctica, cosa que m&#8217;ha deixat veure un profund canvi a la meva vida.&#8221; Gr\u00e0cies infinites per tantes iniciatives de llum.\u00a0<\/em><\/p>\n<p>[\/et_pb_testimonial][et_pb_testimonial author=&#8221;Rub\u00e9n Rodriguez&#8221; company_name=&#8221;Mestre de prim\u00e0ria i terapeuta sist\u00e8mic&#8221; quote_icon=&#8221;off&#8221; _builder_version=&#8221;4.16.0&#8243; _module_preset=&#8221;default&#8221; global_colors_info=&#8221;{}&#8221;]<\/p>\n<div><em>\u201cEl treball amb l&#8217;Ariadna m&#8217;ha perm\u00e8s ser protagonista de la meva evoluci\u00f3.<\/em><\/div>\n<div><em>La seva claredat, disponibilitat i pres\u00e8ncia s\u00f3n sens dubte eines que faciliten el proc\u00e9s i aplanen el cam\u00ed.\u201d<\/em><\/div>\n<p>[\/et_pb_testimonial][et_pb_testimonial author=&#8221;GLORIA ROSALES, 46 a\u00f1os&#8221; company_name=&#8221;Profesora de yoga&#8221; quote_icon=&#8221;off&#8221; _builder_version=&#8221;4.16&#8243; _module_preset=&#8221;default&#8221; background_color=&#8221;rgba(245,245,245,0.85)&#8221; global_colors_info=&#8221;{}&#8221;]<\/p>\n<div>\n<div>\n<p><em><span lang=\"ES\">Mi contacto ha sido breve pero muy poderoso. Me ha reafirmado y ha sido un buen acompa\u00f1amiento en el camino. De la \u00faltima sesi\u00f3n sal\u00ed realmente empoderada. Me dio un buen empuj\u00f3n para emprender las transformaciones que se gestaban en mi interior.<\/span><\/em><span lang=\"ES\"><o:p><\/o:p><\/span><\/p>\n<\/div>\n<\/div>\n<p>[\/et_pb_testimonial][\/et_pb_column][et_pb_column type=&#8221;1_2&#8243; _builder_version=&#8221;4.16&#8243; global_colors_info=&#8221;{}&#8221;][et_pb_testimonial author=&#8221;Ilaria Sansotta&#8221; quote_icon=&#8221;off&#8221; _builder_version=&#8221;4.16.0&#8243; _module_preset=&#8221;default&#8221; global_colors_info=&#8221;{}&#8221;]<\/p>\n<div><em>\u201cGr\u00e0cies Ariadna!<\/em><\/div>\n<div><em>Per veure amb el cor, guiar-te per la paraula c\u00f2smica i convertir-te en canal amb absoluta entrega.<\/em><\/div>\n<div><em>La meva experi\u00e8ncia amb tu ha estat i segueix sent profunda i grata, reveladora i de suport, valuosa i lluminosa.&#8221;<\/em><\/div>\n<p>[\/et_pb_testimonial][et_pb_testimonial author=&#8221;Numa Hoguin&#8221; company_name=&#8221;I s\u00f3c pages-cuiner.&#8221; quote_icon=&#8221;off&#8221; _builder_version=&#8221;4.16.0&#8243; _module_preset=&#8221;default&#8221; global_colors_info=&#8221;{}&#8221;]<\/p>\n<p><em>\u201cQuan m\u2019he trobat la primera vegada amb l\u2019Ariadna, tenia una idea ben tancada sobre el m\u00f3n espiritual. \u00ab Tot aixo es super bonic pero per la gent que creu. Jo no m\u2019ho crec. \u00bb<\/em><br \/><em>I aquest dia veniem per fer una sessi\u00f3 conjunta amb la meva companya de vida. Hem acabat la sessi\u00f3 amb tot molt aclarit i jo dient:\u00ab Vale, aqui algo passa. \u00bb<\/em><\/p>\n<p><em>Despres de varies sessions de Canalitzaci\u00f3 individual, que sempre hem deixaven tocat en un bon sentit, he decidit escollir-la per acompanyar-me en el meu proces de desenvolupament i descobriment personal.<\/em><br \/><em>Estic molt content dels canvis i descobriments que he pogut fer fins aqui. Gracies a la manera que t\u00e9 d\u2019enfocar les coses. Estic molt a gust amb ella i la recomano caliument\u201d<\/em><\/p>\n<p>[\/et_pb_testimonial][et_pb_testimonial author=&#8221;SILVIA, 38 a\u00f1os &#8221; job_title=&#8221;Antrop\u00f3loga&#8221; company_name=&#8221; &#8221; quote_icon=&#8221;off&#8221; _builder_version=&#8221;4.16&#8243; _module_preset=&#8221;default&#8221; global_colors_info=&#8221;{}&#8221;]<\/p>\n<div>\n<p><em><span lang=\"ES\">Una sesi\u00f3n con Ariadna me ha aportado autoestima y me ha recordado lo importante que es vivir desde el coraz\u00f3n y no desde la mente. Me ha hecho recordar que la vida es sencilla si la ves como un juego donde todos interactuamos entre todos y donde podemos crear lo que deseemos.<\/span><\/em><span lang=\"ES\"><o:p><\/o:p><\/span><\/p>\n<\/div>\n<p>[\/et_pb_testimonial][et_pb_testimonial author=&#8221;Maria Paloma Vaquer&#8221; company_name=&#8221; Economista&#8221; quote_icon=&#8221;off&#8221; _builder_version=&#8221;4.16.0&#8243; _module_preset=&#8221;default&#8221; background_color=&#8221;rgba(245,245,245,0.85)&#8221; global_colors_info=&#8221;{}&#8221;]<\/p>\n<div><em>\u201cHaver conegut l\u2019Ariadna ha estat una benedicci\u00f3.<\/em><\/div>\n<div><em>La seva sola pres\u00e8ncia convida a que es produeixi immediatament una obertura i reconnexi\u00f3 de l&#8217;\u00e9sser essencial, podent sentir-me en tot moment en un entorn de seguretat i confian\u00e7a.<\/em><\/div>\n<div><em>Durant tot el seu acompanyament m&#8217;he sentit compresa, reconeguda i vista tant als nivells m\u00e9s densos i ef\u00edmers com als m\u00e9s subtils i genu\u00efns del meu \u00e9sser.<\/em><\/div>\n<div><em>De la mateixa manera, al seu costat m&#8217;\u00e9s molt f\u00e0cil veure&#8217;m i entendre&#8217;m, fet que m&#8217;ha ajudat molt en el meu proc\u00e9s d&#8217;evoluci\u00f3 personal.\u201d<\/em><\/div>\n<p>[\/et_pb_testimonial][et_pb_testimonial author=&#8221;Silvia Molas&#8221; company_name=&#8221;dissenyadora d&#8217;emocions&#8221; quote_icon=&#8221;off&#8221; _builder_version=&#8221;4.16.0&#8243; _module_preset=&#8221;default&#8221; background_color=&#8221;rgba(245,245,245,0.85)&#8221; hover_enabled=&#8221;0&#8243; global_colors_info=&#8221;{}&#8221; sticky_enabled=&#8221;0&#8243;]<\/p>\n<p><em>\u201cLes sessions individuals amb l&#8217;Ariadna s\u00f3n s\u00faper potents. Van directes a l&#8217;\u00e0nima, jo normalment necessito m\u00e9s d&#8217;un dia per integrar tot el que m&#8217;arriba. Posen llum all\u00e0 on hi ha dubtes o bloqueig, cada sessi\u00f3 \u00e9s un regal\u00e0s.\u201d<\/em><\/p>\n<p>[\/et_pb_testimonial][\/et_pb_column][\/et_pb_row][et_pb_row _builder_version=&#8221;4.16&#8243; width=&#8221;100%&#8221; max_width=&#8221;none&#8221; max_width_tablet=&#8221;70%&#8221; max_width_phone=&#8221;100%&#8221; max_width_last_edited=&#8221;off|desktop&#8221; module_alignment=&#8221;left&#8221; custom_margin=&#8221;||0px||false|false&#8221; custom_margin_tablet=&#8221;5%||-20%||false|false&#8221; custom_margin_phone=&#8221;||0%||false|false&#8221; custom_margin_last_edited=&#8221;off|desktop&#8221; custom_padding=&#8221;||0px||false|false&#8221; locked=&#8221;off&#8221; global_colors_info=&#8221;{}&#8221;][et_pb_column type=&#8221;4_4&#8243; _builder_version=&#8221;4.16&#8243; global_colors_info=&#8221;{}&#8221;][\/et_pb_column][\/et_pb_row][\/et_pb_section][et_pb_section fb_built=&#8221;1&#8243; admin_label=&#8221;Footer&#8221; _builder_version=&#8221;4.16&#8243; background_color=&#8221;#ffffff&#8221; use_background_color_gradient=&#8221;on&#8221; background_color_gradient_stops=&#8221;rgba(255,255,255,0.8) 0%|rgba(255,255,255,0.8) 100%&#8221; background_color_gradient_overlays_image=&#8221;on&#8221; background_color_gradient_start=&#8221;rgba(255,255,255,0.8)&#8221; background_color_gradient_end=&#8221;rgba(255,255,255,0.8)&#8221; background_image=&#8221;http:\/\/s895374517.mialojamiento.es\/wp-content\/uploads\/2021\/12\/Logo_Iam_Llavor.png&#8221; background_position=&#8221;top_left&#8221; background_repeat=&#8221;repeat&#8221; overflow-x=&#8221;hidden&#8221; overflow-y=&#8221;hidden&#8221; locked=&#8221;off&#8221; collapsed=&#8221;on&#8221; global_colors_info=&#8221;{}&#8221;][et_pb_row _builder_version=&#8221;4.16&#8243; width=&#8221;60%&#8221; global_colors_info=&#8221;{}&#8221;][et_pb_column type=&#8221;4_4&#8243; _builder_version=&#8221;4.16&#8243; global_colors_info=&#8221;{}&#8221;][et_pb_text _builder_version=&#8221;4.16&#8243; header_2_font=&#8221;ZCOOL XiaoWei||||||||&#8221; header_2_text_color=&#8221;#7953a2&#8243; header_2_font_size=&#8221;80px&#8221; text_orientation=&#8221;center&#8221; max_width=&#8221;550px&#8221; max_width_tablet=&#8221;350px&#8221; max_width_phone=&#8221;220px&#8221; max_width_last_edited=&#8221;on|desktop&#8221; module_alignment=&#8221;center&#8221; header_2_font_size_tablet=&#8221;48px&#8221; header_2_font_size_phone=&#8221;30px&#8221; header_2_font_size_last_edited=&#8221;on|phone&#8221; border_color_left=&#8221;#a9804a&#8221; global_colors_info=&#8221;{}&#8221;]<\/p>\n<h2>Contacto<\/h2>\n<p>[\/et_pb_text][\/et_pb_column][\/et_pb_row][et_pb_row column_structure=&#8221;1_3,1_3,1_3&#8243; use_custom_gutter=&#8221;on&#8221; gutter_width=&#8221;2&#8243; make_equal=&#8221;on&#8221; _builder_version=&#8221;4.16&#8243; width=&#8221;54%&#8221; global_colors_info=&#8221;{}&#8221;][et_pb_column type=&#8221;1_3&#8243; _builder_version=&#8221;4.16&#8243; global_colors_info=&#8221;{}&#8221;][et_pb_icon font_icon=&#8221;&#xf199;||fa||900&#8243; icon_color=&#8221;#6f86c3&#8243; icon_width=&#8221;60px&#8221; _builder_version=&#8221;4.16&#8243; _module_preset=&#8221;default&#8221; global_colors_info=&#8221;{}&#8221;][\/et_pb_icon][et_pb_text _builder_version=&#8221;4.16&#8243; text_font=&#8221;Muli||||||||&#8221; text_line_height=&#8221;1.8em&#8221; header_3_font=&#8221;Josefin Sans||||||||&#8221; header_3_line_height=&#8221;1.4em&#8221; text_orientation=&#8221;center&#8221; text_font_size_tablet=&#8221;&#8221; text_font_size_phone=&#8221;14px&#8221; text_font_size_last_edited=&#8221;on|phone&#8221; header_3_font_size_tablet=&#8221;20px&#8221; header_3_font_size_phone=&#8221;18px&#8221; header_3_font_size_last_edited=&#8221;on|tablet&#8221; header_3_line_height_tablet=&#8221;&#8221; header_3_line_height_phone=&#8221;1.8em&#8221; header_3_line_height_last_edited=&#8221;on|phone&#8221; locked=&#8221;off&#8221; global_colors_info=&#8221;{}&#8221;]<\/p>\n<h3>ari_adn@yahoo.es<\/h3>\n<p>[\/et_pb_text][\/et_pb_column][et_pb_column type=&#8221;1_3&#8243; _builder_version=&#8221;4.16&#8243; global_colors_info=&#8221;{}&#8221;][et_pb_icon font_icon=&#8221;&#xf2c6;||fa||400&#8243; icon_color=&#8221;#6f86c3&#8243; icon_width=&#8221;60px&#8221; _builder_version=&#8221;4.16&#8243; _module_preset=&#8221;default&#8221; global_colors_info=&#8221;{}&#8221;][\/et_pb_icon][et_pb_text _builder_version=&#8221;4.16&#8243; text_font=&#8221;Muli||||||||&#8221; text_line_height=&#8221;1.8em&#8221; header_3_font=&#8221;Josefin Sans||||||||&#8221; header_3_line_height=&#8221;1.4em&#8221; text_orientation=&#8221;center&#8221; text_font_size_tablet=&#8221;&#8221; text_font_size_phone=&#8221;14px&#8221; text_font_size_last_edited=&#8221;on|phone&#8221; header_3_font_size_tablet=&#8221;20px&#8221; header_3_font_size_phone=&#8221;18px&#8221; header_3_font_size_last_edited=&#8221;on|tablet&#8221; header_3_line_height_tablet=&#8221;&#8221; header_3_line_height_phone=&#8221;1.8em&#8221; header_3_line_height_last_edited=&#8221;on|phone&#8221; locked=&#8221;off&#8221; global_colors_info=&#8221;{}&#8221;]<\/p>\n<h3>ariadnabailo<\/h3>\n<p>[\/et_pb_text][\/et_pb_column][et_pb_column type=&#8221;1_3&#8243; _builder_version=&#8221;4.16&#8243; global_colors_info=&#8221;{}&#8221;][et_pb_icon font_icon=&#8221;&#xe0a3;||divi||400&#8243; icon_color=&#8221;#6f86c3&#8243; icon_width=&#8221;60px&#8221; _builder_version=&#8221;4.16&#8243; _module_preset=&#8221;default&#8221; global_colors_info=&#8221;{}&#8221;][\/et_pb_icon][et_pb_text _builder_version=&#8221;4.16&#8243; text_font=&#8221;Muli||||||||&#8221; text_line_height=&#8221;1.8em&#8221; header_3_font=&#8221;Josefin Sans||||||||&#8221; header_3_line_height=&#8221;1.4em&#8221; text_orientation=&#8221;center&#8221; text_font_size_tablet=&#8221;&#8221; text_font_size_phone=&#8221;14px&#8221; text_font_size_last_edited=&#8221;on|phone&#8221; header_3_font_size_tablet=&#8221;20px&#8221; header_3_font_size_phone=&#8221;18px&#8221; header_3_font_size_last_edited=&#8221;on|tablet&#8221; header_3_line_height_tablet=&#8221;&#8221; header_3_line_height_phone=&#8221;1.8em&#8221; header_3_line_height_last_edited=&#8221;on|phone&#8221; locked=&#8221;off&#8221; global_colors_info=&#8221;{}&#8221;]<\/p>\n<h3>ariadnabailo<\/h3>\n<p>[\/et_pb_text][\/et_pb_column][\/et_pb_row][\/et_pb_section]<\/p>\n","protected":false},"excerpt":{"rendered":"<p>Consulta IndividualQuan acordem una consulta individual, en primer lloc et pregunto perqu\u00e8 vols la consulta i que t&#8217;ha mogut a venir.T&#8217;explico quina \u00e9s la meva manera d&#8217;acompanyar-te, perqu\u00e8 la majoria de gent que ve, ho fa des de la confian\u00e7a plena i moltes vegades sense saber exactament qu\u00e8 faig, al haver estat recomanat per alg\u00fa [&hellip;]<\/p>\n","protected":false},"author":1,"featured_media":0,"parent":0,"menu_order":0,"comment_status":"closed","ping_status":"closed","template":"","meta":{"_et_pb_use_builder":"on","_et_pb_old_content":"","_et_gb_content_width":"","footnotes":""},"class_list":["post-377","page","type-page","status-publish","hentry"],"yoast_head":"<!-- This site is optimized with the Yoast SEO plugin v27.5 - https:\/\/yoast.com\/product\/yoast-seo-wordpress\/ -->\n<title>Individual - Ariadna Bailo<\/title>\n<meta name=\"robots\" content=\"index, follow, max-snippet:-1, max-image-preview:large, max-video-preview:-1\" \/>\n<link rel=\"canonical\" href=\"http:\/\/ariadnabailo.com\/ca\/individual\" \/>\n<meta property=\"og:locale\" content=\"ca_ES\" \/>\n<meta property=\"og:type\" content=\"article\" \/>\n<meta property=\"og:title\" content=\"Individual - Ariadna Bailo\" \/>\n<meta property=\"og:description\" content=\"Consulta IndividualQuan acordem una consulta individual, en primer lloc et pregunto perqu\u00e8 vols la consulta i que t&#039;ha mogut a venir.T&#039;explico quina \u00e9s la meva manera d&#039;acompanyar-te, perqu\u00e8 la majoria de gent que ve, ho fa des de la confian\u00e7a plena i moltes vegades sense saber exactament qu\u00e8 faig, al haver estat recomanat per alg\u00fa [&hellip;]\" \/>\n<meta property=\"og:url\" content=\"http:\/\/ariadnabailo.com\/ca\/individual\" \/>\n<meta property=\"og:site_name\" content=\"Ariadna Bailo\" \/>\n<meta property=\"article:modified_time\" content=\"2022-05-09T16:18:29+00:00\" \/>\n<meta name=\"twitter:card\" content=\"summary_large_image\" \/>\n<meta name=\"twitter:label1\" content=\"Temps estimat de lectura\" \/>\n\t<meta name=\"twitter:data1\" content=\"13 minuts\" \/>\n<script type=\"application\/ld+json\" class=\"yoast-schema-graph\">{\"@context\":\"https:\\\/\\\/schema.org\",\"@graph\":[{\"@type\":\"WebPage\",\"@id\":\"http:\\\/\\\/ariadnabailo.com\\\/ca\\\/individual\",\"url\":\"http:\\\/\\\/ariadnabailo.com\\\/ca\\\/individual\",\"name\":\"Individual - Ariadna Bailo\",\"isPartOf\":{\"@id\":\"https:\\\/\\\/ariadnabailo.com\\\/ca\\\/#website\"},\"datePublished\":\"2022-03-24T11:25:17+00:00\",\"dateModified\":\"2022-05-09T16:18:29+00:00\",\"breadcrumb\":{\"@id\":\"http:\\\/\\\/ariadnabailo.com\\\/ca\\\/individual#breadcrumb\"},\"inLanguage\":\"ca\",\"potentialAction\":[{\"@type\":\"ReadAction\",\"target\":[\"http:\\\/\\\/ariadnabailo.com\\\/ca\\\/individual\"]}]},{\"@type\":\"BreadcrumbList\",\"@id\":\"http:\\\/\\\/ariadnabailo.com\\\/ca\\\/individual#breadcrumb\",\"itemListElement\":[{\"@type\":\"ListItem\",\"position\":1,\"name\":\"Portada\",\"item\":\"https:\\\/\\\/ariadnabailo.com\\\/ca\"},{\"@type\":\"ListItem\",\"position\":2,\"name\":\"Individual\"}]},{\"@type\":\"WebSite\",\"@id\":\"https:\\\/\\\/ariadnabailo.com\\\/ca\\\/#website\",\"url\":\"https:\\\/\\\/ariadnabailo.com\\\/ca\\\/\",\"name\":\"Ariadna Bailo\",\"description\":\"\",\"potentialAction\":[{\"@type\":\"SearchAction\",\"target\":{\"@type\":\"EntryPoint\",\"urlTemplate\":\"https:\\\/\\\/ariadnabailo.com\\\/ca\\\/?s={search_term_string}\"},\"query-input\":{\"@type\":\"PropertyValueSpecification\",\"valueRequired\":true,\"valueName\":\"search_term_string\"}}],\"inLanguage\":\"ca\"}]}<\/script>\n<!-- \/ Yoast SEO plugin. -->","yoast_head_json":{"title":"Individual - Ariadna Bailo","robots":{"index":"index","follow":"follow","max-snippet":"max-snippet:-1","max-image-preview":"max-image-preview:large","max-video-preview":"max-video-preview:-1"},"canonical":"http:\/\/ariadnabailo.com\/ca\/individual","og_locale":"ca_ES","og_type":"article","og_title":"Individual - Ariadna Bailo","og_description":"Consulta IndividualQuan acordem una consulta individual, en primer lloc et pregunto perqu\u00e8 vols la consulta i que t'ha mogut a venir.T'explico quina \u00e9s la meva manera d'acompanyar-te, perqu\u00e8 la majoria de gent que ve, ho fa des de la confian\u00e7a plena i moltes vegades sense saber exactament qu\u00e8 faig, al haver estat recomanat per alg\u00fa [&hellip;]","og_url":"http:\/\/ariadnabailo.com\/ca\/individual","og_site_name":"Ariadna Bailo","article_modified_time":"2022-05-09T16:18:29+00:00","twitter_card":"summary_large_image","twitter_misc":{"Temps estimat de lectura":"13 minuts"},"schema":{"@context":"https:\/\/schema.org","@graph":[{"@type":"WebPage","@id":"http:\/\/ariadnabailo.com\/ca\/individual","url":"http:\/\/ariadnabailo.com\/ca\/individual","name":"Individual - Ariadna Bailo","isPartOf":{"@id":"https:\/\/ariadnabailo.com\/ca\/#website"},"datePublished":"2022-03-24T11:25:17+00:00","dateModified":"2022-05-09T16:18:29+00:00","breadcrumb":{"@id":"http:\/\/ariadnabailo.com\/ca\/individual#breadcrumb"},"inLanguage":"ca","potentialAction":[{"@type":"ReadAction","target":["http:\/\/ariadnabailo.com\/ca\/individual"]}]},{"@type":"BreadcrumbList","@id":"http:\/\/ariadnabailo.com\/ca\/individual#breadcrumb","itemListElement":[{"@type":"ListItem","position":1,"name":"Portada","item":"https:\/\/ariadnabailo.com\/ca"},{"@type":"ListItem","position":2,"name":"Individual"}]},{"@type":"WebSite","@id":"https:\/\/ariadnabailo.com\/ca\/#website","url":"https:\/\/ariadnabailo.com\/ca\/","name":"Ariadna Bailo","description":"","potentialAction":[{"@type":"SearchAction","target":{"@type":"EntryPoint","urlTemplate":"https:\/\/ariadnabailo.com\/ca\/?s={search_term_string}"},"query-input":{"@type":"PropertyValueSpecification","valueRequired":true,"valueName":"search_term_string"}}],"inLanguage":"ca"}]}},"jetpack_sharing_enabled":true,"_links":{"self":[{"href":"http:\/\/ariadnabailo.com\/ca\/wp-json\/wp\/v2\/pages\/377","targetHints":{"allow":["GET"]}}],"collection":[{"href":"http:\/\/ariadnabailo.com\/ca\/wp-json\/wp\/v2\/pages"}],"about":[{"href":"http:\/\/ariadnabailo.com\/ca\/wp-json\/wp\/v2\/types\/page"}],"author":[{"embeddable":true,"href":"http:\/\/ariadnabailo.com\/ca\/wp-json\/wp\/v2\/users\/1"}],"replies":[{"embeddable":true,"href":"http:\/\/ariadnabailo.com\/ca\/wp-json\/wp\/v2\/comments?post=377"}],"version-history":[{"count":10,"href":"http:\/\/ariadnabailo.com\/ca\/wp-json\/wp\/v2\/pages\/377\/revisions"}],"predecessor-version":[{"id":924,"href":"http:\/\/ariadnabailo.com\/ca\/wp-json\/wp\/v2\/pages\/377\/revisions\/924"}],"wp:attachment":[{"href":"http:\/\/ariadnabailo.com\/ca\/wp-json\/wp\/v2\/media?parent=377"}],"curies":[{"name":"wp","href":"https:\/\/api.w.org\/{rel}","templated":true}]}}