{"id":353,"date":"2022-01-22T15:53:02","date_gmt":"2022-01-22T15:53:02","guid":{"rendered":"http:\/\/ariadnabailo.com\/i-am"},"modified":"2022-05-09T17:41:35","modified_gmt":"2022-05-09T17:41:35","slug":"i-am","status":"publish","type":"page","link":"http:\/\/ariadnabailo.com\/ca\/i-am","title":{"rendered":"I AM"},"content":{"rendered":"<p>[et_pb_section fb_built=&#8221;1&#8243; prev_background_color=&#8221;#ffffff&#8221; next_background_color=&#8221;#ffffff&#8221; admin_label=&#8221;Header&#8221; _builder_version=&#8221;4.16&#8243; use_background_color_gradient=&#8221;on&#8221; background_color_gradient_stops=&#8221;rgba(0,0,0,0.3) 0%|rgba(0,0,0,0.3) 100%&#8221; background_color_gradient_start=&#8221;rgba(0,0,0,0.3)&#8221; background_color_gradient_end=&#8221;rgba(0,0,0,0.3)&#8221; background_image=&#8221;http:\/\/s895374517.mialojamiento.es\/wp-content\/uploads\/2022\/01\/Ariadna-grupo-def-5.jpg&#8221; parallax=&#8221;on&#8221; parallax_method=&#8221;off&#8221; custom_padding=&#8221;||16vw||false|false&#8221; top_divider_style=&#8221;arrow3&#8243; bottom_divider_style=&#8221;arrow3&#8243; locked=&#8221;off&#8221; global_colors_info=&#8221;{}&#8221;][et_pb_row _builder_version=&#8221;4.16&#8243; global_colors_info=&#8221;{}&#8221;][et_pb_column type=&#8221;4_4&#8243; _builder_version=&#8221;4.16&#8243; global_colors_info=&#8221;{}&#8221;][et_pb_text _builder_version=&#8221;4.16&#8243; text_font=&#8221;Muli||||||||&#8221; text_font_size=&#8221;22px&#8221; text_line_height=&#8221;1.4em&#8221; header_font=&#8221;ZCOOL XiaoWei||||||||&#8221; header_text_align=&#8221;left&#8221; header_font_size=&#8221;80px&#8221; text_orientation=&#8221;center&#8221; background_layout=&#8221;dark&#8221; max_width=&#8221;700px&#8221; module_alignment=&#8221;center&#8221; custom_margin=&#8221;90px||||false|false&#8221; custom_padding=&#8221;||||false|false&#8221; filter_opacity=&#8221;90%&#8221; text_font_size_tablet=&#8221;18px&#8221; text_font_size_phone=&#8221;16px&#8221; text_font_size_last_edited=&#8221;on|tablet&#8221; text_line_height_tablet=&#8221;&#8221; text_line_height_phone=&#8221;1.8em&#8221; text_line_height_last_edited=&#8221;on|phone&#8221; header_font_size_tablet=&#8221;48px&#8221; header_font_size_phone=&#8221;30px&#8221; header_font_size_last_edited=&#8221;on|phone&#8221; global_colors_info=&#8221;{}&#8221;]<\/p>\n<h1 style=\"text-align: center;\">I AM<\/h1>\n<p>[\/et_pb_text][\/et_pb_column][\/et_pb_row][\/et_pb_section][et_pb_section fb_built=&#8221;1&#8243; admin_label=&#8221;About&#8221; _builder_version=&#8221;4.16&#8243; background_color=&#8221;#ffffff&#8221; width=&#8221;90%&#8221; custom_margin=&#8221;||||false|false&#8221; custom_padding=&#8221;|||10vw|false|false&#8221; global_colors_info=&#8221;{}&#8221;][et_pb_row use_custom_gutter=&#8221;on&#8221; gutter_width=&#8221;4&#8243; _builder_version=&#8221;4.16&#8243; width=&#8221;90%&#8221; custom_padding=&#8221;0px|||||&#8221; global_colors_info=&#8221;{}&#8221;][et_pb_column type=&#8221;4_4&#8243; _builder_version=&#8221;4.16&#8243; global_colors_info=&#8221;{}&#8221;][et_pb_text _builder_version=&#8221;4.16.0&#8243; text_font=&#8221;||||||||&#8221; text_line_height=&#8221;1.6em&#8221; header_2_font=&#8221;ZCOOL XiaoWei||||||||&#8221; text_orientation=&#8221;justified&#8221; custom_margin=&#8221;||1px|||&#8221; text_font_size_tablet=&#8221;&#8221; text_font_size_phone=&#8221;14px&#8221; text_font_size_last_edited=&#8221;on|phone&#8221; locked=&#8221;off&#8221; global_colors_info=&#8221;{}&#8221;]<\/p>\n<h2><strong>Qu\u00e8 \u00e9s?<\/strong><\/h2>\n<p>[\/et_pb_text][et_pb_text _builder_version=&#8221;4.16.0&#8243; text_font=&#8221;||||||||&#8221; text_line_height=&#8221;1.6em&#8221; header_2_font=&#8221;ZCOOL XiaoWei||||||||&#8221; text_orientation=&#8221;justified&#8221; text_font_size_tablet=&#8221;&#8221; text_font_size_phone=&#8221;14px&#8221; text_font_size_last_edited=&#8221;on|phone&#8221; locked=&#8221;off&#8221; global_colors_info=&#8221;{}&#8221;]\u00c9s un grup actiu de pr\u00e0ctica i comprom\u00eds amb el Ser.<br \/>\nD\u2019obertura de la consci\u00e8ncia i per adquirir la plena responsabilitat amb el que S\u00f3c.<\/p>\n<p>Tamb\u00e9 \u00e9s un v\u00f2rtix d\u2019ascensi\u00f3 planet\u00e0ria.[\/et_pb_text][et_pb_text _builder_version=&#8221;4.16.0&#8243; text_font=&#8221;||||||||&#8221; text_line_height=&#8221;1.6em&#8221; header_2_font=&#8221;ZCOOL XiaoWei||||||||&#8221; text_orientation=&#8221;justified&#8221; custom_margin=&#8221;||-1px|||&#8221; text_font_size_tablet=&#8221;&#8221; text_font_size_phone=&#8221;14px&#8221; text_font_size_last_edited=&#8221;on|phone&#8221; locked=&#8221;off&#8221; global_colors_info=&#8221;{}&#8221;]<\/p>\n<h2><strong>Qu\u00e8 fem?<\/strong><\/h2>\n<p>[\/et_pb_text][et_pb_text _builder_version=&#8221;4.16.0&#8243; text_font=&#8221;||||||||&#8221; text_line_height=&#8221;1.6em&#8221; header_2_font=&#8221;ZCOOL XiaoWei||||||||&#8221; text_orientation=&#8221;justified&#8221; text_font_size_tablet=&#8221;&#8221; text_font_size_phone=&#8221;14px&#8221; text_font_size_last_edited=&#8221;on|phone&#8221; locked=&#8221;off&#8221; global_colors_info=&#8221;{}&#8221;]<\/p>\n<p>Al grup compartim:<\/p>\n<ul>\n<li>l\u2019obertura i l\u2019expansi\u00f3 de la consci\u00e8ncia<\/li>\n<li>l\u2019elevaci\u00f3 de la vibraci\u00f3<\/li>\n<li>l\u2019exploraci\u00f3 del nostre potencial (ment, emoci\u00f3, cos i \u00e0nima), ampliant la nostra visi\u00f3 i percepci\u00f3 del qui s\u00f3c i del qu\u00e8 som<\/li>\n<li>la interconexi\u00f3 amb la Terra i amb altres plans i estats de consci\u00e8ncia<\/li>\n<\/ul>\n<p>[\/et_pb_text][et_pb_text _builder_version=&#8221;4.16.0&#8243; text_font=&#8221;||||||||&#8221; text_line_height=&#8221;1.6em&#8221; header_2_font=&#8221;ZCOOL XiaoWei||||||||&#8221; text_orientation=&#8221;justified&#8221; custom_margin=&#8221;||-1px|||&#8221; text_font_size_tablet=&#8221;&#8221; text_font_size_phone=&#8221;14px&#8221; text_font_size_last_edited=&#8221;on|phone&#8221; locked=&#8221;off&#8221; global_colors_info=&#8221;{}&#8221;]<\/p>\n<h2><strong>Requisits<\/strong><\/h2>\n<p>[\/et_pb_text][et_pb_text _builder_version=&#8221;4.16.0&#8243; text_font=&#8221;||||||||&#8221; text_line_height=&#8221;1.6em&#8221; header_2_font=&#8221;ZCOOL XiaoWei||||||||&#8221; text_orientation=&#8221;justified&#8221; text_font_size_tablet=&#8221;&#8221; text_font_size_phone=&#8221;14px&#8221; text_font_size_last_edited=&#8221;on|phone&#8221; locked=&#8221;off&#8221; global_colors_info=&#8221;{}&#8221;]<\/p>\n<p>\u00c9s necesari -amb un mateix i amb el grup:<\/p>\n<ul>\n<li>el comprom\u00eds<\/li>\n<li>la responsabilitat<\/li>\n<li>la llibertat de ser i fer, des del respecte i l\u2019amor<\/li>\n<\/ul>\n<p>[\/et_pb_text][et_pb_text _builder_version=&#8221;4.16.0&#8243; text_font=&#8221;||||||||&#8221; text_line_height=&#8221;1.6em&#8221; header_2_font=&#8221;ZCOOL XiaoWei||||||||&#8221; text_orientation=&#8221;justified&#8221; custom_margin=&#8221;||1px|||&#8221; text_font_size_tablet=&#8221;&#8221; text_font_size_phone=&#8221;14px&#8221; text_font_size_last_edited=&#8221;on|phone&#8221; locked=&#8221;off&#8221; global_colors_info=&#8221;{}&#8221;]<\/p>\n<h2><strong>Com ho fem?<\/strong><\/h2>\n<p>[\/et_pb_text][et_pb_text _builder_version=&#8221;4.16.0&#8243; text_font=&#8221;||||||||&#8221; text_line_height=&#8221;1.6em&#8221; header_2_font=&#8221;ZCOOL XiaoWei||||||||&#8221; text_orientation=&#8221;justified&#8221; text_font_size_tablet=&#8221;&#8221; text_font_size_phone=&#8221;14px&#8221; text_font_size_last_edited=&#8221;on|phone&#8221; locked=&#8221;off&#8221; global_colors_info=&#8221;{}&#8221;]Generem un Proc\u00e9s d.Activaci\u00f3 de la Consci\u00e8ncia (PAC) per poder viure en coher\u00e8ncia i vitalitat.<\/p>\n<p><strong>3 pasos d.activaci\u00f3 del PAC:<\/strong><\/p>\n<ol>\n<li>Activar la Consciencia<\/li>\n<li>Prendre la Responsabilitat que comporta ser un mateix<\/li>\n<li>Mou-re.m des del Ser, en el grup i en la vida<\/li>\n<\/ol>\n<p>[\/et_pb_text][et_pb_text _builder_version=&#8221;4.16.0&#8243; text_font=&#8221;||||||||&#8221; text_line_height=&#8221;1.6em&#8221; header_2_font=&#8221;ZCOOL XiaoWei||||||||&#8221; text_orientation=&#8221;justified&#8221; custom_margin=&#8221;||1px|||&#8221; text_font_size_tablet=&#8221;&#8221; text_font_size_phone=&#8221;14px&#8221; text_font_size_last_edited=&#8221;on|phone&#8221; locked=&#8221;off&#8221; global_colors_info=&#8221;{}&#8221;]<\/p>\n<h2><strong>Perqu\u00e8 en grup?<\/strong><\/h2>\n<p>[\/et_pb_text][et_pb_text _builder_version=&#8221;4.16.0&#8243; text_font=&#8221;||||||||&#8221; text_line_height=&#8221;1.6em&#8221; header_2_font=&#8221;ZCOOL XiaoWei||||||||&#8221; text_orientation=&#8221;justified&#8221; text_font_size_tablet=&#8221;&#8221; text_font_size_phone=&#8221;14px&#8221; text_font_size_last_edited=&#8221;on|phone&#8221; locked=&#8221;off&#8221; global_colors_info=&#8221;{}&#8221;]<\/p>\n<p>En grup, creem un espai de seguretat i confian\u00e7a, que ajuda a sostenir les pors infantils de mostrar qui s\u00f3c al m\u00f3n i ens permet obrir el cor a ser i sentir qui som, amb la mirada respectuosa i acollidora del grup i de qui sost\u00e9 i acompanya el grup.<\/p>\n<p>Com a grup, quan activem els potencials interns de cadasc\u00fa, facilitem la obertura dels altres i ens potenciem m\u00fatuament.<\/p>\n<p>[\/et_pb_text][\/et_pb_column][\/et_pb_row][\/et_pb_section][et_pb_section fb_built=&#8221;1&#8243; admin_label=&#8221;Mission&#8221; module_id=&#8221;curriculum&#8221; _builder_version=&#8221;4.16&#8243; background_color=&#8221;rgba(121,83,162,0.35)&#8221; width=&#8221;72%&#8221; width_tablet=&#8221;72%&#8221; width_phone=&#8221;80%&#8221; width_last_edited=&#8221;on|phone&#8221; module_alignment=&#8221;center&#8221; custom_margin=&#8221;||||false|false&#8221; custom_padding=&#8221;||0px||false|false&#8221; locked=&#8221;off&#8221; global_colors_info=&#8221;{}&#8221;][et_pb_row _builder_version=&#8221;4.16&#8243; width_tablet=&#8221;&#8221; width_phone=&#8221;90%&#8221; width_last_edited=&#8221;on|phone&#8221; max_width=&#8221;800px&#8221; global_colors_info=&#8221;{}&#8221;][et_pb_column type=&#8221;4_4&#8243; _builder_version=&#8221;4.16&#8243; global_colors_info=&#8221;{}&#8221;][et_pb_text content_tablet=&#8221;<\/p>\n<h2 style=%22text-align: center;%22><em><strong>\u00bf<\/strong><strong>Qu\u00e9 tipo de acompa\u00f1amiento facilito?<\/strong><\/em><\/h2>\n<p>&#8221; content_phone=&#8221;<\/p>\n<h2 style=%22text-align: center;%22><em><strong>\u00bf<\/strong><strong>Qu\u00e9 tipo de acompa\u00f1amiento facilito?<\/strong><\/em><\/h2>\n<p>&#8221; content_last_edited=&#8221;on|phone&#8221; _builder_version=&#8221;4.16.0&#8243; text_font=&#8221;||||||||&#8221; text_line_height=&#8221;1.6em&#8221; header_2_font=&#8221;ZCOOL XiaoWei||||||||&#8221; header_2_text_align=&#8221;left&#8221; text_orientation=&#8221;justified&#8221; custom_margin=&#8221;||1px|||&#8221; text_font_size_tablet=&#8221;&#8221; text_font_size_phone=&#8221;14px&#8221; text_font_size_last_edited=&#8221;on|phone&#8221; locked=&#8221;off&#8221; global_colors_info=&#8221;{}&#8221;]<\/p>\n<h2 style=\"text-align: center;\"><strong>Quin tipus d\u2019acompanyament facilito?<\/strong><\/h2>\n<p>[\/et_pb_text][et_pb_divider show_divider=&#8221;off&#8221; _builder_version=&#8221;4.16&#8243; _module_preset=&#8221;default&#8221; global_colors_info=&#8221;{}&#8221;][\/et_pb_divider][et_pb_text _builder_version=&#8221;4.16.0&#8243; text_font=&#8221;||||||||&#8221; text_line_height=&#8221;1.6em&#8221; header_2_font=&#8221;ZCOOL XiaoWei||||||||&#8221; text_orientation=&#8221;justified&#8221; text_font_size_tablet=&#8221;&#8221; text_font_size_phone=&#8221;14px&#8221; text_font_size_last_edited=&#8221;on|phone&#8221; locked=&#8221;off&#8221; global_colors_info=&#8221;{}&#8221;]<\/p>\n<p>Em moc en una\u00a0<strong>fusi\u00f3<\/strong>\u00a0entre la Psicoter\u00e0pia Gestalt, Corporal, Eneagrama, la Meditaci\u00f3, la Sanaci\u00f3 i la Canalitzaci\u00f3.I deixant pas al misteri que tot ho sost\u00e9, procurant el m\u00ednim d.inteferencies<\/p>\n<p style=\"text-align: center;\"><strong>Des d.aqu\u00ed:<\/strong><\/p>\n<p>[\/et_pb_text][et_pb_divider show_divider=&#8221;off&#8221; _builder_version=&#8221;4.16&#8243; _module_preset=&#8221;default&#8221; global_colors_info=&#8221;{}&#8221;][\/et_pb_divider][et_pb_blurb title=&#8221;Facilito que la persona pugi de vibraci\u00f3 i que ampl\u00efi la consciencia, activant un moviment profund des d\u2019on la informaci\u00f3 es pot captar, m\u00e9s enll\u00e0 d\u2019entendre el contingut.&#8221; image_icon_background_color=&#8221;rgba(255,255,255,0)&#8221; image=&#8221;http:\/\/s895374517.mialojamiento.es\/wp-content\/uploads\/2022\/01\/Semilla_blanca_gg.png&#8221; icon_placement=&#8221;left&#8221; image_icon_width=&#8221;52px&#8221; content_max_width=&#8221;100%&#8221; icon_placement_tablet=&#8221;left&#8221; icon_placement_phone=&#8221;top&#8221; icon_placement_last_edited=&#8221;on|phone&#8221; image_icon_width_tablet=&#8221;22px&#8221; image_icon_width_phone=&#8221;54px&#8221; image_icon_width_last_edited=&#8221;on|phone&#8221; _builder_version=&#8221;4.16.0&#8243; header_font=&#8221;||||||||&#8221; header_text_align=&#8221;left&#8221; header_font_size=&#8221;16px&#8221; header_line_height=&#8221;1.4em&#8221; body_font=&#8221;Muli||||||||&#8221; body_line_height=&#8221;1.8em&#8221; image_icon_custom_margin=&#8221;||-18px||false|false&#8221; image_icon_custom_margin_tablet=&#8221;||-18px||false|false&#8221; image_icon_custom_margin_phone=&#8221;|||111px|false|false&#8221; image_icon_custom_margin_last_edited=&#8221;on|desktop&#8221; image_icon_custom_padding=&#8221;||||false|false&#8221; custom_margin=&#8221;||-1px|||&#8221; animation=&#8221;off&#8221; header_text_align_tablet=&#8221;left&#8221; header_text_align_phone=&#8221;center&#8221; header_text_align_last_edited=&#8221;on|phone&#8221; body_font_size_tablet=&#8221;&#8221; body_font_size_phone=&#8221;14px&#8221; body_font_size_last_edited=&#8221;on|phone&#8221; border_color_all_image=&#8221;rgba(0,0,0,0)&#8221; icon_font_size=&#8221;42px&#8221; icon_font_size_tablet=&#8221;22px&#8221; icon_font_size_phone=&#8221;16px&#8221; icon_font_size_last_edited=&#8221;on|phone&#8221; use_circle=&#8221;on&#8221; use_circle_border=&#8221;on&#8221; circle_border_color=&#8221;rgba(0,0,0,0)&#8221; circle_color=&#8221;#afe0c2&#8243; locked=&#8221;off&#8221; global_colors_info=&#8221;{}&#8221; image_icon_background_color__sticky_enabled=&#8221;#7EBEC5&#8243; image_icon_background_color__sticky=&#8221;#7EBEC5&#8243;][\/et_pb_blurb][et_pb_divider show_divider=&#8221;off&#8221; _builder_version=&#8221;4.16&#8243; _module_preset=&#8221;default&#8221; global_colors_info=&#8221;{}&#8221;][\/et_pb_divider][et_pb_blurb title=&#8221;Toco tecles que faciliten el moviment internde les persones, accelerant la transformaci\u00f3, respectant el proc\u00e9s i el ritme de cadasc\u00fa, produ\u00efnt una remoguda i una recol\u00b7locaci\u00f3 a tots els nivells (ment, emoci\u00f3, cos i \u00e0nima), fins on cadasc\u00fa vulgui arribar.&#8221; image_icon_background_color=&#8221;rgba(255,255,255,0)&#8221; image=&#8221;http:\/\/s895374517.mialojamiento.es\/wp-content\/uploads\/2022\/01\/Semilla_blanca_gg.png&#8221; icon_placement=&#8221;left&#8221; image_icon_width=&#8221;52px&#8221; content_max_width=&#8221;100%&#8221; icon_placement_tablet=&#8221;left&#8221; icon_placement_phone=&#8221;top&#8221; icon_placement_last_edited=&#8221;on|phone&#8221; image_icon_width_tablet=&#8221;22px&#8221; image_icon_width_phone=&#8221;54px&#8221; image_icon_width_last_edited=&#8221;on|phone&#8221; _builder_version=&#8221;4.16.0&#8243; header_font=&#8221;||||||||&#8221; header_text_align=&#8221;left&#8221; header_font_size=&#8221;16px&#8221; header_line_height=&#8221;1.4em&#8221; body_font=&#8221;Muli||||||||&#8221; body_line_height=&#8221;1.8em&#8221; image_icon_custom_margin=&#8221;||-18px||false|false&#8221; image_icon_custom_margin_tablet=&#8221;||-18px||false|false&#8221; image_icon_custom_margin_phone=&#8221;|||111px|false|false&#8221; image_icon_custom_margin_last_edited=&#8221;on|desktop&#8221; image_icon_custom_padding=&#8221;||||false|false&#8221; custom_margin=&#8221;||-1px|||&#8221; animation=&#8221;off&#8221; header_text_align_tablet=&#8221;left&#8221; header_text_align_phone=&#8221;center&#8221; header_text_align_last_edited=&#8221;on|phone&#8221; body_font_size_tablet=&#8221;&#8221; body_font_size_phone=&#8221;14px&#8221; body_font_size_last_edited=&#8221;on|phone&#8221; border_color_all_image=&#8221;rgba(0,0,0,0)&#8221; icon_font_size=&#8221;42px&#8221; icon_font_size_tablet=&#8221;22px&#8221; icon_font_size_phone=&#8221;16px&#8221; icon_font_size_last_edited=&#8221;on|phone&#8221; use_circle=&#8221;on&#8221; use_circle_border=&#8221;on&#8221; circle_border_color=&#8221;rgba(0,0,0,0)&#8221; circle_color=&#8221;#afe0c2&#8243; locked=&#8221;off&#8221; global_colors_info=&#8221;{}&#8221; image_icon_background_color__sticky_enabled=&#8221;#7EBEC5&#8243; image_icon_background_color__sticky=&#8221;#7EBEC5&#8243;][\/et_pb_blurb][et_pb_divider show_divider=&#8221;off&#8221; _builder_version=&#8221;4.16&#8243; _module_preset=&#8221;default&#8221; global_colors_info=&#8221;{}&#8221;][\/et_pb_divider][et_pb_blurb title=&#8221;Aporto una apreciaci\u00f3 m\u00e9s profunda del que ha passat, facilitant la reapropiaci\u00f3 de les parts alienades i la presa del poder personal. &#8221; image_icon_background_color=&#8221;rgba(255,255,255,0)&#8221; image=&#8221;http:\/\/s895374517.mialojamiento.es\/wp-content\/uploads\/2022\/01\/Semilla_blanca_gg.png&#8221; icon_placement=&#8221;left&#8221; image_icon_width=&#8221;52px&#8221; content_max_width=&#8221;100%&#8221; icon_placement_tablet=&#8221;left&#8221; icon_placement_phone=&#8221;top&#8221; icon_placement_last_edited=&#8221;on|phone&#8221; image_icon_width_tablet=&#8221;22px&#8221; image_icon_width_phone=&#8221;54px&#8221; image_icon_width_last_edited=&#8221;on|phone&#8221; _builder_version=&#8221;4.16.0&#8243; header_font=&#8221;||||||||&#8221; header_text_align=&#8221;left&#8221; header_font_size=&#8221;16px&#8221; header_line_height=&#8221;1.4em&#8221; body_font=&#8221;Muli||||||||&#8221; body_line_height=&#8221;1.8em&#8221; image_icon_custom_margin=&#8221;||-18px||false|false&#8221; image_icon_custom_margin_tablet=&#8221;||-18px||false|false&#8221; image_icon_custom_margin_phone=&#8221;|||111px|false|false&#8221; image_icon_custom_margin_last_edited=&#8221;on|desktop&#8221; image_icon_custom_padding=&#8221;||||false|false&#8221; custom_margin=&#8221;||-1px|||&#8221; animation=&#8221;off&#8221; header_text_align_tablet=&#8221;left&#8221; header_text_align_phone=&#8221;center&#8221; header_text_align_last_edited=&#8221;on|phone&#8221; body_font_size_tablet=&#8221;&#8221; body_font_size_phone=&#8221;14px&#8221; body_font_size_last_edited=&#8221;on|phone&#8221; border_color_all_image=&#8221;rgba(0,0,0,0)&#8221; icon_font_size=&#8221;42px&#8221; icon_font_size_tablet=&#8221;22px&#8221; icon_font_size_phone=&#8221;16px&#8221; icon_font_size_last_edited=&#8221;on|phone&#8221; use_circle=&#8221;on&#8221; use_circle_border=&#8221;on&#8221; circle_border_color=&#8221;rgba(0,0,0,0)&#8221; circle_color=&#8221;#afe0c2&#8243; locked=&#8221;off&#8221; global_colors_info=&#8221;{}&#8221; image_icon_background_color__sticky_enabled=&#8221;#7EBEC5&#8243; image_icon_background_color__sticky=&#8221;#7EBEC5&#8243;][\/et_pb_blurb][et_pb_divider show_divider=&#8221;off&#8221; _builder_version=&#8221;4.16&#8243; _module_preset=&#8221;default&#8221; global_colors_info=&#8221;{}&#8221;][\/et_pb_divider][et_pb_blurb title=&#8221;Al facilitar els moviments interns del car\u00e0cter i un canvi de freq\u00fc\u00e8ncies a nivell energ\u00e8tic, es d\u00f3na una obertura de consci\u00e8ncia i tamb\u00e9 sanacions a nivells visibles i invisibles, presents i passats, individuals i sist\u00e8mics.&#8221; image_icon_background_color=&#8221;rgba(255,255,255,0)&#8221; image=&#8221;http:\/\/s895374517.mialojamiento.es\/wp-content\/uploads\/2022\/01\/Semilla_blanca_gg.png&#8221; icon_placement=&#8221;left&#8221; image_icon_width=&#8221;52px&#8221; content_max_width=&#8221;100%&#8221; icon_placement_tablet=&#8221;left&#8221; icon_placement_phone=&#8221;top&#8221; icon_placement_last_edited=&#8221;on|phone&#8221; image_icon_width_tablet=&#8221;22px&#8221; image_icon_width_phone=&#8221;54px&#8221; image_icon_width_last_edited=&#8221;on|phone&#8221; _builder_version=&#8221;4.16.0&#8243; header_font=&#8221;||||||||&#8221; header_text_align=&#8221;left&#8221; header_font_size=&#8221;16px&#8221; header_line_height=&#8221;1.4em&#8221; body_font=&#8221;Muli||||||||&#8221; body_line_height=&#8221;1.8em&#8221; image_icon_custom_margin=&#8221;||-18px||false|false&#8221; image_icon_custom_margin_tablet=&#8221;||-18px||false|false&#8221; image_icon_custom_margin_phone=&#8221;|||111px|false|false&#8221; image_icon_custom_margin_last_edited=&#8221;on|desktop&#8221; image_icon_custom_padding=&#8221;||||false|false&#8221; custom_margin=&#8221;||-1px|||&#8221; animation=&#8221;off&#8221; header_text_align_tablet=&#8221;left&#8221; header_text_align_phone=&#8221;center&#8221; header_text_align_last_edited=&#8221;on|phone&#8221; body_font_size_tablet=&#8221;&#8221; body_font_size_phone=&#8221;14px&#8221; body_font_size_last_edited=&#8221;on|phone&#8221; border_color_all_image=&#8221;rgba(0,0,0,0)&#8221; icon_font_size=&#8221;42px&#8221; icon_font_size_tablet=&#8221;22px&#8221; icon_font_size_phone=&#8221;16px&#8221; icon_font_size_last_edited=&#8221;on|phone&#8221; use_circle=&#8221;on&#8221; use_circle_border=&#8221;on&#8221; circle_border_color=&#8221;rgba(0,0,0,0)&#8221; circle_color=&#8221;#afe0c2&#8243; locked=&#8221;off&#8221; global_colors_info=&#8221;{}&#8221; image_icon_background_color__sticky_enabled=&#8221;#7EBEC5&#8243; image_icon_background_color__sticky=&#8221;#7EBEC5&#8243;][\/et_pb_blurb][et_pb_divider show_divider=&#8221;off&#8221; _builder_version=&#8221;4.16&#8243; _module_preset=&#8221;default&#8221; global_colors_info=&#8221;{}&#8221;][\/et_pb_divider][et_pb_blurb title=&#8221;M\u2019interessa que es pugui donar una obertura de l\u2019ego i de l\u2019\u00c9sser, en paral.lel, apropant la visi\u00f3 i relaci\u00f3 entre tots dos, per poder facilitar la integraci\u00f3 i tamb\u00e9 per a poder viure m\u00e9s en pau, amor, en coher\u00e8ncia i llibertat d\u2019expressi\u00f3.&#8221; image_icon_background_color=&#8221;rgba(255,255,255,0)&#8221; image=&#8221;http:\/\/s895374517.mialojamiento.es\/wp-content\/uploads\/2022\/01\/Semilla_blanca_gg.png&#8221; icon_placement=&#8221;left&#8221; image_icon_width=&#8221;52px&#8221; content_max_width=&#8221;100%&#8221; icon_placement_tablet=&#8221;left&#8221; icon_placement_phone=&#8221;top&#8221; icon_placement_last_edited=&#8221;on|phone&#8221; image_icon_width_tablet=&#8221;22px&#8221; image_icon_width_phone=&#8221;54px&#8221; image_icon_width_last_edited=&#8221;on|phone&#8221; _builder_version=&#8221;4.16.0&#8243; header_font=&#8221;||||||||&#8221; header_text_align=&#8221;left&#8221; header_font_size=&#8221;16px&#8221; header_line_height=&#8221;1.4em&#8221; body_font=&#8221;Muli||||||||&#8221; body_line_height=&#8221;1.8em&#8221; image_icon_custom_margin=&#8221;||-18px||false|false&#8221; image_icon_custom_margin_tablet=&#8221;||-18px||false|false&#8221; image_icon_custom_margin_phone=&#8221;|||111px|false|false&#8221; image_icon_custom_margin_last_edited=&#8221;on|desktop&#8221; image_icon_custom_padding=&#8221;||||false|false&#8221; custom_margin=&#8221;||-1px|||&#8221; animation=&#8221;off&#8221; header_text_align_tablet=&#8221;left&#8221; header_text_align_phone=&#8221;center&#8221; header_text_align_last_edited=&#8221;on|phone&#8221; body_font_size_tablet=&#8221;&#8221; body_font_size_phone=&#8221;14px&#8221; body_font_size_last_edited=&#8221;on|phone&#8221; border_color_all_image=&#8221;rgba(0,0,0,0)&#8221; icon_font_size=&#8221;42px&#8221; icon_font_size_tablet=&#8221;22px&#8221; icon_font_size_phone=&#8221;16px&#8221; icon_font_size_last_edited=&#8221;on|phone&#8221; use_circle=&#8221;on&#8221; use_circle_border=&#8221;on&#8221; circle_border_color=&#8221;rgba(0,0,0,0)&#8221; circle_color=&#8221;#afe0c2&#8243; locked=&#8221;off&#8221; global_colors_info=&#8221;{}&#8221; image_icon_background_color__sticky_enabled=&#8221;#7EBEC5&#8243; image_icon_background_color__sticky=&#8221;#7EBEC5&#8243;][\/et_pb_blurb][et_pb_divider show_divider=&#8221;off&#8221; _builder_version=&#8221;4.16&#8243; _module_preset=&#8221;default&#8221; global_colors_info=&#8221;{}&#8221;][\/et_pb_divider][et_pb_blurb title=&#8221;Acompanyo a conectar amb el propi Ser, amb els altres, amb la Terra i amb altres plans de consci\u00e8ncia, per poder establir una interconexi\u00f3 en com\u00fa-unitat.&#8221; image_icon_background_color=&#8221;rgba(255,255,255,0)&#8221; image=&#8221;http:\/\/s895374517.mialojamiento.es\/wp-content\/uploads\/2022\/01\/Semilla_blanca_gg.png&#8221; icon_placement=&#8221;left&#8221; image_icon_width=&#8221;52px&#8221; content_max_width=&#8221;100%&#8221; icon_placement_tablet=&#8221;left&#8221; icon_placement_phone=&#8221;top&#8221; icon_placement_last_edited=&#8221;on|phone&#8221; image_icon_width_tablet=&#8221;22px&#8221; image_icon_width_phone=&#8221;54px&#8221; image_icon_width_last_edited=&#8221;on|phone&#8221; _builder_version=&#8221;4.16.0&#8243; header_font=&#8221;||||||||&#8221; header_text_align=&#8221;left&#8221; header_font_size=&#8221;16px&#8221; header_line_height=&#8221;1.4em&#8221; body_font=&#8221;Muli||||||||&#8221; body_line_height=&#8221;1.8em&#8221; image_icon_custom_margin=&#8221;||-18px||false|false&#8221; image_icon_custom_margin_tablet=&#8221;||-18px||false|false&#8221; image_icon_custom_margin_phone=&#8221;|||111px|false|false&#8221; image_icon_custom_margin_last_edited=&#8221;on|desktop&#8221; image_icon_custom_padding=&#8221;||||false|false&#8221; custom_margin=&#8221;||-1px|||&#8221; animation=&#8221;off&#8221; header_text_align_tablet=&#8221;left&#8221; header_text_align_phone=&#8221;center&#8221; header_text_align_last_edited=&#8221;on|phone&#8221; body_font_size_tablet=&#8221;&#8221; body_font_size_phone=&#8221;14px&#8221; body_font_size_last_edited=&#8221;on|phone&#8221; border_color_all_image=&#8221;rgba(0,0,0,0)&#8221; icon_font_size=&#8221;42px&#8221; icon_font_size_tablet=&#8221;22px&#8221; icon_font_size_phone=&#8221;16px&#8221; icon_font_size_last_edited=&#8221;on|phone&#8221; use_circle=&#8221;on&#8221; use_circle_border=&#8221;on&#8221; circle_border_color=&#8221;rgba(0,0,0,0)&#8221; circle_color=&#8221;#afe0c2&#8243; locked=&#8221;off&#8221; global_colors_info=&#8221;{}&#8221; image_icon_background_color__sticky_enabled=&#8221;#7EBEC5&#8243; image_icon_background_color__sticky=&#8221;#7EBEC5&#8243;][\/et_pb_blurb][et_pb_divider show_divider=&#8221;off&#8221; _builder_version=&#8221;4.16&#8243; _module_preset=&#8221;default&#8221; global_colors_info=&#8221;{}&#8221;][\/et_pb_divider][et_pb_divider show_divider=&#8221;off&#8221; _builder_version=&#8221;4.16&#8243; _module_preset=&#8221;default&#8221; global_colors_info=&#8221;{}&#8221;][\/et_pb_divider][et_pb_divider show_divider=&#8221;off&#8221; _builder_version=&#8221;4.16&#8243; _module_preset=&#8221;default&#8221; global_colors_info=&#8221;{}&#8221;][\/et_pb_divider][\/et_pb_column][\/et_pb_row][\/et_pb_section][et_pb_section fb_built=&#8221;1&#8243; admin_label=&#8221;About&#8221; _builder_version=&#8221;4.16&#8243; background_color=&#8221;#ffffff&#8221; width=&#8221;90%&#8221; custom_margin=&#8221;||||false|false&#8221; custom_padding=&#8221;|||10vw|false|false&#8221; global_colors_info=&#8221;{}&#8221;][et_pb_row use_custom_gutter=&#8221;on&#8221; gutter_width=&#8221;4&#8243; _builder_version=&#8221;4.16&#8243; width=&#8221;90%&#8221; custom_padding=&#8221;0px|||||&#8221; global_colors_info=&#8221;{}&#8221;][et_pb_column type=&#8221;4_4&#8243; _builder_version=&#8221;4.16&#8243; global_colors_info=&#8221;{}&#8221;][et_pb_text _builder_version=&#8221;4.16.0&#8243; text_font=&#8221;||||||||&#8221; text_line_height=&#8221;1.6em&#8221; header_2_font=&#8221;ZCOOL XiaoWei||||||||&#8221; text_orientation=&#8221;justified&#8221; custom_margin=&#8221;||1px|||&#8221; text_font_size_tablet=&#8221;&#8221; text_font_size_phone=&#8221;14px&#8221; text_font_size_last_edited=&#8221;on|phone&#8221; locked=&#8221;off&#8221; global_colors_info=&#8221;{}&#8221;]<\/p>\n<h2 style=\"text-align: center;\"><strong>On?<\/strong><\/h2>\n<p>[\/et_pb_text][et_pb_text _builder_version=&#8221;4.16.0&#8243; text_font=&#8221;||||||||&#8221; text_line_height=&#8221;1.6em&#8221; header_2_font=&#8221;ZCOOL XiaoWei||||||||&#8221; text_orientation=&#8221;justified&#8221; text_font_size_tablet=&#8221;&#8221; text_font_size_phone=&#8221;14px&#8221; text_font_size_last_edited=&#8221;on|phone&#8221; locked=&#8221;off&#8221; global_colors_info=&#8221;{}&#8221;]<\/p>\n<p style=\"text-align: center;\"><strong>Barcelona:<\/strong><br \/>\nDimarts de 14 a 15,30h &#8211; Quincenal<\/p>\n<p style=\"text-align: center;\"><strong>Montseny:<\/strong><br \/>\nDimecres 11,30-13h &#8211; Quincenal<\/p>\n<p style=\"text-align: center;\"><strong> Mallorca:<\/strong><br \/>\nDivendres 16-17,30h &#8211; Mensual<\/p>\n<p style=\"text-align: center;\"><strong>On-line:<\/strong><br \/>\nDijous 15,30-17h &#8211; Mensual<\/p>\n<p>[\/et_pb_text][\/et_pb_column][\/et_pb_row][et_pb_row use_custom_gutter=&#8221;on&#8221; gutter_width=&#8221;4&#8243; _builder_version=&#8221;4.16&#8243; width=&#8221;90%&#8221; custom_margin=&#8221;27px|auto||auto||&#8221; custom_padding=&#8221;0px|||||&#8221; global_colors_info=&#8221;{}&#8221;][et_pb_column type=&#8221;4_4&#8243; _builder_version=&#8221;4.16&#8243; global_colors_info=&#8221;{}&#8221;][et_pb_button button_url=&#8221;mailto:hola@ariadnabailo.com&#8221; button_text=&#8221;ESCRIU-ME PER A M\u00c9S INFO &#8221; button_alignment=&#8221;center&#8221; button_alignment_tablet=&#8221;left&#8221; button_alignment_phone=&#8221;&#8221; button_alignment_last_edited=&#8221;on|tablet&#8221; _builder_version=&#8221;4.16.0&#8243; custom_button=&#8221;on&#8221; button_text_size=&#8221;22px&#8221; button_bg_color=&#8221;#7953a2&#8243; button_border_width=&#8221;0px&#8221; button_border_radius=&#8221;50px&#8221; button_font=&#8221;Josefin Sans|600|||||||&#8221; background_layout=&#8221;dark&#8221; custom_margin_tablet=&#8221;0px||||false|false&#8221; custom_margin_last_edited=&#8221;off|desktop&#8221; custom_padding=&#8221;15px|40px|15px|40px|true|true&#8221; button_text_size_tablet=&#8221;18px&#8221; button_text_size_phone=&#8221;14px&#8221; button_text_size_last_edited=&#8221;on|phone&#8221; locked=&#8221;off&#8221; global_colors_info=&#8221;{}&#8221;][\/et_pb_button][\/et_pb_column][\/et_pb_row][\/et_pb_section][et_pb_section fb_built=&#8221;1&#8243; admin_label=&#8221;About&#8221; _builder_version=&#8221;4.16&#8243; background_color=&#8221;#ffffff&#8221; width=&#8221;90%&#8221; custom_margin=&#8221;||||false|false&#8221; custom_padding=&#8221;|||10vw|false|false&#8221; global_colors_info=&#8221;{}&#8221;][\/et_pb_section][et_pb_section fb_built=&#8221;1&#8243; admin_label=&#8221;Mission&#8221; module_id=&#8221;curriculum&#8221; _builder_version=&#8221;4.16&#8243; background_color=&#8221;rgba(121,83,162,0.35)&#8221; width=&#8221;100%&#8221; module_alignment=&#8221;center&#8221; custom_margin=&#8221;||||false|false&#8221; custom_padding=&#8221;||0px||false|false&#8221; locked=&#8221;off&#8221; global_colors_info=&#8221;{}&#8221;][et_pb_row _builder_version=&#8221;4.16&#8243; max_width=&#8221;800px&#8221; global_colors_info=&#8221;{}&#8221;][et_pb_column type=&#8221;4_4&#8243; _builder_version=&#8221;4.16&#8243; global_colors_info=&#8221;{}&#8221;][et_pb_text _builder_version=&#8221;4.16.0&#8243; text_font=&#8221;||||||||&#8221; text_text_color=&#8221;rgba(0,0,0,0.72)&#8221; text_line_height=&#8221;1.8em&#8221; header_2_font=&#8221;ZCOOL XiaoWei|600|||||||&#8221; header_2_font_size=&#8221;60px&#8221; header_2_line_height=&#8221;1.2em&#8221; text_font_size_tablet=&#8221;&#8221; text_font_size_phone=&#8221;14px&#8221; text_font_size_last_edited=&#8221;on|phone&#8221; header_2_font_size_tablet=&#8221;42px&#8221; header_2_font_size_phone=&#8221;24px&#8221; header_2_font_size_last_edited=&#8221;on|phone&#8221; header_2_line_height_tablet=&#8221;&#8221; header_2_line_height_phone=&#8221;1.4em&#8221; header_2_line_height_last_edited=&#8221;on|phone&#8221; locked=&#8221;off&#8221; global_colors_info=&#8221;{}&#8221;]<\/p>\n<h2>Testimonies<\/h2>\n<p>&nbsp;<\/p>\n<p>[\/et_pb_text][\/et_pb_column][\/et_pb_row][et_pb_row column_structure=&#8221;1_2,1_2&#8243; _builder_version=&#8221;4.16&#8243; max_width=&#8221;800px&#8221; custom_padding=&#8221;5px|||||&#8221; global_colors_info=&#8221;{}&#8221;][et_pb_column type=&#8221;1_2&#8243; _builder_version=&#8221;4.16&#8243; global_colors_info=&#8221;{}&#8221;][et_pb_testimonial author=&#8221;Sonia Guti\u00e9rrez&#8221; company_name=&#8221;Psic\u00f2loga&#8221; quote_icon=&#8221;off&#8221; _builder_version=&#8221;4.16.0&#8243; _module_preset=&#8221;default&#8221; background_color=&#8221;rgba(245,245,245,0.85)&#8221; global_colors_info=&#8221;{}&#8221;]<\/p>\n<div><em>\u201cParticipar en el grup I Am de l\u2019Ariadna est\u00e0 siguent una experi\u00e8ncia molt important per mi des del confinament. \u00c9s un espai on poder ser, expressar all\u00f2 m\u00e9s vulnerable, i estar acompanyada amb fermesa i tendresa. \u00c9s un espai des d\u2019on surto m\u00e9s alineada amb mi mateixa. L\u2019Ariadna \u00e9s delicada, amorosa, i tamb\u00e9 amb humor i determinaci\u00f3 es centra i facilita els moviments que afavoreixen la comprensi\u00f3, la integraci\u00f3, el creixement personal i espiritual.<\/em><\/div>\n<div><em>Jo estic molt agra\u00efda de poder compartir aquest espai, de formar part del grup, de ser acollida.<\/em><\/div>\n<div><em>Gr\u00e0cies Ariadna.\u201d<\/em><\/div>\n<p>[\/et_pb_testimonial][et_pb_testimonial author=&#8221;Maria Paloma Vaquer&#8221; company_name=&#8221;Economista&#8221; quote_icon=&#8221;off&#8221; _builder_version=&#8221;4.16.0&#8243; _module_preset=&#8221;default&#8221; background_color=&#8221;rgba(245,245,245,0.85)&#8221; global_colors_info=&#8221;{}&#8221;]<\/p>\n<div><em>\u201cSento un agra\u00efment enorme i un fort comprom\u00eds a poder formar part d&#8217;aquesta xarxa d&#8217;\u00e9ssers meravellosos connectats des de l&#8217;ess\u00e8ncia.<\/em><\/div>\n<div><em>En aquestes sessions assistides per \u00e9ssers de llum supradimensionals i canalitzades tan amorosament per l\u2019Ariadna, sento refor\u00e7ar el meu \u00e9sser, sento la sustentaci\u00f3 del conjunt i l&#8217;efecte multiplicador que es genera per a tots, tal com granet de sorra en el proc\u00e9s global d&#8217;augment de consci\u00e8ncia.<\/em><\/div>\n<div><em>De nou, gr\u00e0cies Ariadna per la teva tasca.\u201d<\/em><\/div>\n<p>&nbsp;<\/p>\n<p>[\/et_pb_testimonial][\/et_pb_column][et_pb_column type=&#8221;1_2&#8243; _builder_version=&#8221;4.16&#8243; global_colors_info=&#8221;{}&#8221;][et_pb_testimonial author=&#8221;S\u00edlvia Molas&#8221; company_name=&#8221;Dissenyadora d&#8217;emocions&#8221; quote_icon=&#8221;off&#8221; _builder_version=&#8221;4.16.0&#8243; _module_preset=&#8221;default&#8221; background_color=&#8221;rgba(245,245,245,0.85)&#8221; global_colors_info=&#8221;{}&#8221;]<\/p>\n<div><em>\u201cLes sessions grupals amb l&#8217;Ariadna son pura vitamina per l&#8217;\u00e0nima. Em regalo aquest espai per mi, connectem i ens expressem des del cor, respirem, ens empoderem, i amb el grup ens fem de miralls i es potencia l&#8217;energia.\u201d<\/em><\/div>\n<p>&nbsp;<\/p>\n<p>[\/et_pb_testimonial][et_pb_testimonial author=&#8221;ETELVINA REIS, 49 a\u00f1os &#8221; job_title=&#8221;Arquitecta, fot\u00f3grafa y profesora en diversas universidades de Brasil&#8221; quote_icon=&#8221;off&#8221; _builder_version=&#8221;4.16.0&#8243; _module_preset=&#8221;default&#8221; background_color=&#8221;rgba(245,245,245,0.85)&#8221; hover_enabled=&#8221;0&#8243; global_colors_info=&#8221;{}&#8221; disabled_on=&#8221;on|on|on&#8221; disabled=&#8221;on&#8221; sticky_enabled=&#8221;0&#8243;]<\/p>\n<div>\n<div>\n<p><em><span lang=\"ES\">En las sesiones de canalizaci\u00f3n en grupo\u00a0se forma un ambiente m\u00e1gico, espiritual, que pocas veces he sentido en mi vida. Yo necesito esta conexi\u00f3n con algo m\u00e1s all\u00e1 de esta vida material, y la verdad es que siempre que he estado en una sesi\u00f3n contigo, sea privada o colectiva, he sentido esta conexi\u00f3n con lo alto, con los seres elevados espiritualmente, como si estuviera en otra dimensi\u00f3n.<\/span><\/em><span lang=\"ES\"><o:p><\/o:p><\/span><\/p>\n<\/div>\n<\/div>\n<p>[\/et_pb_testimonial][\/et_pb_column][\/et_pb_row][et_pb_row _builder_version=&#8221;4.16&#8243; width=&#8221;100%&#8221; max_width=&#8221;none&#8221; max_width_tablet=&#8221;70%&#8221; max_width_phone=&#8221;100%&#8221; max_width_last_edited=&#8221;off|desktop&#8221; module_alignment=&#8221;left&#8221; custom_margin=&#8221;||0px||false|false&#8221; custom_margin_tablet=&#8221;5%||-20%||false|false&#8221; custom_margin_phone=&#8221;||0%||false|false&#8221; custom_margin_last_edited=&#8221;off|desktop&#8221; custom_padding=&#8221;||0px||false|false&#8221; locked=&#8221;off&#8221; global_colors_info=&#8221;{}&#8221;][et_pb_column type=&#8221;4_4&#8243; _builder_version=&#8221;4.16&#8243; global_colors_info=&#8221;{}&#8221;][\/et_pb_column][\/et_pb_row][\/et_pb_section][et_pb_section fb_built=&#8221;1&#8243; admin_label=&#8221;Footer&#8221; _builder_version=&#8221;4.16&#8243; background_color=&#8221;#ffffff&#8221; use_background_color_gradient=&#8221;on&#8221; background_color_gradient_stops=&#8221;rgba(255,255,255,0.8) 0%|rgba(255,255,255,0.8) 100%&#8221; background_color_gradient_overlays_image=&#8221;on&#8221; background_color_gradient_start=&#8221;rgba(255,255,255,0.8)&#8221; background_color_gradient_end=&#8221;rgba(255,255,255,0.8)&#8221; background_image=&#8221;http:\/\/s895374517.mialojamiento.es\/wp-content\/uploads\/2021\/12\/Logo_Iam_Llavor.png&#8221; background_position=&#8221;top_left&#8221; background_repeat=&#8221;repeat&#8221; overflow-x=&#8221;hidden&#8221; overflow-y=&#8221;hidden&#8221; locked=&#8221;off&#8221; collapsed=&#8221;on&#8221; global_colors_info=&#8221;{}&#8221;][et_pb_row _builder_version=&#8221;4.16&#8243; width=&#8221;60%&#8221; global_colors_info=&#8221;{}&#8221;][et_pb_column type=&#8221;4_4&#8243; _builder_version=&#8221;4.16&#8243; global_colors_info=&#8221;{}&#8221;][\/et_pb_column][\/et_pb_row][et_pb_row column_structure=&#8221;1_3,1_3,1_3&#8243; use_custom_gutter=&#8221;on&#8221; gutter_width=&#8221;2&#8243; make_equal=&#8221;on&#8221; _builder_version=&#8221;4.16&#8243; width=&#8221;54%&#8221; global_colors_info=&#8221;{}&#8221;][et_pb_column type=&#8221;1_3&#8243; _builder_version=&#8221;4.16&#8243; global_colors_info=&#8221;{}&#8221;][et_pb_icon font_icon=&#8221;&#xf199;||fa||900&#8243; icon_color=&#8221;#6f86c3&#8243; icon_width=&#8221;60px&#8221; url=&#8221;mailto:hola@ariadnabailo.com&#8221; _builder_version=&#8221;4.16&#8243; _module_preset=&#8221;default&#8221; global_colors_info=&#8221;{}&#8221;][\/et_pb_icon][et_pb_text _builder_version=&#8221;4.16&#8243; text_font=&#8221;Muli||||||||&#8221; text_line_height=&#8221;1.8em&#8221; header_3_font=&#8221;Josefin Sans||||||||&#8221; header_3_line_height=&#8221;1.4em&#8221; text_orientation=&#8221;center&#8221; text_font_size_tablet=&#8221;&#8221; text_font_size_phone=&#8221;14px&#8221; text_font_size_last_edited=&#8221;on|phone&#8221; header_3_font_size_tablet=&#8221;20px&#8221; header_3_font_size_phone=&#8221;18px&#8221; header_3_font_size_last_edited=&#8221;on|tablet&#8221; header_3_line_height_tablet=&#8221;&#8221; header_3_line_height_phone=&#8221;1.8em&#8221; header_3_line_height_last_edited=&#8221;on|phone&#8221; locked=&#8221;off&#8221; global_colors_info=&#8221;{}&#8221;]<\/p>\n<h3>hola@ariadnabailo.com<\/h3>\n<p>[\/et_pb_text][\/et_pb_column][et_pb_column type=&#8221;1_3&#8243; _builder_version=&#8221;4.16&#8243; global_colors_info=&#8221;{}&#8221;][et_pb_icon font_icon=&#8221;&#xf2c6;||fa||400&#8243; icon_color=&#8221;#6f86c3&#8243; icon_width=&#8221;60px&#8221; _builder_version=&#8221;4.16&#8243; _module_preset=&#8221;default&#8221; global_colors_info=&#8221;{}&#8221;][\/et_pb_icon][et_pb_text _builder_version=&#8221;4.16&#8243; text_font=&#8221;Muli||||||||&#8221; text_line_height=&#8221;1.8em&#8221; header_3_font=&#8221;Josefin Sans||||||||&#8221; header_3_line_height=&#8221;1.4em&#8221; text_orientation=&#8221;center&#8221; text_font_size_tablet=&#8221;&#8221; text_font_size_phone=&#8221;14px&#8221; text_font_size_last_edited=&#8221;on|phone&#8221; header_3_font_size_tablet=&#8221;20px&#8221; header_3_font_size_phone=&#8221;18px&#8221; header_3_font_size_last_edited=&#8221;on|tablet&#8221; header_3_line_height_tablet=&#8221;&#8221; header_3_line_height_phone=&#8221;1.8em&#8221; header_3_line_height_last_edited=&#8221;on|phone&#8221; locked=&#8221;off&#8221; global_colors_info=&#8221;{}&#8221;]<\/p>\n<h3>ariadnabailo<\/h3>\n<p>[\/et_pb_text][\/et_pb_column][et_pb_column type=&#8221;1_3&#8243; _builder_version=&#8221;4.16&#8243; global_colors_info=&#8221;{}&#8221;][et_pb_icon font_icon=&#8221;&#xe0a3;||divi||400&#8243; icon_color=&#8221;#6f86c3&#8243; icon_width=&#8221;60px&#8221; _builder_version=&#8221;4.16&#8243; _module_preset=&#8221;default&#8221; global_colors_info=&#8221;{}&#8221;][\/et_pb_icon][et_pb_text _builder_version=&#8221;4.16&#8243; text_font=&#8221;Muli||||||||&#8221; text_line_height=&#8221;1.8em&#8221; header_3_font=&#8221;Josefin Sans||||||||&#8221; header_3_line_height=&#8221;1.4em&#8221; text_orientation=&#8221;center&#8221; text_font_size_tablet=&#8221;&#8221; text_font_size_phone=&#8221;14px&#8221; text_font_size_last_edited=&#8221;on|phone&#8221; header_3_font_size_tablet=&#8221;20px&#8221; header_3_font_size_phone=&#8221;18px&#8221; header_3_font_size_last_edited=&#8221;on|tablet&#8221; header_3_line_height_tablet=&#8221;&#8221; header_3_line_height_phone=&#8221;1.8em&#8221; header_3_line_height_last_edited=&#8221;on|phone&#8221; locked=&#8221;off&#8221; global_colors_info=&#8221;{}&#8221;]<\/p>\n<h3>ariadnabailo<\/h3>\n<p>[\/et_pb_text][\/et_pb_column][\/et_pb_row][\/et_pb_section]<\/p>\n","protected":false},"excerpt":{"rendered":"<p>I AMQu\u00e8 \u00e9s?\u00c9s un grup actiu de pr\u00e0ctica i comprom\u00eds amb el Ser. D\u2019obertura de la consci\u00e8ncia i per adquirir la plena responsabilitat amb el que S\u00f3c. Tamb\u00e9 \u00e9s un v\u00f2rtix d\u2019ascensi\u00f3 planet\u00e0ria.Qu\u00e8 fem?Al grup compartim: l\u2019obertura i l\u2019expansi\u00f3 de la consci\u00e8ncia l\u2019elevaci\u00f3 de la vibraci\u00f3 l\u2019exploraci\u00f3 del nostre potencial (ment, emoci\u00f3, cos i \u00e0nima), [&hellip;]<\/p>\n","protected":false},"author":1,"featured_media":0,"parent":0,"menu_order":0,"comment_status":"closed","ping_status":"closed","template":"","meta":{"_et_pb_use_builder":"on","_et_pb_old_content":"","_et_gb_content_width":"","footnotes":""},"class_list":["post-353","page","type-page","status-publish","hentry"],"yoast_head":"<!-- This site is optimized with the Yoast SEO plugin v27.5 - https:\/\/yoast.com\/product\/yoast-seo-wordpress\/ -->\n<title>I AM - Ariadna Bailo<\/title>\n<meta name=\"robots\" content=\"index, follow, max-snippet:-1, max-image-preview:large, max-video-preview:-1\" \/>\n<link rel=\"canonical\" href=\"http:\/\/ariadnabailo.com\/ca\/i-am\" \/>\n<meta property=\"og:locale\" content=\"ca_ES\" \/>\n<meta property=\"og:type\" content=\"article\" \/>\n<meta property=\"og:title\" content=\"I AM - Ariadna Bailo\" \/>\n<meta property=\"og:description\" content=\"I AMQu\u00e8 \u00e9s?\u00c9s un grup actiu de pr\u00e0ctica i comprom\u00eds amb el Ser. D\u2019obertura de la consci\u00e8ncia i per adquirir la plena responsabilitat amb el que S\u00f3c. Tamb\u00e9 \u00e9s un v\u00f2rtix d\u2019ascensi\u00f3 planet\u00e0ria.Qu\u00e8 fem?Al grup compartim: l\u2019obertura i l\u2019expansi\u00f3 de la consci\u00e8ncia l\u2019elevaci\u00f3 de la vibraci\u00f3 l\u2019exploraci\u00f3 del nostre potencial (ment, emoci\u00f3, cos i \u00e0nima), [&hellip;]\" \/>\n<meta property=\"og:url\" content=\"http:\/\/ariadnabailo.com\/ca\/i-am\" \/>\n<meta property=\"og:site_name\" content=\"Ariadna Bailo\" \/>\n<meta property=\"article:modified_time\" content=\"2022-05-09T17:41:35+00:00\" \/>\n<meta name=\"twitter:card\" content=\"summary_large_image\" \/>\n<meta name=\"twitter:label1\" content=\"Temps estimat de lectura\" \/>\n\t<meta name=\"twitter:data1\" content=\"22 minuts\" \/>\n<script type=\"application\/ld+json\" class=\"yoast-schema-graph\">{\"@context\":\"https:\\\/\\\/schema.org\",\"@graph\":[{\"@type\":\"WebPage\",\"@id\":\"http:\\\/\\\/ariadnabailo.com\\\/ca\\\/i-am\",\"url\":\"http:\\\/\\\/ariadnabailo.com\\\/ca\\\/i-am\",\"name\":\"I AM - Ariadna Bailo\",\"isPartOf\":{\"@id\":\"https:\\\/\\\/ariadnabailo.com\\\/ca\\\/#website\"},\"datePublished\":\"2022-01-22T15:53:02+00:00\",\"dateModified\":\"2022-05-09T17:41:35+00:00\",\"breadcrumb\":{\"@id\":\"http:\\\/\\\/ariadnabailo.com\\\/ca\\\/i-am#breadcrumb\"},\"inLanguage\":\"ca\",\"potentialAction\":[{\"@type\":\"ReadAction\",\"target\":[\"http:\\\/\\\/ariadnabailo.com\\\/ca\\\/i-am\"]}]},{\"@type\":\"BreadcrumbList\",\"@id\":\"http:\\\/\\\/ariadnabailo.com\\\/ca\\\/i-am#breadcrumb\",\"itemListElement\":[{\"@type\":\"ListItem\",\"position\":1,\"name\":\"Portada\",\"item\":\"https:\\\/\\\/ariadnabailo.com\\\/ca\"},{\"@type\":\"ListItem\",\"position\":2,\"name\":\"I AM\"}]},{\"@type\":\"WebSite\",\"@id\":\"https:\\\/\\\/ariadnabailo.com\\\/ca\\\/#website\",\"url\":\"https:\\\/\\\/ariadnabailo.com\\\/ca\\\/\",\"name\":\"Ariadna Bailo\",\"description\":\"\",\"potentialAction\":[{\"@type\":\"SearchAction\",\"target\":{\"@type\":\"EntryPoint\",\"urlTemplate\":\"https:\\\/\\\/ariadnabailo.com\\\/ca\\\/?s={search_term_string}\"},\"query-input\":{\"@type\":\"PropertyValueSpecification\",\"valueRequired\":true,\"valueName\":\"search_term_string\"}}],\"inLanguage\":\"ca\"}]}<\/script>\n<!-- \/ Yoast SEO plugin. -->","yoast_head_json":{"title":"I AM - Ariadna Bailo","robots":{"index":"index","follow":"follow","max-snippet":"max-snippet:-1","max-image-preview":"max-image-preview:large","max-video-preview":"max-video-preview:-1"},"canonical":"http:\/\/ariadnabailo.com\/ca\/i-am","og_locale":"ca_ES","og_type":"article","og_title":"I AM - Ariadna Bailo","og_description":"I AMQu\u00e8 \u00e9s?\u00c9s un grup actiu de pr\u00e0ctica i comprom\u00eds amb el Ser. D\u2019obertura de la consci\u00e8ncia i per adquirir la plena responsabilitat amb el que S\u00f3c. Tamb\u00e9 \u00e9s un v\u00f2rtix d\u2019ascensi\u00f3 planet\u00e0ria.Qu\u00e8 fem?Al grup compartim: l\u2019obertura i l\u2019expansi\u00f3 de la consci\u00e8ncia l\u2019elevaci\u00f3 de la vibraci\u00f3 l\u2019exploraci\u00f3 del nostre potencial (ment, emoci\u00f3, cos i \u00e0nima), [&hellip;]","og_url":"http:\/\/ariadnabailo.com\/ca\/i-am","og_site_name":"Ariadna Bailo","article_modified_time":"2022-05-09T17:41:35+00:00","twitter_card":"summary_large_image","twitter_misc":{"Temps estimat de lectura":"22 minuts"},"schema":{"@context":"https:\/\/schema.org","@graph":[{"@type":"WebPage","@id":"http:\/\/ariadnabailo.com\/ca\/i-am","url":"http:\/\/ariadnabailo.com\/ca\/i-am","name":"I AM - Ariadna Bailo","isPartOf":{"@id":"https:\/\/ariadnabailo.com\/ca\/#website"},"datePublished":"2022-01-22T15:53:02+00:00","dateModified":"2022-05-09T17:41:35+00:00","breadcrumb":{"@id":"http:\/\/ariadnabailo.com\/ca\/i-am#breadcrumb"},"inLanguage":"ca","potentialAction":[{"@type":"ReadAction","target":["http:\/\/ariadnabailo.com\/ca\/i-am"]}]},{"@type":"BreadcrumbList","@id":"http:\/\/ariadnabailo.com\/ca\/i-am#breadcrumb","itemListElement":[{"@type":"ListItem","position":1,"name":"Portada","item":"https:\/\/ariadnabailo.com\/ca"},{"@type":"ListItem","position":2,"name":"I AM"}]},{"@type":"WebSite","@id":"https:\/\/ariadnabailo.com\/ca\/#website","url":"https:\/\/ariadnabailo.com\/ca\/","name":"Ariadna Bailo","description":"","potentialAction":[{"@type":"SearchAction","target":{"@type":"EntryPoint","urlTemplate":"https:\/\/ariadnabailo.com\/ca\/?s={search_term_string}"},"query-input":{"@type":"PropertyValueSpecification","valueRequired":true,"valueName":"search_term_string"}}],"inLanguage":"ca"}]}},"jetpack_sharing_enabled":true,"_links":{"self":[{"href":"http:\/\/ariadnabailo.com\/ca\/wp-json\/wp\/v2\/pages\/353","targetHints":{"allow":["GET"]}}],"collection":[{"href":"http:\/\/ariadnabailo.com\/ca\/wp-json\/wp\/v2\/pages"}],"about":[{"href":"http:\/\/ariadnabailo.com\/ca\/wp-json\/wp\/v2\/types\/page"}],"author":[{"embeddable":true,"href":"http:\/\/ariadnabailo.com\/ca\/wp-json\/wp\/v2\/users\/1"}],"replies":[{"embeddable":true,"href":"http:\/\/ariadnabailo.com\/ca\/wp-json\/wp\/v2\/comments?post=353"}],"version-history":[{"count":14,"href":"http:\/\/ariadnabailo.com\/ca\/wp-json\/wp\/v2\/pages\/353\/revisions"}],"predecessor-version":[{"id":939,"href":"http:\/\/ariadnabailo.com\/ca\/wp-json\/wp\/v2\/pages\/353\/revisions\/939"}],"wp:attachment":[{"href":"http:\/\/ariadnabailo.com\/ca\/wp-json\/wp\/v2\/media?parent=353"}],"curies":[{"name":"wp","href":"https:\/\/api.w.org\/{rel}","templated":true}]}}