{"id":1416,"date":"2025-08-04T12:58:36","date_gmt":"2025-08-04T12:58:36","guid":{"rendered":"https:\/\/ariadnabailo.com\/?page_id=1416"},"modified":"2025-08-04T22:58:32","modified_gmt":"2025-08-04T22:58:32","slug":"respira","status":"publish","type":"page","link":"http:\/\/ariadnabailo.com\/ca\/respira","title":{"rendered":"RESPIRA"},"content":{"rendered":"<p>[et_pb_section fb_built=&#8221;1&#8243; prev_background_color=&#8221;#ffffff&#8221; next_background_color=&#8221;#ffffff&#8221; admin_label=&#8221;Header&#8221; _builder_version=&#8221;4.16.0&#8243; use_background_color_gradient=&#8221;on&#8221; background_color_gradient_stops=&#8221;rgba(0,0,0,0.3) 0%|rgba(0,0,0,0.3) 100%&#8221; background_color_gradient_start=&#8221;rgba(0,0,0,0.3)&#8221; background_color_gradient_end=&#8221;rgba(0,0,0,0.3)&#8221; background_image=&#8221;https:\/\/ariadnabailo.com\/wp-content\/uploads\/2022\/05\/Ariadna-def-8.jpg&#8221; parallax=&#8221;on&#8221; parallax_method=&#8221;off&#8221; custom_padding=&#8221;||16vw||false|false&#8221; top_divider_style=&#8221;arrow3&#8243; bottom_divider_style=&#8221;arrow3&#8243; locked=&#8221;off&#8221; global_colors_info=&#8221;{}&#8221; theme_builder_area=&#8221;post_content&#8221;][et_pb_row _builder_version=&#8221;4.16&#8243; global_colors_info=&#8221;{}&#8221; theme_builder_area=&#8221;post_content&#8221;][et_pb_column type=&#8221;4_4&#8243; _builder_version=&#8221;4.16&#8243; global_colors_info=&#8221;{}&#8221; theme_builder_area=&#8221;post_content&#8221;][et_pb_text _builder_version=&#8221;4.27.4&#8243; text_font=&#8221;Muli||||||||&#8221; text_font_size=&#8221;22px&#8221; text_line_height=&#8221;1.4em&#8221; header_font=&#8221;ZCOOL XiaoWei||||||||&#8221; header_text_align=&#8221;left&#8221; header_font_size=&#8221;80px&#8221; text_orientation=&#8221;center&#8221; background_layout=&#8221;dark&#8221; max_width=&#8221;800%&#8221; module_alignment=&#8221;center&#8221; custom_margin=&#8221;90px||||false|false&#8221; custom_padding=&#8221;||||false|false&#8221; filter_opacity=&#8221;90%&#8221; text_font_size_tablet=&#8221;18px&#8221; text_font_size_phone=&#8221;16px&#8221; text_font_size_last_edited=&#8221;on|tablet&#8221; text_line_height_tablet=&#8221;&#8221; text_line_height_phone=&#8221;1.8em&#8221; text_line_height_last_edited=&#8221;on|phone&#8221; header_font_size_tablet=&#8221;48px&#8221; header_font_size_phone=&#8221;30px&#8221; header_font_size_last_edited=&#8221;on|phone&#8221; global_colors_info=&#8221;{}&#8221; theme_builder_area=&#8221;post_content&#8221;]<\/p>\n<h1 style=\"text-align: center;\"><span>RESPIRA<\/span><\/h1>\n<p>[\/et_pb_text][et_pb_text _builder_version=&#8221;4.27.4&#8243; _module_preset=&#8221;default&#8221; header_text_color=&#8221;#FFFFFF&#8221; hover_enabled=&#8221;0&#8243; header_font_size_tablet=&#8221;&#8221; header_font_size_phone=&#8221;17px&#8221; header_font_size_last_edited=&#8221;on|phone&#8221; global_colors_info=&#8221;{}&#8221; theme_builder_area=&#8221;post_content&#8221; sticky_enabled=&#8221;0&#8243;]<\/p>\n<h1 class=\"\" style=\"text-align: center;\"><span>Comprom\u00eds de vida<\/span><\/h1>\n<p>[\/et_pb_text][\/et_pb_column][\/et_pb_row][\/et_pb_section][et_pb_section fb_built=&#8221;1&#8243; admin_label=&#8221;About&#8221; _builder_version=&#8221;4.16&#8243; background_color=&#8221;#ffffff&#8221; width=&#8221;90%&#8221; custom_margin=&#8221;||||false|false&#8221; custom_padding=&#8221;|||10vw|false|false&#8221; global_colors_info=&#8221;{}&#8221; locked=&#8221;off&#8221; theme_builder_area=&#8221;post_content&#8221;][et_pb_row use_custom_gutter=&#8221;on&#8221; gutter_width=&#8221;4&#8243; _builder_version=&#8221;4.16&#8243; width=&#8221;90%&#8221; custom_padding=&#8221;0px|||||&#8221; global_colors_info=&#8221;{}&#8221; theme_builder_area=&#8221;post_content&#8221;][et_pb_column type=&#8221;4_4&#8243; _builder_version=&#8221;4.16&#8243; global_colors_info=&#8221;{}&#8221; theme_builder_area=&#8221;post_content&#8221;][et_pb_text _builder_version=&#8221;4.27.4&#8243; text_font=&#8221;ZCOOL XiaoWei||||||||&#8221; text_text_color=&#8221;#a9804a&#8221; text_font_size=&#8221;35px&#8221; text_line_height=&#8221;1.1em&#8221; text_font_size_tablet=&#8221;36px&#8221; text_font_size_phone=&#8221;24px&#8221; text_font_size_last_edited=&#8221;on|phone&#8221; text_line_height_tablet=&#8221;1.1em&#8221; text_line_height_phone=&#8221;1.4em&#8221; text_line_height_last_edited=&#8221;on|phone&#8221; locked=&#8221;off&#8221; global_colors_info=&#8221;{}&#8221; theme_builder_area=&#8221;post_content&#8221;]<\/p>\n<p><span>Vols escoltar-te?<\/span><br \/><span>No fer cas a ning\u00fa?<\/span><br \/><span>Ser-te fidel?<\/span><\/p>\n<p><span>Ser qui vols ser?<\/span><\/p>\n<p><span>\u00c9s un grand\u00edssim comprom\u00eds.<\/span><\/p>\n<p><span>Amb la vida.<\/span><br \/><span>Amb la teva vida.<\/span><\/p>\n<p>[\/et_pb_text][et_pb_text _builder_version=&#8221;4.27.4&#8243; text_font=&#8221;||||||||&#8221; text_line_height=&#8221;1.6em&#8221; header_2_font=&#8221;ZCOOL XiaoWei||||||||&#8221; text_orientation=&#8221;justified&#8221; text_font_size_tablet=&#8221;&#8221; text_font_size_phone=&#8221;14px&#8221; text_font_size_last_edited=&#8221;on|phone&#8221; locked=&#8221;off&#8221; global_colors_info=&#8221;{}&#8221; theme_builder_area=&#8221;post_content&#8221;]<\/p>\n<p><span>No hem vingut a complaure, a ser bons. <\/span><br \/><span>A salvar a la humanitat.<\/span><br \/><span>Hem encarnat per a viure la nostra pr\u00f2pia experi\u00e8ncia i brillar amb llum pr\u00f2pia, ben arrelats.<\/span><\/p>\n<p><span>Alinear-nos amb la nostra freq\u00fc\u00e8ncia.<\/span><br \/><span>Im-pulsar la nostra energia de vida. <\/span><br \/><span>De creaci\u00f3.<\/span><\/p>\n<p><span>Trans-formar el sistema des de dins. Des del nostre moviment instr\u00ednseco m\u00e9s profund, sent qui som.<\/span><\/p>\n<p><span>Aportant el nostre potencial i compartint el nostre saber. <\/span><\/p>\n<p><span>T&#8217;atreveixes?<\/span><br \/><span>Ho tries?<\/span><\/p>\n<p><span>Alliberarem el nostre Ser de les idees preconcebudes, de les projeccions, interpretacions, judicis i bones intencions. <\/span><br \/><span>En comptes de tenir bones intencions i prou, atrevim-nos a anar per la vida a tope, en la millor companyia: <\/span><br \/><span>amb tu mateix@.<\/span><\/p>\n<p><span>Benvingud@s al Programa d&#8217;empoderament i connexi\u00f3 amb la nostra ess\u00e8ncia.<\/span><\/p>\n<p><span>Estructura: crearem un espai en grup i un altre individual, per sentint-nos ben cuidats .<\/span><\/p>\n<p><span>Format: en l\u00ednia i presencial <\/span><\/p>\n<p>[\/et_pb_text][et_pb_text _builder_version=&#8221;4.27.4&#8243; text_font=&#8221;||||||||&#8221; text_line_height=&#8221;1.6em&#8221; header_2_font=&#8221;ZCOOL XiaoWei|||on|||||&#8221; text_orientation=&#8221;justified&#8221; custom_margin=&#8221;||-1px|||&#8221; text_font_size_tablet=&#8221;&#8221; text_font_size_phone=&#8221;14px&#8221; text_font_size_last_edited=&#8221;on|phone&#8221; locked=&#8221;off&#8221; global_colors_info=&#8221;{}&#8221; theme_builder_area=&#8221;post_content&#8221;]<\/p>\n<h2><span>C\u00e8l\u00b7lules de consci\u00e8ncia <\/span><\/h2>\n<p>[\/et_pb_text][et_pb_text _builder_version=&#8221;4.27.4&#8243; text_font=&#8221;||||||||&#8221; text_line_height=&#8221;1.6em&#8221; header_2_font=&#8221;ZCOOL XiaoWei||||||||&#8221; text_orientation=&#8221;justified&#8221; text_font_size_tablet=&#8221;&#8221; text_font_size_phone=&#8221;14px&#8221; text_font_size_last_edited=&#8221;on|phone&#8221; locked=&#8221;off&#8221; global_colors_info=&#8221;{}&#8221; theme_builder_area=&#8221;post_content&#8221;]<\/p>\n<p><span>Trobades en grup mensuals<\/span><br \/><span>Opcions: <\/span><br \/><span>Dilluns o dimarts mat\u00ed<\/span><br \/><span>Miercoles o Dijous tarda<\/span><\/p>\n<p><span>Atenci\u00f3 individual\/ suport personal mensual (descompte per formar part de RESPIRA)<\/span><\/p>\n<p><span>Un trobada d&#8217;acompanyament (supervisi\u00f3 del que s\u2019ha mogut en la c\u00e8l\u2022lula de consci\u00e8ncia, generant un espai de visi\u00f3 clara, comprom\u00eds i facilitat per a Ser) <\/span><\/p>\n<p>[\/et_pb_text][\/et_pb_column][\/et_pb_row][et_pb_row use_custom_gutter=&#8221;on&#8221; gutter_width=&#8221;4&#8243; _builder_version=&#8221;4.16&#8243; width=&#8221;90%&#8221; custom_padding=&#8221;0px|||||&#8221; global_colors_info=&#8221;{}&#8221; theme_builder_area=&#8221;post_content&#8221;][et_pb_column type=&#8221;4_4&#8243; _builder_version=&#8221;4.16&#8243; global_colors_info=&#8221;{}&#8221; theme_builder_area=&#8221;post_content&#8221;][et_pb_text _builder_version=&#8221;4.27.4&#8243; text_font=&#8221;||||||||&#8221; text_line_height=&#8221;1.6em&#8221; header_2_font=&#8221;ZCOOL XiaoWei||||||||&#8221; text_orientation=&#8221;justified&#8221; custom_margin=&#8221;||-1px|||&#8221; text_font_size_tablet=&#8221;&#8221; text_font_size_phone=&#8221;14px&#8221; text_font_size_last_edited=&#8221;on|phone&#8221; locked=&#8221;off&#8221; global_colors_info=&#8221;{}&#8221; theme_builder_area=&#8221;post_content&#8221;]<\/p>\n<h2><span>C\u00c8L\u2022LULA DE CONSCI\u00c8NCIA<\/span><br \/><span>PER A TERAPEUTES <\/span><br \/><span>I ACOMPANYANTS DE PROCESSOS<\/span><\/h2>\n<p>[\/et_pb_text][et_pb_text _builder_version=&#8221;4.27.4&#8243; text_font=&#8221;||||||||&#8221; text_line_height=&#8221;1.6em&#8221; header_2_font=&#8221;ZCOOL XiaoWei||||||||&#8221; text_orientation=&#8221;justified&#8221; text_font_size_tablet=&#8221;&#8221; text_font_size_phone=&#8221;14px&#8221; text_font_size_last_edited=&#8221;on|phone&#8221; locked=&#8221;off&#8221; global_colors_info=&#8221;{}&#8221; theme_builder_area=&#8221;post_content&#8221;]<\/p>\n<p><span>Fa m\u00e9s de 30 anys que acompanyo processos de vida. <\/span><br \/><span>D&#8217;aqu\u00ed, que dediqui un espai especial per als acompanyants. <\/span><\/p>\n<p><span>Per a all\u00f2 que m&#8217;hagu\u00e9s agradat trobar en el meu cam\u00ed de terapeuta. <\/span><br \/><span>Perqu\u00e8 l@s que acompanyem, sentim suport, enfocament i resoluci\u00f3 m\u00e9s clara.<\/span><br \/><span>Autenticitat i pres\u00e8ncia.<\/span><br \/><span>Escolta i valoraci\u00f3 del que Soc, m\u00e9s enll\u00e0 de ls forma terap\u00e8utica que em defineix.<\/span><\/p>\n<p><span>Sents la crida? <\/span><br \/><span>Som-hi? <\/span><\/p>\n<p><span>S\u00e9 el canal que ets, amb la teva freq\u00fc\u00e8ncia, particularitat o raresa, per a facilitar l&#8217;empoderament de les persones.<\/span><\/p>\n<p><span>Valora els teus dons i capacitats innates. El teu eix i sustentaci\u00f3 de confian\u00e7a.<\/span><\/p>\n<p><span>Sigues tu i no el \u201cbon terapeuta\u201d o la aplocaci\u00f3 de \u201cla bona t\u00e8cnica\u201d. <\/span><br \/><span>La teva intuici\u00f3 pura i el teu sentir amb la vida. <\/span><br \/><span>El teu valor de Ser.<\/span><\/p>\n<p><span>-Supervisi\u00f3 de casos canalitzada (descompte per formar part de RESPIRA)<\/span><\/p>\n<p><span>Trobades mensuals:<\/span><br \/><span>Opcions: <\/span><br \/><span>* Dilluns o dimarts mat\u00ed <\/span><br \/><span>Miercoles o Dijous tarda<\/span><\/p>\n<p>[\/et_pb_text][et_pb_button button_url=&#8221;mailto:hola@ariadnabailo.com&#8221; button_text=&#8221;CONNSULTEU DATES I PREUS PER MAIL&#8221; button_alignment=&#8221;center&#8221; button_alignment_tablet=&#8221;left&#8221; button_alignment_phone=&#8221;&#8221; button_alignment_last_edited=&#8221;on|tablet&#8221; _builder_version=&#8221;4.27.4&#8243; custom_button=&#8221;on&#8221; button_text_size=&#8221;22px&#8221; button_bg_color=&#8221;#7953a2&#8243; button_border_width=&#8221;0px&#8221; button_border_radius=&#8221;50px&#8221; button_font=&#8221;Josefin Sans|600|||||||&#8221; background_layout=&#8221;dark&#8221; custom_margin_tablet=&#8221;0px||||false|false&#8221; custom_margin_last_edited=&#8221;off|desktop&#8221; custom_padding=&#8221;15px|40px|15px|40px|true|true&#8221; button_text_size_tablet=&#8221;18px&#8221; button_text_size_phone=&#8221;14px&#8221; button_text_size_last_edited=&#8221;on|phone&#8221; locked=&#8221;off&#8221; global_colors_info=&#8221;{}&#8221; theme_builder_area=&#8221;post_content&#8221;][\/et_pb_button][\/et_pb_column][\/et_pb_row][\/et_pb_section]<\/p>\n","protected":false},"excerpt":{"rendered":"<p>RESPIRAComprom\u00eds de vidaVols escoltar-te?No fer cas a ning\u00fa?Ser-te fidel? Ser qui vols ser? \u00c9s un grand\u00edssim comprom\u00eds. Amb la vida.Amb la teva vida.No hem vingut a complaure, a ser bons. A salvar a la humanitat.Hem encarnat per a viure la nostra pr\u00f2pia experi\u00e8ncia i brillar amb llum pr\u00f2pia, ben arrelats. Alinear-nos amb la nostra freq\u00fc\u00e8ncia.Im-pulsar [&hellip;]<\/p>\n","protected":false},"author":1,"featured_media":0,"parent":0,"menu_order":0,"comment_status":"closed","ping_status":"closed","template":"","meta":{"_et_pb_use_builder":"on","_et_pb_old_content":"","_et_gb_content_width":"","footnotes":""},"class_list":["post-1416","page","type-page","status-publish","hentry"],"yoast_head":"<!-- This site is optimized with the Yoast SEO plugin v27.5 - https:\/\/yoast.com\/product\/yoast-seo-wordpress\/ -->\n<title>RESPIRA - Ariadna Bailo<\/title>\n<meta name=\"robots\" content=\"index, follow, max-snippet:-1, max-image-preview:large, max-video-preview:-1\" \/>\n<link rel=\"canonical\" href=\"http:\/\/ariadnabailo.com\/ca\/respira\" \/>\n<meta property=\"og:locale\" content=\"ca_ES\" \/>\n<meta property=\"og:type\" content=\"article\" \/>\n<meta property=\"og:title\" content=\"RESPIRA - Ariadna Bailo\" \/>\n<meta property=\"og:description\" content=\"RESPIRAComprom\u00eds de vidaVols escoltar-te?No fer cas a ning\u00fa?Ser-te fidel? Ser qui vols ser? \u00c9s un grand\u00edssim comprom\u00eds. Amb la vida.Amb la teva vida.No hem vingut a complaure, a ser bons. A salvar a la humanitat.Hem encarnat per a viure la nostra pr\u00f2pia experi\u00e8ncia i brillar amb llum pr\u00f2pia, ben arrelats. Alinear-nos amb la nostra freq\u00fc\u00e8ncia.Im-pulsar [&hellip;]\" \/>\n<meta property=\"og:url\" content=\"http:\/\/ariadnabailo.com\/ca\/respira\" \/>\n<meta property=\"og:site_name\" content=\"Ariadna Bailo\" \/>\n<meta property=\"article:modified_time\" content=\"2025-08-04T22:58:32+00:00\" \/>\n<meta name=\"twitter:card\" content=\"summary_large_image\" \/>\n<script type=\"application\/ld+json\" class=\"yoast-schema-graph\">{\"@context\":\"https:\\\/\\\/schema.org\",\"@graph\":[{\"@type\":\"WebPage\",\"@id\":\"http:\\\/\\\/ariadnabailo.com\\\/ca\\\/respira\",\"url\":\"http:\\\/\\\/ariadnabailo.com\\\/ca\\\/respira\",\"name\":\"RESPIRA - Ariadna Bailo\",\"isPartOf\":{\"@id\":\"https:\\\/\\\/ariadnabailo.com\\\/ca\\\/#website\"},\"datePublished\":\"2025-08-04T12:58:36+00:00\",\"dateModified\":\"2025-08-04T22:58:32+00:00\",\"breadcrumb\":{\"@id\":\"http:\\\/\\\/ariadnabailo.com\\\/ca\\\/respira#breadcrumb\"},\"inLanguage\":\"ca\",\"potentialAction\":[{\"@type\":\"ReadAction\",\"target\":[\"http:\\\/\\\/ariadnabailo.com\\\/ca\\\/respira\"]}]},{\"@type\":\"BreadcrumbList\",\"@id\":\"http:\\\/\\\/ariadnabailo.com\\\/ca\\\/respira#breadcrumb\",\"itemListElement\":[{\"@type\":\"ListItem\",\"position\":1,\"name\":\"Portada\",\"item\":\"https:\\\/\\\/ariadnabailo.com\\\/ca\"},{\"@type\":\"ListItem\",\"position\":2,\"name\":\"RESPIRA\"}]},{\"@type\":\"WebSite\",\"@id\":\"https:\\\/\\\/ariadnabailo.com\\\/ca\\\/#website\",\"url\":\"https:\\\/\\\/ariadnabailo.com\\\/ca\\\/\",\"name\":\"Ariadna Bailo\",\"description\":\"\",\"potentialAction\":[{\"@type\":\"SearchAction\",\"target\":{\"@type\":\"EntryPoint\",\"urlTemplate\":\"https:\\\/\\\/ariadnabailo.com\\\/ca\\\/?s={search_term_string}\"},\"query-input\":{\"@type\":\"PropertyValueSpecification\",\"valueRequired\":true,\"valueName\":\"search_term_string\"}}],\"inLanguage\":\"ca\"}]}<\/script>\n<!-- \/ Yoast SEO plugin. -->","yoast_head_json":{"title":"RESPIRA - Ariadna Bailo","robots":{"index":"index","follow":"follow","max-snippet":"max-snippet:-1","max-image-preview":"max-image-preview:large","max-video-preview":"max-video-preview:-1"},"canonical":"http:\/\/ariadnabailo.com\/ca\/respira","og_locale":"ca_ES","og_type":"article","og_title":"RESPIRA - Ariadna Bailo","og_description":"RESPIRAComprom\u00eds de vidaVols escoltar-te?No fer cas a ning\u00fa?Ser-te fidel? Ser qui vols ser? \u00c9s un grand\u00edssim comprom\u00eds. Amb la vida.Amb la teva vida.No hem vingut a complaure, a ser bons. A salvar a la humanitat.Hem encarnat per a viure la nostra pr\u00f2pia experi\u00e8ncia i brillar amb llum pr\u00f2pia, ben arrelats. Alinear-nos amb la nostra freq\u00fc\u00e8ncia.Im-pulsar [&hellip;]","og_url":"http:\/\/ariadnabailo.com\/ca\/respira","og_site_name":"Ariadna Bailo","article_modified_time":"2025-08-04T22:58:32+00:00","twitter_card":"summary_large_image","schema":{"@context":"https:\/\/schema.org","@graph":[{"@type":"WebPage","@id":"http:\/\/ariadnabailo.com\/ca\/respira","url":"http:\/\/ariadnabailo.com\/ca\/respira","name":"RESPIRA - Ariadna Bailo","isPartOf":{"@id":"https:\/\/ariadnabailo.com\/ca\/#website"},"datePublished":"2025-08-04T12:58:36+00:00","dateModified":"2025-08-04T22:58:32+00:00","breadcrumb":{"@id":"http:\/\/ariadnabailo.com\/ca\/respira#breadcrumb"},"inLanguage":"ca","potentialAction":[{"@type":"ReadAction","target":["http:\/\/ariadnabailo.com\/ca\/respira"]}]},{"@type":"BreadcrumbList","@id":"http:\/\/ariadnabailo.com\/ca\/respira#breadcrumb","itemListElement":[{"@type":"ListItem","position":1,"name":"Portada","item":"https:\/\/ariadnabailo.com\/ca"},{"@type":"ListItem","position":2,"name":"RESPIRA"}]},{"@type":"WebSite","@id":"https:\/\/ariadnabailo.com\/ca\/#website","url":"https:\/\/ariadnabailo.com\/ca\/","name":"Ariadna Bailo","description":"","potentialAction":[{"@type":"SearchAction","target":{"@type":"EntryPoint","urlTemplate":"https:\/\/ariadnabailo.com\/ca\/?s={search_term_string}"},"query-input":{"@type":"PropertyValueSpecification","valueRequired":true,"valueName":"search_term_string"}}],"inLanguage":"ca"}]}},"jetpack_sharing_enabled":true,"_links":{"self":[{"href":"http:\/\/ariadnabailo.com\/ca\/wp-json\/wp\/v2\/pages\/1416","targetHints":{"allow":["GET"]}}],"collection":[{"href":"http:\/\/ariadnabailo.com\/ca\/wp-json\/wp\/v2\/pages"}],"about":[{"href":"http:\/\/ariadnabailo.com\/ca\/wp-json\/wp\/v2\/types\/page"}],"author":[{"embeddable":true,"href":"http:\/\/ariadnabailo.com\/ca\/wp-json\/wp\/v2\/users\/1"}],"replies":[{"embeddable":true,"href":"http:\/\/ariadnabailo.com\/ca\/wp-json\/wp\/v2\/comments?post=1416"}],"version-history":[{"count":3,"href":"http:\/\/ariadnabailo.com\/ca\/wp-json\/wp\/v2\/pages\/1416\/revisions"}],"predecessor-version":[{"id":1428,"href":"http:\/\/ariadnabailo.com\/ca\/wp-json\/wp\/v2\/pages\/1416\/revisions\/1428"}],"wp:attachment":[{"href":"http:\/\/ariadnabailo.com\/ca\/wp-json\/wp\/v2\/media?parent=1416"}],"curies":[{"name":"wp","href":"https:\/\/api.w.org\/{rel}","templated":true}]}}