{"id":1409,"date":"2025-08-04T22:42:49","date_gmt":"2025-08-04T22:42:49","guid":{"rendered":"https:\/\/ariadnabailo.com\/?page_id=1409"},"modified":"2025-08-04T23:00:48","modified_gmt":"2025-08-04T23:00:48","slug":"respira-2","status":"publish","type":"page","link":"http:\/\/ariadnabailo.com\/ca\/respira-2","title":{"rendered":"RESPIRA"},"content":{"rendered":"<p>[et_pb_section fb_built=&#8221;1&#8243; prev_background_color=&#8221;#ffffff&#8221; next_background_color=&#8221;#ffffff&#8221; admin_label=&#8221;Header&#8221; _builder_version=&#8221;4.16.0&#8243; use_background_color_gradient=&#8221;on&#8221; background_color_gradient_stops=&#8221;rgba(0,0,0,0.3) 0%|rgba(0,0,0,0.3) 100%&#8221; background_color_gradient_start=&#8221;rgba(0,0,0,0.3)&#8221; background_color_gradient_end=&#8221;rgba(0,0,0,0.3)&#8221; background_image=&#8221;https:\/\/ariadnabailo.com\/wp-content\/uploads\/2022\/05\/Ariadna-def-8.jpg&#8221; parallax=&#8221;on&#8221; parallax_method=&#8221;off&#8221; custom_padding=&#8221;||16vw||false|false&#8221; top_divider_style=&#8221;arrow3&#8243; bottom_divider_style=&#8221;arrow3&#8243; locked=&#8221;off&#8221; global_colors_info=&#8221;{}&#8221;][et_pb_row _builder_version=&#8221;4.16&#8243; global_colors_info=&#8221;{}&#8221;][et_pb_column type=&#8221;4_4&#8243; _builder_version=&#8221;4.16&#8243; global_colors_info=&#8221;{}&#8221;][et_pb_text _builder_version=&#8221;4.27.4&#8243; text_font=&#8221;Muli||||||||&#8221; text_font_size=&#8221;22px&#8221; text_line_height=&#8221;1.4em&#8221; header_font=&#8221;ZCOOL XiaoWei||||||||&#8221; header_text_align=&#8221;left&#8221; header_font_size=&#8221;80px&#8221; text_orientation=&#8221;center&#8221; background_layout=&#8221;dark&#8221; max_width=&#8221;800%&#8221; module_alignment=&#8221;center&#8221; custom_margin=&#8221;90px||||false|false&#8221; custom_padding=&#8221;||||false|false&#8221; filter_opacity=&#8221;90%&#8221; text_font_size_tablet=&#8221;18px&#8221; text_font_size_phone=&#8221;16px&#8221; text_font_size_last_edited=&#8221;on|tablet&#8221; text_line_height_tablet=&#8221;&#8221; text_line_height_phone=&#8221;1.8em&#8221; text_line_height_last_edited=&#8221;on|phone&#8221; header_font_size_tablet=&#8221;48px&#8221; header_font_size_phone=&#8221;30px&#8221; header_font_size_last_edited=&#8221;on|phone&#8221; global_colors_info=&#8221;{}&#8221;]<\/p>\n<h1 style=\"text-align: center;\"><span>RESPIRA<\/span><\/h1>\n<p>[\/et_pb_text][et_pb_text _builder_version=&#8221;4.16.0&#8243; _module_preset=&#8221;default&#8221; header_text_color=&#8221;#FFFFFF&#8221; header_font_size_tablet=&#8221;&#8221; header_font_size_phone=&#8221;17px&#8221; header_font_size_last_edited=&#8221;on|phone&#8221; global_colors_info=&#8221;{}&#8221;]<\/p>\n<h1 class=\"\" style=\"text-align: center;\"><b class=\"\"><span class=\"\"><span>Compromiso de vida<\/span><\/span><\/b><\/h1>\n<p>[\/et_pb_text][\/et_pb_column][\/et_pb_row][\/et_pb_section][et_pb_section fb_built=&#8221;1&#8243; admin_label=&#8221;About&#8221; _builder_version=&#8221;4.16&#8243; background_color=&#8221;#ffffff&#8221; width=&#8221;90%&#8221; custom_margin=&#8221;||||false|false&#8221; custom_padding=&#8221;|||10vw|false|false&#8221; global_colors_info=&#8221;{}&#8221;][et_pb_row use_custom_gutter=&#8221;on&#8221; gutter_width=&#8221;4&#8243; _builder_version=&#8221;4.16&#8243; width=&#8221;90%&#8221; custom_padding=&#8221;0px|||||&#8221; global_colors_info=&#8221;{}&#8221;][et_pb_column type=&#8221;4_4&#8243; _builder_version=&#8221;4.16&#8243; global_colors_info=&#8221;{}&#8221;][et_pb_text _builder_version=&#8221;4.27.4&#8243; text_font=&#8221;ZCOOL XiaoWei||||||||&#8221; text_text_color=&#8221;#a9804a&#8221; text_font_size=&#8221;35px&#8221; text_line_height=&#8221;1.1em&#8221; text_font_size_tablet=&#8221;36px&#8221; text_font_size_phone=&#8221;24px&#8221; text_font_size_last_edited=&#8221;on|phone&#8221; text_line_height_tablet=&#8221;1.1em&#8221; text_line_height_phone=&#8221;1.4em&#8221; text_line_height_last_edited=&#8221;on|phone&#8221; locked=&#8221;off&#8221; global_colors_info=&#8221;{}&#8221;]<\/p>\n<p><span>Vols escoltar-te?<\/span><br \/><span>No fer cas a ning\u00fa?<\/span><br \/><span>Ser-te fidel?<\/span><\/p>\n<p><span>Ser qui vols ser?<\/span><\/p>\n<p><span>\u00c9s un grand\u00edssim comprom\u00eds.<\/span><\/p>\n<p><span>Amb la vida.<\/span><br \/><span>Amb la teva vida.<\/span><\/p>\n<p>[\/et_pb_text][et_pb_text _builder_version=&#8221;4.27.4&#8243; text_font=&#8221;||||||||&#8221; text_line_height=&#8221;1.6em&#8221; header_2_font=&#8221;ZCOOL XiaoWei||||||||&#8221; text_orientation=&#8221;justified&#8221; text_font_size_tablet=&#8221;&#8221; text_font_size_phone=&#8221;14px&#8221; text_font_size_last_edited=&#8221;on|phone&#8221; locked=&#8221;off&#8221; global_colors_info=&#8221;{}&#8221;]<\/p>\n<p><span>No hem vingut a complaure, a ser bons. <\/span><br \/><span>A salvar a la humanitat.<\/span><br \/><span>Hem encarnat per a viure la nostra pr\u00f2pia experi\u00e8ncia i brillar amb llum pr\u00f2pia, ben arrelats.<\/span><\/p>\n<p><span>Alinear-nos amb la nostra freq\u00fc\u00e8ncia.<\/span><br \/><span>Im-pulsar la nostra energia de vida. <\/span><br \/><span>De creaci\u00f3.<\/span><\/p>\n<p><span>Trans-formar el sistema des de dins. Des del nostre moviment instr\u00ednseco m\u00e9s profund, sent qui som.<\/span><\/p>\n<p><span>Aportant el nostre potencial i compartint el nostre saber. <\/span><\/p>\n<p><span>T&#8217;atreveixes?<\/span><br \/><span>Ho tries?<\/span><\/p>\n<p><span>Alliberarem el nostre Ser de les idees preconcebudes, de les projeccions, interpretacions, judicis i bones intencions. <\/span><br \/><span>En comptes de tenir bones intencions i prou, atrevim-nos a anar per la vida a tope, en la millor companyia: <\/span><br \/><span>amb tu mateix@.<\/span><\/p>\n<p><span>Benvingud@s al Programa d&#8217;empoderament i connexi\u00f3 amb la nostra ess\u00e8ncia.<\/span><\/p>\n<p><span>Estructura: crearem un espai en grup i un altre individual, per sentint-nos ben cuidats .<\/span><\/p>\n<p><span>Format: en l\u00ednia i presencial <\/span><\/p>\n<p>[\/et_pb_text][et_pb_text _builder_version=&#8221;4.27.4&#8243; text_font=&#8221;||||||||&#8221; text_line_height=&#8221;1.6em&#8221; header_2_font=&#8221;ZCOOL XiaoWei|||on|||||&#8221; text_orientation=&#8221;justified&#8221; custom_margin=&#8221;||-1px|||&#8221; text_font_size_tablet=&#8221;&#8221; text_font_size_phone=&#8221;14px&#8221; text_font_size_last_edited=&#8221;on|phone&#8221; locked=&#8221;off&#8221; global_colors_info=&#8221;{}&#8221;]<\/p>\n<h2><span>C\u00e8l\u00b7lules de consci\u00e8ncia <\/span><\/h2>\n<p>[\/et_pb_text][et_pb_text _builder_version=&#8221;4.27.4&#8243; text_font=&#8221;||||||||&#8221; text_line_height=&#8221;1.6em&#8221; header_2_font=&#8221;ZCOOL XiaoWei||||||||&#8221; text_orientation=&#8221;justified&#8221; text_font_size_tablet=&#8221;&#8221; text_font_size_phone=&#8221;14px&#8221; text_font_size_last_edited=&#8221;on|phone&#8221; locked=&#8221;off&#8221; global_colors_info=&#8221;{}&#8221;]<\/p>\n<p><span>Trobades en grup mensuals<\/span><br \/><span>Opcions: <\/span><br \/><span>Dilluns o dimarts mat\u00ed<\/span><br \/><span>Miercoles o Dijous tarda<\/span><\/p>\n<p><span>Atenci\u00f3 individual\/ suport personal mensual (descompte per formar part de RESPIRA)<\/span><\/p>\n<p><span>Un trobada d&#8217;acompanyament (supervisi\u00f3 del que s\u2019ha mogut en la c\u00e8l\u2022lula de consci\u00e8ncia, generant un espai de visi\u00f3 clara, comprom\u00eds i facilitat per a Ser) <\/span><\/p>\n<p>[\/et_pb_text][\/et_pb_column][\/et_pb_row][et_pb_row use_custom_gutter=&#8221;on&#8221; gutter_width=&#8221;4&#8243; _builder_version=&#8221;4.16&#8243; width=&#8221;90%&#8221; custom_padding=&#8221;0px|||||&#8221; global_colors_info=&#8221;{}&#8221;][et_pb_column type=&#8221;4_4&#8243; _builder_version=&#8221;4.16&#8243; global_colors_info=&#8221;{}&#8221;][et_pb_text _builder_version=&#8221;4.27.4&#8243; text_font=&#8221;||||||||&#8221; text_line_height=&#8221;1.6em&#8221; header_2_font=&#8221;ZCOOL XiaoWei||||||||&#8221; text_orientation=&#8221;justified&#8221; custom_margin=&#8221;||-1px|||&#8221; text_font_size_tablet=&#8221;&#8221; text_font_size_phone=&#8221;14px&#8221; text_font_size_last_edited=&#8221;on|phone&#8221; locked=&#8221;off&#8221; global_colors_info=&#8221;{}&#8221;]<\/p>\n<h2><span>C\u00c8L\u2022LULA DE CONSCI\u00c8NCIA<\/span><br \/><span>PER A TERAPEUTES <\/span><br \/><span>I ACOMPANYANTS DE PROCESSOS<\/span><\/h2>\n<p>[\/et_pb_text][et_pb_text _builder_version=&#8221;4.27.4&#8243; text_font=&#8221;||||||||&#8221; text_line_height=&#8221;1.6em&#8221; header_2_font=&#8221;ZCOOL XiaoWei||||||||&#8221; text_orientation=&#8221;justified&#8221; text_font_size_tablet=&#8221;&#8221; text_font_size_phone=&#8221;14px&#8221; text_font_size_last_edited=&#8221;on|phone&#8221; locked=&#8221;off&#8221; global_colors_info=&#8221;{}&#8221;]<\/p>\n<p><span>Fa m\u00e9s de 30 anys que acompanyo processos de vida. <\/span><br \/><span>D&#8217;aqu\u00ed, que dediqui un espai especial per als acompanyants. <\/span><\/p>\n<p><span>Per a all\u00f2 que m&#8217;hagu\u00e9s agradat trobar en el meu cam\u00ed de terapeuta. <\/span><br \/><span>Perqu\u00e8 l@s que acompanyem, sentim suport, enfocament i resoluci\u00f3 m\u00e9s clara.<\/span><br \/><span>Autenticitat i pres\u00e8ncia.<\/span><br \/><span>Escolta i valoraci\u00f3 del que Soc, m\u00e9s enll\u00e0 de ls forma terap\u00e8utica que em defineix.<\/span><\/p>\n<p><span>Sents la crida? <\/span><br \/><span>Som-hi? <\/span><\/p>\n<p><span>S\u00e9 el canal que ets, amb la teva freq\u00fc\u00e8ncia, particularitat o raresa, per a facilitar l&#8217;empoderament de les persones.<\/span><\/p>\n<p><span>Valora els teus dons i capacitats innates. El teu eix i sustentaci\u00f3 de confian\u00e7a.<\/span><\/p>\n<p><span>Sigues tu i no el \u201cbon terapeuta\u201d o la aplocaci\u00f3 de \u201cla bona t\u00e8cnica\u201d. <\/span><br \/><span>La teva intuici\u00f3 pura i el teu sentir amb la vida. <\/span><br \/><span>El teu valor de Ser.<\/span><\/p>\n<p><span>-Supervisi\u00f3 de casos canalitzada (descompte per formar part de RESPIRA)<\/span><\/p>\n<p><span>Trobades mensuals:<\/span><br \/><span>Opcions: <\/span><br \/><span>* Dilluns o dimarts mat\u00ed <\/span><br \/><span>Miercoles o Dijous tarda<\/span><\/p>\n<p>[\/et_pb_text][et_pb_button button_url=&#8221;mailto:hola@ariadnabailo.com&#8221; button_text=&#8221;CONNSULTEU DATES I PREUS PER MAIL&#8221; button_alignment=&#8221;center&#8221; button_alignment_tablet=&#8221;left&#8221; button_alignment_phone=&#8221;&#8221; button_alignment_last_edited=&#8221;on|tablet&#8221; _builder_version=&#8221;4.27.4&#8243; custom_button=&#8221;on&#8221; button_text_size=&#8221;22px&#8221; button_bg_color=&#8221;#7953a2&#8243; button_border_width=&#8221;0px&#8221; button_border_radius=&#8221;50px&#8221; button_font=&#8221;Josefin Sans|600|||||||&#8221; background_layout=&#8221;dark&#8221; custom_margin_tablet=&#8221;0px||||false|false&#8221; custom_margin_last_edited=&#8221;off|desktop&#8221; custom_padding=&#8221;15px|40px|15px|40px|true|true&#8221; button_text_size_tablet=&#8221;18px&#8221; button_text_size_phone=&#8221;14px&#8221; button_text_size_last_edited=&#8221;on|phone&#8221; locked=&#8221;off&#8221; global_colors_info=&#8221;{}&#8221;][\/et_pb_button][\/et_pb_column][\/et_pb_row][\/et_pb_section][et_pb_section fb_built=&#8221;1&#8243; disabled_on=&#8221;on|on|on&#8221; admin_label=&#8221;Mission&#8221; module_id=&#8221;curriculum&#8221; _builder_version=&#8221;4.16.0&#8243; background_color=&#8221;rgba(121,83,162,0.35)&#8221; width=&#8221;100%&#8221; module_alignment=&#8221;center&#8221; custom_margin=&#8221;||||false|false&#8221; custom_padding=&#8221;||0px||false|false&#8221; disabled=&#8221;on&#8221; locked=&#8221;off&#8221; global_colors_info=&#8221;{}&#8221;][et_pb_row _builder_version=&#8221;4.16&#8243; max_width=&#8221;800px&#8221; global_colors_info=&#8221;{}&#8221;][et_pb_column type=&#8221;4_4&#8243; _builder_version=&#8221;4.16&#8243; global_colors_info=&#8221;{}&#8221;][et_pb_text _builder_version=&#8221;4.16&#8243; text_font=&#8221;||||||||&#8221; text_text_color=&#8221;rgba(0,0,0,0.72)&#8221; text_line_height=&#8221;1.8em&#8221; header_2_font=&#8221;ZCOOL XiaoWei|600|||||||&#8221; header_2_font_size=&#8221;60px&#8221; header_2_line_height=&#8221;1.2em&#8221; text_font_size_tablet=&#8221;&#8221; text_font_size_phone=&#8221;14px&#8221; text_font_size_last_edited=&#8221;on|phone&#8221; header_2_font_size_tablet=&#8221;42px&#8221; header_2_font_size_phone=&#8221;24px&#8221; header_2_font_size_last_edited=&#8221;on|phone&#8221; header_2_line_height_tablet=&#8221;&#8221; header_2_line_height_phone=&#8221;1.4em&#8221; header_2_line_height_last_edited=&#8221;on|phone&#8221; locked=&#8221;off&#8221; global_colors_info=&#8221;{}&#8221;]<\/p>\n<h2>Testimonios<\/h2>\n<p>&nbsp;<\/p>\n<p>[\/et_pb_text][\/et_pb_column][\/et_pb_row][et_pb_row column_structure=&#8221;1_2,1_2&#8243; _builder_version=&#8221;4.16&#8243; max_width=&#8221;800px&#8221; custom_padding=&#8221;5px|||||&#8221; global_colors_info=&#8221;{}&#8221;][et_pb_column type=&#8221;1_2&#8243; _builder_version=&#8221;4.16&#8243; global_colors_info=&#8221;{}&#8221;][et_pb_testimonial author=&#8221;Sonia Guti\u00e9rrez&#8221; company_name=&#8221;Psic\u00f2loga&#8221; quote_icon=&#8221;off&#8221; _builder_version=&#8221;4.16.0&#8243; _module_preset=&#8221;default&#8221; background_color=&#8221;rgba(245,245,245,0.85)&#8221; global_colors_info=&#8221;{}&#8221;]<\/p>\n<div><em>\u201cParticipar en el grupo I Am de Ariadna est\u00e1 siendo una experiencia muy importante para m\u00ed desde el confinamiento. Es un espacio donde poder ser, expresar lo vulnerable, y estar acompa\u00f1ada con firmeza y ternura.<\/em><\/div>\n<div><em>Es un espacio desde el que salgo m\u00e1s alineada conmigo misma.<\/em><\/div>\n<div><em>Ariadna es delicada, amorosa, y tambi\u00e9n con humor y determinaci\u00f3n se centra y facilita los movimientos que favorecen la comprensi\u00f3n, la integraci\u00f3n, el crecimiento personal y espiritual.<\/em><\/div>\n<div><em>Yo estoy muy agradecida de poder compartir este espacio, formar parte del grupo, ser acogida.<\/em><\/div>\n<div><em>Gracias Ariadna.\u201d<\/em><\/div>\n<p>[\/et_pb_testimonial][et_pb_testimonial author=&#8221;Maria Paloma Vaquer&#8221; company_name=&#8221;Economista&#8221; quote_icon=&#8221;off&#8221; _builder_version=&#8221;4.16.0&#8243; _module_preset=&#8221;default&#8221; background_color=&#8221;rgba(245,245,245,0.85)&#8221; global_colors_info=&#8221;{}&#8221;]<\/p>\n<div><em>\u201cSiento un enorme agradecimiento y fuerte compromiso en poder formar parte de esta red de seres maravillosos conectados desde la esencia. En estas sesiones asistidas por seres de luz supradimensionales y canalizadas tan amorosamente por Ariadna siento reforzar mi ser, siento el sost\u00e9n del conjunto y el efecto multiplicador que se genera para todos, tal cual granito de arena en el proceso global de aumento de consciencia. De nuevo gracias Ariadna por tu labor.\u201d<\/em><\/div>\n<p>&nbsp;<\/p>\n<p>[\/et_pb_testimonial][\/et_pb_column][et_pb_column type=&#8221;1_2&#8243; _builder_version=&#8221;4.16&#8243; global_colors_info=&#8221;{}&#8221;][et_pb_testimonial author=&#8221;S\u00edlvia Molas&#8221; company_name=&#8221;Dise\u00f1adora de emociones&#8221; quote_icon=&#8221;off&#8221; _builder_version=&#8221;4.16.0&#8243; _module_preset=&#8221;default&#8221; background_color=&#8221;rgba(245,245,245,0.85)&#8221; global_colors_info=&#8221;{}&#8221;]<\/p>\n<div><em>\u201cLas sesiones grupales con Ariadna son pura vitamina para el alma.<\/em><\/div>\n<div><em>Me regalo este espacio por m\u00ed, conectamos y nos expresamos desde el coraz\u00f3n, respiramos, nos empoderamos, y con el grupo nos hacemos de espejos y se potencia la energ\u00eda.\u201d<\/em><\/div>\n<p>[\/et_pb_testimonial][et_pb_testimonial author=&#8221;ETELVINA REIS, 49 a\u00f1os &#8221; job_title=&#8221;Arquitecta, fot\u00f3grafa y profesora en diversas universidades de Brasil&#8221; quote_icon=&#8221;off&#8221; _builder_version=&#8221;4.16&#8243; _module_preset=&#8221;default&#8221; background_color=&#8221;rgba(245,245,245,0.85)&#8221; global_colors_info=&#8221;{}&#8221;]<\/p>\n<div>\n<div>\n<p><em><span lang=\"ES\">En las sesiones de canalizaci\u00f3n en grupo\u00a0se forma un ambiente m\u00e1gico, espiritual, que pocas veces he sentido en mi vida. Yo necesito esta conexi\u00f3n con algo m\u00e1s all\u00e1 de esta vida material, y la verdad es que siempre que he estado en una sesi\u00f3n contigo, sea privada o colectiva, he sentido esta conexi\u00f3n con lo alto, con los seres elevados espiritualmente, como si estuviera en otra dimensi\u00f3n.<\/span><\/em><span lang=\"ES\"><o:p><\/o:p><\/span><\/p>\n<\/div>\n<\/div>\n<p>[\/et_pb_testimonial][\/et_pb_column][\/et_pb_row][et_pb_row _builder_version=&#8221;4.16&#8243; width=&#8221;100%&#8221; max_width=&#8221;none&#8221; max_width_tablet=&#8221;70%&#8221; max_width_phone=&#8221;100%&#8221; max_width_last_edited=&#8221;off|desktop&#8221; module_alignment=&#8221;left&#8221; custom_margin=&#8221;||0px||false|false&#8221; custom_margin_tablet=&#8221;5%||-20%||false|false&#8221; custom_margin_phone=&#8221;||0%||false|false&#8221; custom_margin_last_edited=&#8221;off|desktop&#8221; custom_padding=&#8221;||0px||false|false&#8221; locked=&#8221;off&#8221; global_colors_info=&#8221;{}&#8221;][et_pb_column type=&#8221;4_4&#8243; _builder_version=&#8221;4.16&#8243; global_colors_info=&#8221;{}&#8221;][\/et_pb_column][\/et_pb_row][\/et_pb_section][et_pb_section fb_built=&#8221;1&#8243; admin_label=&#8221;Footer&#8221; _builder_version=&#8221;4.16&#8243; background_color=&#8221;#ffffff&#8221; use_background_color_gradient=&#8221;on&#8221; background_color_gradient_stops=&#8221;rgba(255,255,255,0.8) 0%|rgba(255,255,255,0.8) 100%&#8221; background_color_gradient_overlays_image=&#8221;on&#8221; background_color_gradient_start=&#8221;rgba(255,255,255,0.8)&#8221; background_color_gradient_end=&#8221;rgba(255,255,255,0.8)&#8221; background_image=&#8221;http:\/\/s895374517.mialojamiento.es\/wp-content\/uploads\/2021\/12\/Logo_Iam_Llavor.png&#8221; background_position=&#8221;top_left&#8221; background_repeat=&#8221;repeat&#8221; overflow-x=&#8221;hidden&#8221; overflow-y=&#8221;hidden&#8221; saved_tabs=&#8221;all&#8221; locked=&#8221;off&#8221; collapsed=&#8221;on&#8221; global_colors_info=&#8221;{}&#8221;][et_pb_row _builder_version=&#8221;4.16&#8243; width=&#8221;60%&#8221; global_colors_info=&#8221;{}&#8221;][et_pb_column type=&#8221;4_4&#8243; _builder_version=&#8221;4.16&#8243; global_colors_info=&#8221;{}&#8221;][\/et_pb_column][\/et_pb_row][et_pb_row column_structure=&#8221;1_3,1_3,1_3&#8243; use_custom_gutter=&#8221;on&#8221; gutter_width=&#8221;2&#8243; make_equal=&#8221;on&#8221; _builder_version=&#8221;4.16&#8243; width=&#8221;54%&#8221; global_colors_info=&#8221;{}&#8221;][et_pb_column type=&#8221;1_3&#8243; _builder_version=&#8221;4.16&#8243; global_colors_info=&#8221;{}&#8221;][et_pb_icon font_icon=&#8221;&#xf199;||fa||900&#8243; icon_color=&#8221;#6f86c3&#8243; icon_width=&#8221;60px&#8221; url=&#8221;mailto:hola@ariadnabailo.com&#8221; _builder_version=&#8221;4.16&#8243; _module_preset=&#8221;default&#8221; global_colors_info=&#8221;{}&#8221;][\/et_pb_icon][et_pb_text _builder_version=&#8221;4.16&#8243; text_font=&#8221;Muli||||||||&#8221; text_line_height=&#8221;1.8em&#8221; header_3_font=&#8221;Josefin Sans||||||||&#8221; header_3_line_height=&#8221;1.4em&#8221; text_orientation=&#8221;center&#8221; text_font_size_tablet=&#8221;&#8221; text_font_size_phone=&#8221;14px&#8221; text_font_size_last_edited=&#8221;on|phone&#8221; header_3_font_size_tablet=&#8221;20px&#8221; header_3_font_size_phone=&#8221;18px&#8221; header_3_font_size_last_edited=&#8221;on|tablet&#8221; header_3_line_height_tablet=&#8221;&#8221; header_3_line_height_phone=&#8221;1.8em&#8221; header_3_line_height_last_edited=&#8221;on|phone&#8221; locked=&#8221;off&#8221; global_colors_info=&#8221;{}&#8221;]<\/p>\n<h3>hola@ariadnabailo.com<\/h3>\n<p>[\/et_pb_text][\/et_pb_column][et_pb_column type=&#8221;1_3&#8243; _builder_version=&#8221;4.16&#8243; global_colors_info=&#8221;{}&#8221;][et_pb_icon font_icon=&#8221;&#xf2c6;||fa||400&#8243; icon_color=&#8221;#6f86c3&#8243; icon_width=&#8221;60px&#8221; _builder_version=&#8221;4.16&#8243; _module_preset=&#8221;default&#8221; global_colors_info=&#8221;{}&#8221;][\/et_pb_icon][et_pb_text _builder_version=&#8221;4.16&#8243; text_font=&#8221;Muli||||||||&#8221; text_line_height=&#8221;1.8em&#8221; header_3_font=&#8221;Josefin Sans||||||||&#8221; header_3_line_height=&#8221;1.4em&#8221; text_orientation=&#8221;center&#8221; text_font_size_tablet=&#8221;&#8221; text_font_size_phone=&#8221;14px&#8221; text_font_size_last_edited=&#8221;on|phone&#8221; header_3_font_size_tablet=&#8221;20px&#8221; header_3_font_size_phone=&#8221;18px&#8221; header_3_font_size_last_edited=&#8221;on|tablet&#8221; header_3_line_height_tablet=&#8221;&#8221; header_3_line_height_phone=&#8221;1.8em&#8221; header_3_line_height_last_edited=&#8221;on|phone&#8221; locked=&#8221;off&#8221; global_colors_info=&#8221;{}&#8221;]<\/p>\n<h3>ariadnabailo<\/h3>\n<p>[\/et_pb_text][\/et_pb_column][et_pb_column type=&#8221;1_3&#8243; _builder_version=&#8221;4.16&#8243; global_colors_info=&#8221;{}&#8221;][et_pb_icon font_icon=&#8221;&#xe0a3;||divi||400&#8243; icon_color=&#8221;#6f86c3&#8243; icon_width=&#8221;60px&#8221; _builder_version=&#8221;4.16&#8243; _module_preset=&#8221;default&#8221; global_colors_info=&#8221;{}&#8221;][\/et_pb_icon][et_pb_text _builder_version=&#8221;4.16&#8243; text_font=&#8221;Muli||||||||&#8221; text_line_height=&#8221;1.8em&#8221; header_3_font=&#8221;Josefin Sans||||||||&#8221; header_3_line_height=&#8221;1.4em&#8221; text_orientation=&#8221;center&#8221; text_font_size_tablet=&#8221;&#8221; text_font_size_phone=&#8221;14px&#8221; text_font_size_last_edited=&#8221;on|phone&#8221; header_3_font_size_tablet=&#8221;20px&#8221; header_3_font_size_phone=&#8221;18px&#8221; header_3_font_size_last_edited=&#8221;on|tablet&#8221; header_3_line_height_tablet=&#8221;&#8221; header_3_line_height_phone=&#8221;1.8em&#8221; header_3_line_height_last_edited=&#8221;on|phone&#8221; locked=&#8221;off&#8221; global_colors_info=&#8221;{}&#8221;]<\/p>\n<h3>ariadnabailo<\/h3>\n<p>[\/et_pb_text][\/et_pb_column][\/et_pb_row][\/et_pb_section]<\/p>\n","protected":false},"excerpt":{"rendered":"<p>RESPIRACompromiso de vidaVols escoltar-te?No fer cas a ning\u00fa?Ser-te fidel? Ser qui vols ser? \u00c9s un grand\u00edssim comprom\u00eds. Amb la vida.Amb la teva vida.No hem vingut a complaure, a ser bons. A salvar a la humanitat.Hem encarnat per a viure la nostra pr\u00f2pia experi\u00e8ncia i brillar amb llum pr\u00f2pia, ben arrelats. Alinear-nos amb la nostra freq\u00fc\u00e8ncia.Im-pulsar [&hellip;]<\/p>\n","protected":false},"author":1,"featured_media":0,"parent":0,"menu_order":0,"comment_status":"closed","ping_status":"closed","template":"","meta":{"_et_pb_use_builder":"on","_et_pb_old_content":"","_et_gb_content_width":"","footnotes":""},"class_list":["post-1409","page","type-page","status-publish","hentry"],"yoast_head":"<!-- This site is optimized with the Yoast SEO plugin v27.5 - https:\/\/yoast.com\/product\/yoast-seo-wordpress\/ -->\n<title>RESPIRA - Ariadna Bailo<\/title>\n<meta name=\"robots\" content=\"index, follow, max-snippet:-1, max-image-preview:large, max-video-preview:-1\" \/>\n<link rel=\"canonical\" href=\"http:\/\/ariadnabailo.com\/ca\/respira-2\" \/>\n<meta property=\"og:locale\" content=\"ca_ES\" \/>\n<meta property=\"og:type\" content=\"article\" \/>\n<meta property=\"og:title\" content=\"RESPIRA - Ariadna Bailo\" \/>\n<meta property=\"og:description\" content=\"RESPIRACompromiso de vidaVols escoltar-te?No fer cas a ning\u00fa?Ser-te fidel? Ser qui vols ser? \u00c9s un grand\u00edssim comprom\u00eds. Amb la vida.Amb la teva vida.No hem vingut a complaure, a ser bons. A salvar a la humanitat.Hem encarnat per a viure la nostra pr\u00f2pia experi\u00e8ncia i brillar amb llum pr\u00f2pia, ben arrelats. Alinear-nos amb la nostra freq\u00fc\u00e8ncia.Im-pulsar [&hellip;]\" \/>\n<meta property=\"og:url\" content=\"http:\/\/ariadnabailo.com\/ca\/respira-2\" \/>\n<meta property=\"og:site_name\" content=\"Ariadna Bailo\" \/>\n<meta property=\"article:modified_time\" content=\"2025-08-04T23:00:48+00:00\" \/>\n<meta name=\"twitter:card\" content=\"summary_large_image\" \/>\n<meta name=\"twitter:label1\" content=\"Temps estimat de lectura\" \/>\n\t<meta name=\"twitter:data1\" content=\"4 minuts\" \/>\n<script type=\"application\/ld+json\" class=\"yoast-schema-graph\">{\"@context\":\"https:\\\/\\\/schema.org\",\"@graph\":[{\"@type\":\"WebPage\",\"@id\":\"http:\\\/\\\/ariadnabailo.com\\\/ca\\\/respira-2\",\"url\":\"http:\\\/\\\/ariadnabailo.com\\\/ca\\\/respira-2\",\"name\":\"RESPIRA - Ariadna Bailo\",\"isPartOf\":{\"@id\":\"http:\\\/\\\/ariadnabailo.com\\\/ca#website\"},\"datePublished\":\"2025-08-04T22:42:49+00:00\",\"dateModified\":\"2025-08-04T23:00:48+00:00\",\"breadcrumb\":{\"@id\":\"http:\\\/\\\/ariadnabailo.com\\\/ca\\\/respira-2#breadcrumb\"},\"inLanguage\":\"ca\",\"potentialAction\":[{\"@type\":\"ReadAction\",\"target\":[\"http:\\\/\\\/ariadnabailo.com\\\/ca\\\/respira-2\"]}]},{\"@type\":\"BreadcrumbList\",\"@id\":\"http:\\\/\\\/ariadnabailo.com\\\/ca\\\/respira-2#breadcrumb\",\"itemListElement\":[{\"@type\":\"ListItem\",\"position\":1,\"name\":\"Portada\",\"item\":\"http:\\\/\\\/ariadnabailo.com\\\/ca\"},{\"@type\":\"ListItem\",\"position\":2,\"name\":\"RESPIRA\"}]},{\"@type\":\"WebSite\",\"@id\":\"http:\\\/\\\/ariadnabailo.com\\\/ca#website\",\"url\":\"http:\\\/\\\/ariadnabailo.com\\\/ca\",\"name\":\"Ariadna Bailo\",\"description\":\"\",\"potentialAction\":[{\"@type\":\"SearchAction\",\"target\":{\"@type\":\"EntryPoint\",\"urlTemplate\":\"http:\\\/\\\/ariadnabailo.com\\\/ca?s={search_term_string}\"},\"query-input\":{\"@type\":\"PropertyValueSpecification\",\"valueRequired\":true,\"valueName\":\"search_term_string\"}}],\"inLanguage\":\"ca\"}]}<\/script>\n<!-- \/ Yoast SEO plugin. -->","yoast_head_json":{"title":"RESPIRA - Ariadna Bailo","robots":{"index":"index","follow":"follow","max-snippet":"max-snippet:-1","max-image-preview":"max-image-preview:large","max-video-preview":"max-video-preview:-1"},"canonical":"http:\/\/ariadnabailo.com\/ca\/respira-2","og_locale":"ca_ES","og_type":"article","og_title":"RESPIRA - Ariadna Bailo","og_description":"RESPIRACompromiso de vidaVols escoltar-te?No fer cas a ning\u00fa?Ser-te fidel? Ser qui vols ser? \u00c9s un grand\u00edssim comprom\u00eds. Amb la vida.Amb la teva vida.No hem vingut a complaure, a ser bons. A salvar a la humanitat.Hem encarnat per a viure la nostra pr\u00f2pia experi\u00e8ncia i brillar amb llum pr\u00f2pia, ben arrelats. Alinear-nos amb la nostra freq\u00fc\u00e8ncia.Im-pulsar [&hellip;]","og_url":"http:\/\/ariadnabailo.com\/ca\/respira-2","og_site_name":"Ariadna Bailo","article_modified_time":"2025-08-04T23:00:48+00:00","twitter_card":"summary_large_image","twitter_misc":{"Temps estimat de lectura":"4 minuts"},"schema":{"@context":"https:\/\/schema.org","@graph":[{"@type":"WebPage","@id":"http:\/\/ariadnabailo.com\/ca\/respira-2","url":"http:\/\/ariadnabailo.com\/ca\/respira-2","name":"RESPIRA - Ariadna Bailo","isPartOf":{"@id":"http:\/\/ariadnabailo.com\/ca#website"},"datePublished":"2025-08-04T22:42:49+00:00","dateModified":"2025-08-04T23:00:48+00:00","breadcrumb":{"@id":"http:\/\/ariadnabailo.com\/ca\/respira-2#breadcrumb"},"inLanguage":"ca","potentialAction":[{"@type":"ReadAction","target":["http:\/\/ariadnabailo.com\/ca\/respira-2"]}]},{"@type":"BreadcrumbList","@id":"http:\/\/ariadnabailo.com\/ca\/respira-2#breadcrumb","itemListElement":[{"@type":"ListItem","position":1,"name":"Portada","item":"http:\/\/ariadnabailo.com\/ca"},{"@type":"ListItem","position":2,"name":"RESPIRA"}]},{"@type":"WebSite","@id":"http:\/\/ariadnabailo.com\/ca#website","url":"http:\/\/ariadnabailo.com\/ca","name":"Ariadna Bailo","description":"","potentialAction":[{"@type":"SearchAction","target":{"@type":"EntryPoint","urlTemplate":"http:\/\/ariadnabailo.com\/ca?s={search_term_string}"},"query-input":{"@type":"PropertyValueSpecification","valueRequired":true,"valueName":"search_term_string"}}],"inLanguage":"ca"}]}},"jetpack_sharing_enabled":true,"_links":{"self":[{"href":"http:\/\/ariadnabailo.com\/ca\/wp-json\/wp\/v2\/pages\/1409","targetHints":{"allow":["GET"]}}],"collection":[{"href":"http:\/\/ariadnabailo.com\/ca\/wp-json\/wp\/v2\/pages"}],"about":[{"href":"http:\/\/ariadnabailo.com\/ca\/wp-json\/wp\/v2\/types\/page"}],"author":[{"embeddable":true,"href":"http:\/\/ariadnabailo.com\/ca\/wp-json\/wp\/v2\/users\/1"}],"replies":[{"embeddable":true,"href":"http:\/\/ariadnabailo.com\/ca\/wp-json\/wp\/v2\/comments?post=1409"}],"version-history":[{"count":5,"href":"http:\/\/ariadnabailo.com\/ca\/wp-json\/wp\/v2\/pages\/1409\/revisions"}],"predecessor-version":[{"id":1429,"href":"http:\/\/ariadnabailo.com\/ca\/wp-json\/wp\/v2\/pages\/1409\/revisions\/1429"}],"wp:attachment":[{"href":"http:\/\/ariadnabailo.com\/ca\/wp-json\/wp\/v2\/media?parent=1409"}],"curies":[{"name":"wp","href":"https:\/\/api.w.org\/{rel}","templated":true}]}}