{"id":1023,"date":"2022-09-27T13:07:40","date_gmt":"2022-09-27T13:07:40","guid":{"rendered":"http:\/\/ariadnabailo.com\/viajes"},"modified":"2023-09-18T09:24:45","modified_gmt":"2023-09-18T09:24:45","slug":"viatges","status":"publish","type":"page","link":"http:\/\/ariadnabailo.com\/ca\/viatges","title":{"rendered":"Viatges"},"content":{"rendered":"<p>[et_pb_section fb_built=&#8221;1&#8243; prev_background_color=&#8221;#ffffff&#8221; next_background_color=&#8221;#ffffff&#8221; admin_label=&#8221;Header&#8221; _builder_version=&#8221;4.16.0&#8243; use_background_color_gradient=&#8221;on&#8221; background_color_gradient_stops=&#8221;rgba(0,0,0,0.3) 0%|rgba(0,0,0,0.3) 100%&#8221; background_color_gradient_start=&#8221;rgba(0,0,0,0.3)&#8221; background_color_gradient_end=&#8221;rgba(0,0,0,0.3)&#8221; background_image=&#8221;https:\/\/ariadnabailo.com\/wp-content\/uploads\/2022\/01\/Ariadna-grupo-def-10.jpg&#8221; parallax=&#8221;on&#8221; parallax_method=&#8221;off&#8221; custom_padding=&#8221;||16vw||false|false&#8221; top_divider_style=&#8221;arrow3&#8243; bottom_divider_style=&#8221;arrow3&#8243; locked=&#8221;off&#8221; global_colors_info=&#8221;{}&#8221;][et_pb_row _builder_version=&#8221;4.16&#8243; global_colors_info=&#8221;{}&#8221;][et_pb_column type=&#8221;4_4&#8243; _builder_version=&#8221;4.16&#8243; global_colors_info=&#8221;{}&#8221;][et_pb_text _builder_version=&#8221;4.16.0&#8243; text_font=&#8221;Muli||||||||&#8221; text_font_size=&#8221;22px&#8221; text_line_height=&#8221;1.4em&#8221; header_font=&#8221;ZCOOL XiaoWei||||||||&#8221; header_text_align=&#8221;left&#8221; header_font_size=&#8221;80px&#8221; text_orientation=&#8221;center&#8221; background_layout=&#8221;dark&#8221; max_width=&#8221;700px&#8221; module_alignment=&#8221;center&#8221; custom_margin=&#8221;90px||||false|false&#8221; custom_padding=&#8221;||||false|false&#8221; filter_opacity=&#8221;90%&#8221; text_font_size_tablet=&#8221;18px&#8221; text_font_size_phone=&#8221;16px&#8221; text_font_size_last_edited=&#8221;on|tablet&#8221; text_line_height_tablet=&#8221;&#8221; text_line_height_phone=&#8221;1.8em&#8221; text_line_height_last_edited=&#8221;on|phone&#8221; header_font_size_tablet=&#8221;48px&#8221; header_font_size_phone=&#8221;30px&#8221; header_font_size_last_edited=&#8221;on|phone&#8221; global_colors_info=&#8221;{}&#8221;]<\/p>\n<h1 style=\"text-align: center;\">VIATGES<\/h1>\n<p>[\/et_pb_text][\/et_pb_column][\/et_pb_row][\/et_pb_section][et_pb_section fb_built=&#8221;1&#8243; admin_label=&#8221;About&#8221; _builder_version=&#8221;4.16&#8243; background_color=&#8221;#ffffff&#8221; width=&#8221;90%&#8221; custom_margin=&#8221;||||false|false&#8221; custom_padding=&#8221;|||10vw|false|false&#8221; global_colors_info=&#8221;{}&#8221;][et_pb_row use_custom_gutter=&#8221;on&#8221; gutter_width=&#8221;4&#8243; _builder_version=&#8221;4.16&#8243; width=&#8221;90%&#8221; custom_padding=&#8221;0px|||||&#8221; global_colors_info=&#8221;{}&#8221;][et_pb_column type=&#8221;4_4&#8243; _builder_version=&#8221;4.16&#8243; global_colors_info=&#8221;{}&#8221;][et_pb_text _builder_version=&#8221;4.16.0&#8243; text_font=&#8221;||||||||&#8221; text_line_height=&#8221;1.6em&#8221; header_2_font=&#8221;ZCOOL XiaoWei||||||||&#8221; text_orientation=&#8221;justified&#8221; text_font_size_tablet=&#8221;&#8221; text_font_size_phone=&#8221;14px&#8221; text_font_size_last_edited=&#8221;on|phone&#8221; locked=&#8221;off&#8221; global_colors_info=&#8221;{}&#8221;]<\/p>\n<p>Al llarg dels ultims 15 anys he obert la porta per organitzar viatges de creixement personal i espiritual a diferents llocs del planeta -Mexic i Per\u00fa, Mallorca i Catalunya-.<br \/>En ells, acompanyo al grup en un proc\u00e9s d\u2019\u00c0nima a \u00c0nima fins a conectar amb el prop\u00f2sit del Ser- cosa que permet traspassar tot all\u00f2 que est\u00e0 estancat en el m\u00e9s profund de cada participant.<\/p>\n<p>Tamb\u00e9 activem punts planetaris i obrim portals en llocs energ\u00e8tics potents.<\/p>\n<p>Fem cerim\u00f2nies i rituals de pas, caminades de poder i trobades amb situacions imprevistes, que ens retornen la confian\u00e7a en lo m\u00e9s profund del nostre estat creatiu hum\u00e0 i div\u00ed.<\/p>\n<p><strong>Per con\u00e8ixer els propers viatges organitzats, consulti l\u2019agenda d\u2019aquesta web.<\/strong><\/p>\n<p>[\/et_pb_text][et_pb_button button_url=&#8221;https:\/\/ariadnabailo.com\/agenda&#8221; button_text=&#8221;AGENDA&#8221; button_alignment=&#8221;center&#8221; button_alignment_tablet=&#8221;left&#8221; button_alignment_phone=&#8221;&#8221; button_alignment_last_edited=&#8221;on|tablet&#8221; _builder_version=&#8221;4.16.0&#8243; custom_button=&#8221;on&#8221; button_text_size=&#8221;18px&#8221; button_bg_color=&#8221;#7953a2&#8243; button_border_width=&#8221;0px&#8221; button_border_radius=&#8221;50px&#8221; button_font=&#8221;Josefin Sans|600|||||||&#8221; background_layout=&#8221;dark&#8221; custom_margin_tablet=&#8221;0px||||false|false&#8221; custom_margin_last_edited=&#8221;off|desktop&#8221; custom_padding=&#8221;15px|40px|15px|40px|true|true&#8221; button_text_size_tablet=&#8221;18px&#8221; button_text_size_phone=&#8221;14px&#8221; button_text_size_last_edited=&#8221;on|phone&#8221; locked=&#8221;off&#8221; global_colors_info=&#8221;{}&#8221;][\/et_pb_button][\/et_pb_column][\/et_pb_row][\/et_pb_section][et_pb_section fb_built=&#8221;1&#8243; admin_label=&#8221;About&#8221; _builder_version=&#8221;4.16&#8243; background_color=&#8221;#ffffff&#8221; width=&#8221;90%&#8221; custom_margin=&#8221;||||false|false&#8221; custom_padding=&#8221;|||10vw|false|false&#8221; locked=&#8221;off&#8221; global_colors_info=&#8221;{}&#8221;][et_pb_row _builder_version=&#8221;4.22.1&#8243; _module_preset=&#8221;default&#8221; width=&#8221;90%&#8221; global_colors_info=&#8221;{}&#8221;][et_pb_column type=&#8221;4_4&#8243; _builder_version=&#8221;4.22.1&#8243; _module_preset=&#8221;default&#8221; global_colors_info=&#8221;{}&#8221;][et_pb_image src=&#8221;http:\/\/ariadnabailo.com\/wp-content\/uploads\/2023\/09\/Riviera-Maya_Chiapas_1200x1200px.png&#8221; title_text=&#8221;Riviera Maya_Chiapas_1200x1200px&#8221; _builder_version=&#8221;4.22.1&#8243; _module_preset=&#8221;default&#8221; hover_enabled=&#8221;0&#8243; global_colors_info=&#8221;{}&#8221; sticky_enabled=&#8221;0&#8243;][\/et_pb_image][\/et_pb_column][\/et_pb_row][et_pb_row column_structure=&#8221;1_2,1_2&#8243; use_custom_gutter=&#8221;on&#8221; gutter_width=&#8221;4&#8243; _builder_version=&#8221;4.22.1&#8243; width=&#8221;90%&#8221; custom_padding=&#8221;0px|||||&#8221; global_colors_info=&#8221;{}&#8221; locked=&#8221;off&#8221;][et_pb_column type=&#8221;1_2&#8243; _builder_version=&#8221;4.16&#8243; global_colors_info=&#8221;{}&#8221;][et_pb_text _builder_version=&#8221;4.22.1&#8243; text_font=&#8221;||||||||&#8221; text_line_height=&#8221;1.6em&#8221; header_2_font=&#8221;ZCOOL XiaoWei||||||||&#8221; text_orientation=&#8221;justified&#8221; custom_margin=&#8221;||1px|||&#8221; text_font_size_tablet=&#8221;&#8221; text_font_size_phone=&#8221;14px&#8221; text_font_size_last_edited=&#8221;on|phone&#8221; locked=&#8221;off&#8221; global_colors_info=&#8221;{}&#8221;]<\/p>\n<h2>Fi d\u2019any 2023 i celebraci\u00f3 de l\u2019inici del 2024<\/h2>\n<p>[\/et_pb_text][et_pb_text _builder_version=&#8221;4.22.1&#8243; text_font=&#8221;||||||||&#8221; text_line_height=&#8221;1.6em&#8221; header_2_font=&#8221;ZCOOL XiaoWei||||||||&#8221; text_orientation=&#8221;justified&#8221; text_font_size_tablet=&#8221;&#8221; text_font_size_phone=&#8221;14px&#8221; text_font_size_last_edited=&#8221;on|phone&#8221; locked=&#8221;off&#8221; global_colors_info=&#8221;{}&#8221;]<strong>Dates:\u00a028 desembre- 10 gener<\/strong><br \/>\n(pregunta per l&#8217;adaptaci\u00f3 de dates si nom\u00e9s pots arribar m\u00e9s tard o necessites marxar abans)<\/p>\n<p><strong>Lloc:<span>\u00a0<\/span>Quintana-Roo-Chiapas<\/strong>[\/et_pb_text][et_pb_text _builder_version=&#8221;4.22.1&#8243; text_font=&#8221;||||||||&#8221; text_line_height=&#8221;1.6em&#8221; header_2_font=&#8221;ZCOOL XiaoWei||||||||&#8221; text_orientation=&#8221;justified&#8221; hover_enabled=&#8221;0&#8243; text_font_size_tablet=&#8221;&#8221; text_font_size_phone=&#8221;14px&#8221; text_font_size_last_edited=&#8221;on|phone&#8221; locked=&#8221;off&#8221; global_colors_info=&#8221;{}&#8221; sticky_enabled=&#8221;0&#8243;]<\/p>\n<p>QU\u00c8 FAREM?<\/p>\n<p>Uneix-te a aquesta experi\u00e8ncia de<span>\u00a0<\/span><strong>reconnexi\u00f3 i expansi\u00f3 del teu Ser<\/strong>, al bressol d&#8217;una de les cultures m\u00e9s ancestrals.<span>\u00a0<\/span><br \/>Inicia l\u2019any despullar-te de les teves velles estructures i torna renovad@.<span>\u00a0<\/span><\/p>\n<p><strong>Sent tu<\/strong>.<span>\u00a0<\/span><\/p>\n<p>Durant 2 setmanes compartirem en grup<span>\u00a0<\/span><strong>Canalitzacions<\/strong><span>\u00a0<\/span>i transmissions di\u00e0ries en viu, afinant el nostre sentir, el nostre \u00e9sser i estar al M\u00f3n.<span>\u00a0<\/span><\/p>\n<p><strong>Des del gaudi i el plaer de Ser.\u00a0<\/strong><br \/>Des de la facilitat i les ganes de viure en coher\u00e8ncia.<span>\u00a0<\/span><\/p>\n<p>[\/et_pb_text][et_pb_image src=&#8221;https:\/\/ariadnabailo.com\/wp-content\/uploads\/2023\/09\/IMG_1294.jpg&#8221; title_text=&#8221;IMG_1294&#8243; _builder_version=&#8221;4.22.1&#8243; _module_preset=&#8221;default&#8221; locked=&#8221;off&#8221; global_colors_info=&#8221;{}&#8221;][\/et_pb_image][\/et_pb_column][et_pb_column type=&#8221;1_2&#8243; _builder_version=&#8221;4.16&#8243; global_colors_info=&#8221;{}&#8221;][et_pb_text _builder_version=&#8221;4.22.1&#8243; text_font=&#8221;||||||||&#8221; text_line_height=&#8221;1.6em&#8221; header_2_font=&#8221;ZCOOL XiaoWei||||||||&#8221; text_orientation=&#8221;justified&#8221; hover_enabled=&#8221;0&#8243; text_font_size_tablet=&#8221;&#8221; text_font_size_phone=&#8221;14px&#8221; text_font_size_last_edited=&#8221;on|phone&#8221; locked=&#8221;off&#8221; global_colors_info=&#8221;{}&#8221; sticky_enabled=&#8221;0&#8243;]<\/p>\n<p>Per aix\u00f2, crearem diferents<span>\u00a0<\/span><strong>activitats<\/strong><span>\u00a0<\/span>que ens facilitin l&#8217;experi\u00e8ncia:<\/p>\n<p><strong>Tancament del 2023 i obertura del 2024:\u00a0<\/strong><\/p>\n<p><strong>Treballs personals i espirituals<\/strong><span>\u00a0<\/span>a la Muntanya amb Don Lauro de la Cruz, home medicina i xaman.<span>\u00a0<\/span><\/p>\n<p>I de la m\u00e0, la creativitat i des del cor d&#8217;Ariadna Bailo:<span>\u00a0<\/span><\/p>\n<ul>\n<li><strong>Atenci\u00f3 personal i grupal canalitzada\u00a0<\/strong>des de l&#8217;inici de la preparaci\u00f3 del viatge (des de setembre 2023)<span>\u00a0<\/span><\/li>\n<li>Obertura i reconnexi\u00f3 dels teus<span>\u00a0<\/span><strong>dons ancestrals<\/strong><span>\u00a0<\/span>i acompanyament al despertar.<span>\u00a0<\/span><\/li>\n<li><strong>Canalitzacions<\/strong><span>\u00a0<\/span>di\u00e0ries en grup i en atenci\u00f3 individual durant el viatge.<\/li>\n<li>Obertura de<span>\u00a0<\/span><strong>portals energ\u00e8tics<\/strong><span>\u00a0<\/span>i activaci\u00f3 de punts planetaris, netejant les aig\u00fces internes i externes del planeta Terra.<\/li>\n<li>Activaci\u00f3 de<span>\u00a0<\/span><strong>noves formes de Creaci\u00f3<\/strong>, de relacions, de resoluci\u00f3 de conflictes, d&#8217; escolta interna i externa i d&#8217; enfocament vital.<\/li>\n<\/ul>\n<p>I, a m\u00e9s a m\u00e9s, podr\u00e0s gaudir de:<\/p>\n<ul>\n<li><strong>Sanacions<\/strong><span>\u00a0<\/span>amb Don Lauro i amb Ariadna Bailo<span> .<\/span><\/li>\n<li><strong>Barres d\u2019Acces<\/strong><span>\u00a0<\/span>amb Mari Arenas i Ariadna Bailo<span> .<\/span><\/li>\n<li><strong>Tarot evolutiu<\/strong><span>\u00a0<\/span>amb Mari Arenas.<\/li>\n<li><strong>Temazacal<\/strong><span>\u00a0<\/span>de Sanaci\u00f3 a la natura amb Gustavo<span> .<\/span><\/li>\n<li><strong>Cacaoboat<\/strong>: cerim\u00f2nia de cacau en vaixell al mig de la Llacuna dels 7 Colomes amb el xam\u00e1n Hugo Padilla<\/li>\n<\/ul>\n<p>[\/et_pb_text][et_pb_image src=&#8221;https:\/\/ariadnabailo.com\/wp-content\/uploads\/2023\/09\/IMG_1544.jpg&#8221; title_text=&#8221;IMG_1544&#8243; _builder_version=&#8221;4.22.1&#8243; _module_preset=&#8221;default&#8221; custom_margin=&#8221;69px|||||&#8221; locked=&#8221;off&#8221; global_colors_info=&#8221;{}&#8221;][\/et_pb_image][\/et_pb_column][\/et_pb_row][et_pb_row use_custom_gutter=&#8221;on&#8221; gutter_width=&#8221;4&#8243; _builder_version=&#8221;4.22.1&#8243; width=&#8221;90%&#8221; custom_padding=&#8221;0px|||||&#8221; global_colors_info=&#8221;{}&#8221;][et_pb_column type=&#8221;4_4&#8243; _builder_version=&#8221;4.16&#8243; global_colors_info=&#8221;{}&#8221;][\/et_pb_column][\/et_pb_row][et_pb_row column_structure=&#8221;1_2,1_2&#8243; use_custom_gutter=&#8221;on&#8221; gutter_width=&#8221;4&#8243; _builder_version=&#8221;4.22.1&#8243; width=&#8221;90%&#8221; custom_padding=&#8221;0px|||||&#8221; locked=&#8221;off&#8221; global_colors_info=&#8221;{}&#8221;][et_pb_column type=&#8221;1_2&#8243; _builder_version=&#8221;4.16&#8243; global_colors_info=&#8221;{}&#8221;][et_pb_text _builder_version=&#8221;4.22.1&#8243; text_font=&#8221;||||||||&#8221; text_line_height=&#8221;1.6em&#8221; header_2_font=&#8221;ZCOOL XiaoWei||||||||&#8221; text_orientation=&#8221;justified&#8221; min_height=&#8221;55px&#8221; custom_margin=&#8221;||-1px|||&#8221; text_font_size_tablet=&#8221;&#8221; text_font_size_phone=&#8221;14px&#8221; text_font_size_last_edited=&#8221;on|phone&#8221; locked=&#8221;off&#8221; global_colors_info=&#8221;{}&#8221;]<\/p>\n<h2><strong>ITINERARIO<\/strong><\/h2>\n<p>[\/et_pb_text][et_pb_text _builder_version=&#8221;4.22.1&#8243; text_font=&#8221;||||||||&#8221; text_line_height=&#8221;1.6em&#8221; header_2_font=&#8221;ZCOOL XiaoWei||||||||&#8221; text_orientation=&#8221;justified&#8221; text_font_size_tablet=&#8221;&#8221; text_font_size_phone=&#8221;14px&#8221; text_font_size_last_edited=&#8221;on|phone&#8221; locked=&#8221;off&#8221; global_colors_info=&#8221;{}&#8221;]<\/p>\n<h2><strong>28-29\/12<\/strong><\/h2>\n<p><u>Vols<\/u><span>\u00a0<\/span>Barcelona-Cancun\/Cancun-Tuxla Guti\u00e9rrez<span>\u00a0<\/span><br \/><u>Arribada<\/u><span>\u00a0<\/span>a San Cristobal de las Casas Instal\u00b7laci\u00f3 i acollida.<span>\u00a0<\/span><br \/><u>Canalitzacions<\/u><span>\u00a0<\/span>d&#8217; aterratge i de resituaci\u00f3.<span>\u00a0<\/span><u>Gaudi<\/u><span>\u00a0<\/span>i plaer espontani. Joc i alegria de viure.<span>\u00a0<\/span><\/p>\n<h2><strong>30\/12<\/strong><\/h2>\n<p><u>Sant Cristobal de las Casas<\/u>:<span>\u00a0<\/span>com viure en aquesta exist\u00e8ncia sent com s\u00f3c,<span>\u00a0<\/span><strong>estar present<\/strong>, activant el<span>\u00a0<\/span><strong>descans<\/strong>, el<span>\u00a0<\/span><strong>goig<\/strong><span>\u00a0<\/span>i la<span>\u00a0<\/span><strong>gl\u00f2ria<\/strong>.<\/p>\n<p><u>Visita<\/u><span>\u00a0<\/span>a la Mare de D\u00e9u de Guadalupe:<span>\u00a0<\/span><u>Canalitzaci\u00f3<\/u><span>\u00a0<\/span>grupal.<span>\u00a0<\/span><\/p>\n<p>Andaderos i Mercados<span>\u00a0<\/span><br \/><u>Possibles activitats<\/u>:<span>\u00a0<\/span><br \/>Opci\u00f3 1: Tarot integratiu amb Mari Arenas<br \/>Opci\u00f3 2: Sessions Barres d\u2019Acces<br \/>Opci\u00f3 3 Canalitzaci\u00f3 personals<span>\u00a0<\/span><\/p>\n<p>Gaudi i plaer espontani. Joc i alegria de viure.<\/p>\n<h2><\/h2>\n<p>[\/et_pb_text][et_pb_image src=&#8221;https:\/\/ariadnabailo.com\/wp-content\/uploads\/2023\/09\/IMG_9598-scaled.jpg&#8221; title_text=&#8221;IMG_9598&#8243; _builder_version=&#8221;4.22.1&#8243; _module_preset=&#8221;default&#8221; global_colors_info=&#8221;{}&#8221;][\/et_pb_image][et_pb_text _builder_version=&#8221;4.22.1&#8243; text_font=&#8221;||||||||&#8221; text_line_height=&#8221;1.6em&#8221; header_2_font=&#8221;ZCOOL XiaoWei||||||||&#8221; text_orientation=&#8221;justified&#8221; text_font_size_tablet=&#8221;&#8221; text_font_size_phone=&#8221;14px&#8221; text_font_size_last_edited=&#8221;on|phone&#8221; locked=&#8221;off&#8221; global_colors_info=&#8221;{}&#8221;]<\/p>\n<h2><strong>31\/12<\/strong><\/h2>\n<p><u>Ritual de cap d&#8217; any i neteja a les aig\u00fces sagrades<\/u><br \/>Cascada del CHIFLON:<span>\u00a0<\/span><br \/><u>caminada de poder i canalitzaci\u00f3<\/u><span>\u00a0<\/span>per netejar les nostres aig\u00fces i les aig\u00fces del planeta<span>\u00a0<\/span><\/p>\n<p><u>Ritual de tancament de l&#8217; any i sopar<\/u><span>\u00a0<\/span>\u201cde traje\u201d en grup amb Don Lauro.<br \/>Preparaci\u00f3 de l&#8217; altar i mandala i sopar compartit en grup.<span>\u00a0<\/span><\/p>\n<p>Gaudi i plaer espontani. Joc i alegria de viure.<\/p>\n<p>[\/et_pb_text][et_pb_image src=&#8221;https:\/\/ariadnabailo.com\/wp-content\/uploads\/2023\/09\/IMG_9609.jpg&#8221; title_text=&#8221;IMG_9609&#8243; _builder_version=&#8221;4.22.1&#8243; _module_preset=&#8221;default&#8221; global_colors_info=&#8221;{}&#8221;][\/et_pb_image][et_pb_image src=&#8221;https:\/\/ariadnabailo.com\/wp-content\/uploads\/2023\/09\/IMG_1284.jpg&#8221; title_text=&#8221;IMG_1284&#8243; _builder_version=&#8221;4.22.1&#8243; _module_preset=&#8221;default&#8221; global_colors_info=&#8221;{}&#8221;][\/et_pb_image][et_pb_text _builder_version=&#8221;4.22.1&#8243; text_font=&#8221;||||||||&#8221; text_line_height=&#8221;1.6em&#8221; header_2_font=&#8221;ZCOOL XiaoWei||||||||&#8221; text_orientation=&#8221;justified&#8221; text_font_size_tablet=&#8221;&#8221; text_font_size_phone=&#8221;14px&#8221; text_font_size_last_edited=&#8221;on|phone&#8221; locked=&#8221;off&#8221; global_colors_info=&#8221;{}&#8221;]<\/p>\n<h2><strong>1-2-3 ENERO 2024<\/strong><\/h2>\n<p><u>Cerim\u00f2nies d&#8217;obertura de l&#8217;any<span>\u00a0<\/span><\/u>amb Don Lauro de la Cruz a la Muntanya<span>\u00a0<\/span><br \/><u>Ofrena a la Mare Terra i als elements<\/u>.<span>\u00a0<\/span><u>Cerim\u00f2nies<\/u><span>\u00a0<\/span>amb tambors, danses, cants i foc.<span>\u00a0<\/span><br \/><u>Sanacions<\/u><span>\u00a0<\/span>amb Don Lauro.<span>\u00a0<\/span><br \/><u>Temazacal<\/u><span>\u00a0<\/span>amb Gustavo.<span>\u00a0<\/span><br \/><u>Canalitzacions<\/u><span>\u00a0<\/span>individuals i grupals amb Ariadna Bailo.<span>\u00a0<\/span><\/p>\n<p>Gaudi i plaer espontani. Joc i alegria de viure.<\/p>\n<p>[\/et_pb_text][et_pb_image src=&#8221;https:\/\/ariadnabailo.com\/wp-content\/uploads\/2023\/09\/IMG_1290.jpg&#8221; title_text=&#8221;IMG_1290&#8243; _builder_version=&#8221;4.22.1&#8243; _module_preset=&#8221;default&#8221; global_colors_info=&#8221;{}&#8221;][\/et_pb_image][et_pb_image src=&#8221;https:\/\/ariadnabailo.com\/wp-content\/uploads\/2023\/09\/IMG_1293.jpg&#8221; title_text=&#8221;IMG_1293&#8243; _builder_version=&#8221;4.22.1&#8243; _module_preset=&#8221;default&#8221; global_colors_info=&#8221;{}&#8221;][\/et_pb_image][et_pb_image src=&#8221;https:\/\/ariadnabailo.com\/wp-content\/uploads\/2023\/09\/IMG_1303.jpg&#8221; title_text=&#8221;IMG_1303&#8243; _builder_version=&#8221;4.22.1&#8243; _module_preset=&#8221;default&#8221; global_colors_info=&#8221;{}&#8221;][\/et_pb_image][et_pb_image src=&#8221;https:\/\/ariadnabailo.com\/wp-content\/uploads\/2023\/09\/IMG_1301.jpg&#8221; title_text=&#8221;IMG_1301&#8243; _builder_version=&#8221;4.22.1&#8243; _module_preset=&#8221;default&#8221; global_colors_info=&#8221;{}&#8221;][\/et_pb_image][et_pb_image src=&#8221;https:\/\/ariadnabailo.com\/wp-content\/uploads\/2023\/09\/IMG_1302.jpg&#8221; title_text=&#8221;IMG_1302&#8243; _builder_version=&#8221;4.22.1&#8243; _module_preset=&#8221;default&#8221; global_colors_info=&#8221;{}&#8221;][\/et_pb_image][et_pb_text _builder_version=&#8221;4.22.1&#8243; text_font=&#8221;||||||||&#8221; text_line_height=&#8221;1.6em&#8221; header_2_font=&#8221;ZCOOL XiaoWei||||||||&#8221; text_orientation=&#8221;justified&#8221; text_font_size_tablet=&#8221;&#8221; text_font_size_phone=&#8221;14px&#8221; text_font_size_last_edited=&#8221;on|phone&#8221; locked=&#8221;off&#8221; global_colors_info=&#8221;{}&#8221;]<\/p>\n<h2><strong>4 de ENERO<\/strong><\/h2>\n<p><u>Ca\u00f1\u00f3n del Sumidero<\/u>:<span>\u00a0<\/span>entrada a un dels portals naturals del Planeta,<span>\u00a0<\/span><u>activaci\u00f3 i neteja d&#8217; aig\u00fces<\/u><span>\u00a0<\/span>internes i externes.<span>\u00a0<\/span><br \/><u>Canalitzaci\u00f3<\/u><span>\u00a0<\/span>grupal.<span>\u00a0<\/span><\/p>\n<p>Gaudi i plaer espontani. Joc i alegria de viure.<span>\u00a0<\/span><\/p>\n<p><strong>Vol<\/strong><span>\u00a0<\/span>Tuxtla Guti\u00e9rrez-Canc\u00fan<span>\u00a0<\/span><\/p>\n<p>[\/et_pb_text][et_pb_text _builder_version=&#8221;4.22.1&#8243; text_font=&#8221;||||||||&#8221; text_line_height=&#8221;1.6em&#8221; header_2_font=&#8221;ZCOOL XiaoWei||||||||&#8221; text_orientation=&#8221;justified&#8221; text_font_size_tablet=&#8221;&#8221; text_font_size_phone=&#8221;14px&#8221; text_font_size_last_edited=&#8221;on|phone&#8221; locked=&#8221;off&#8221; global_colors_info=&#8221;{}&#8221;]<\/p>\n<h2><strong>5 de ENERO<\/strong><\/h2>\n<p>*<span>\u00a0<\/span><strong>Tulum<\/strong><br \/>-zona arqueol\u00f2gica:<span>\u00a0<\/span><br \/><u>canalitzaci\u00f3<\/u><span>\u00a0<\/span>grupal i<span>\u00a0<\/span><u>activaci\u00f3 del portal<\/u><br \/>&#8211;<strong>cenote<\/strong>: neteja d&#8217; aig\u00fces interna i planet\u00e0ria<span>\u00a0<\/span><\/p>\n<p>Gaudi i plaer espontani. Joc i alegria de viure.<\/p>\n<p>[\/et_pb_text][et_pb_image src=&#8221;https:\/\/ariadnabailo.com\/wp-content\/uploads\/2023\/09\/IMG_9137-1-scaled.jpg&#8221; title_text=&#8221;IMG_9137-1&#8243; _builder_version=&#8221;4.22.1&#8243; _module_preset=&#8221;default&#8221; global_colors_info=&#8221;{}&#8221;][\/et_pb_image][et_pb_image src=&#8221;https:\/\/ariadnabailo.com\/wp-content\/uploads\/2023\/09\/IMG_9150-scaled.jpg&#8221; title_text=&#8221;IMG_9150&#8243; _builder_version=&#8221;4.22.1&#8243; _module_preset=&#8221;default&#8221; locked=&#8221;off&#8221; global_colors_info=&#8221;{}&#8221;][\/et_pb_image][et_pb_image src=&#8221;https:\/\/ariadnabailo.com\/wp-content\/uploads\/2023\/09\/IMG_9162.jpg&#8221; title_text=&#8221;IMG_9162&#8243; _builder_version=&#8221;4.22.1&#8243; _module_preset=&#8221;default&#8221; global_colors_info=&#8221;{}&#8221;][\/et_pb_image][et_pb_text _builder_version=&#8221;4.22.1&#8243; text_font=&#8221;||||||||&#8221; text_line_height=&#8221;1.6em&#8221; header_2_font=&#8221;ZCOOL XiaoWei||||||||&#8221; text_orientation=&#8221;justified&#8221; text_font_size_tablet=&#8221;&#8221; text_font_size_phone=&#8221;14px&#8221; text_font_size_last_edited=&#8221;on|phone&#8221; locked=&#8221;off&#8221; global_colors_info=&#8221;{}&#8221;]<\/p>\n<h2><strong>6 <\/strong><strong>de ENERO<\/strong><\/h2>\n<p>*<span>\u00a0<\/span><strong>Coba<\/strong><br \/>-zona arqueol\u00f2gica:<span>\u00a0<\/span><br \/><u>caminada de poder i canalitzaci\u00f3<\/u><span>\u00a0<\/span>grupal i<span>\u00a0<\/span><u>activaci\u00f3 del portal<\/u><span>\u00a0<\/span>&#8211;<strong>cenote<\/strong>: neteja d&#8217; aig\u00fces interna i planet\u00e0ria<span>\u00a0<\/span><\/p>\n<p>Gaudi i plaer espontani. Joc i alegria de viure.<span>\u00a0<\/span><\/p>\n<p>[\/et_pb_text][et_pb_image src=&#8221;https:\/\/ariadnabailo.com\/wp-content\/uploads\/2023\/09\/IMG_9195.jpg&#8221; title_text=&#8221;IMG_9195&#8243; _builder_version=&#8221;4.22.1&#8243; _module_preset=&#8221;default&#8221; global_colors_info=&#8221;{}&#8221;][\/et_pb_image][et_pb_image src=&#8221;https:\/\/ariadnabailo.com\/wp-content\/uploads\/2023\/09\/IMG_9177-scaled.jpg&#8221; title_text=&#8221;IMG_9177&#8243; _builder_version=&#8221;4.22.1&#8243; _module_preset=&#8221;default&#8221; global_colors_info=&#8221;{}&#8221;][\/et_pb_image][et_pb_text _builder_version=&#8221;4.22.1&#8243; text_font=&#8221;||||||||&#8221; text_line_height=&#8221;1.6em&#8221; header_2_font=&#8221;ZCOOL XiaoWei||||||||&#8221; text_orientation=&#8221;justified&#8221; text_font_size_tablet=&#8221;&#8221; text_font_size_phone=&#8221;14px&#8221; text_font_size_last_edited=&#8221;on|phone&#8221; locked=&#8221;off&#8221; global_colors_info=&#8221;{}&#8221;]<\/p>\n<h2><strong>7 <\/strong><strong>de ENERO<\/strong><\/h2>\n<p>*<span>\u00a0<\/span><strong>Chichen itz\u00e1<\/strong>:<span>\u00a0<\/span><br \/><u>caminada de poder, canalitzaci\u00f3 grupal i activaci\u00f3 del portal<\/u><\/p>\n<p>Gaudi i plaer espontani. Joc i alegria de viure.<\/p>\n<p>[\/et_pb_text][et_pb_image src=&#8221;https:\/\/ariadnabailo.com\/wp-content\/uploads\/2023\/09\/IMG_9328.jpg&#8221; title_text=&#8221;IMG_9328&#8243; _builder_version=&#8221;4.22.1&#8243; _module_preset=&#8221;default&#8221; global_colors_info=&#8221;{}&#8221;][\/et_pb_image][et_pb_text _builder_version=&#8221;4.22.1&#8243; text_font=&#8221;||||||||&#8221; text_line_height=&#8221;1.6em&#8221; header_2_font=&#8221;ZCOOL XiaoWei||||||||&#8221; text_orientation=&#8221;justified&#8221; text_font_size_tablet=&#8221;&#8221; text_font_size_phone=&#8221;14px&#8221; text_font_size_last_edited=&#8221;on|phone&#8221; locked=&#8221;off&#8221; global_colors_info=&#8221;{}&#8221;]<\/p>\n<h2><strong>8<\/strong><strong>-9 de ENERO<\/strong><\/h2>\n<p>*<span>\u00a0<\/span><strong><u>Laguna de Bacalar o Laguna dels 7 colors\u00a0<\/u><\/strong><br \/><u>Canalitzaci\u00f3 grupal<span>\u00a0<\/span><\/u><br \/><u>Cerim\u00f2nia cacau i viatge concient<\/u><span>\u00a0<\/span>en vaixell amb Hugo Padilla Cenote:<span>\u00a0<\/span> neteja d&#8217; aig\u00fces interna i planet\u00e0ria<span>\u00a0<\/span><\/p>\n<p>Gaudi i plaer espontani. Joc i alegria de viure.<\/p>\n<p>[\/et_pb_text][et_pb_image src=&#8221;https:\/\/ariadnabailo.com\/wp-content\/uploads\/2023\/09\/IMG_9263-scaled.jpg&#8221; title_text=&#8221;IMG_9263&#8243; _builder_version=&#8221;4.22.1&#8243; _module_preset=&#8221;default&#8221; global_colors_info=&#8221;{}&#8221;][\/et_pb_image][et_pb_image src=&#8221;https:\/\/ariadnabailo.com\/wp-content\/uploads\/2023\/09\/IMG_9366-1-scaled.jpg&#8221; title_text=&#8221;IMG_9366&#8243; _builder_version=&#8221;4.22.1&#8243; _module_preset=&#8221;default&#8221; global_colors_info=&#8221;{}&#8221;][\/et_pb_image][et_pb_text _builder_version=&#8221;4.22.1&#8243; text_font=&#8221;||||||||&#8221; text_line_height=&#8221;1.6em&#8221; header_2_font=&#8221;ZCOOL XiaoWei||||||||&#8221; text_orientation=&#8221;justified&#8221; text_font_size_tablet=&#8221;&#8221; text_font_size_phone=&#8221;14px&#8221; text_font_size_last_edited=&#8221;on|phone&#8221; locked=&#8221;off&#8221; global_colors_info=&#8221;{}&#8221;]<\/p>\n<h2><strong>10 de ENERO<\/strong><\/h2>\n<p>Tancament del viatge concient amb<span>\u00a0<\/span><u>canalitzacions<\/u><span>\u00a0<\/span>grupals.<\/p>\n<p>Gaudi i plaer espontani. Joc i alegria de viure.<span>\u00a0<\/span><\/p>\n<p>Vol Cancun-Barcelona<\/p>\n<p>[\/et_pb_text][et_pb_image src=&#8221;https:\/\/ariadnabailo.com\/wp-content\/uploads\/2023\/09\/IMG_9620.jpg&#8221; title_text=&#8221;IMG_9620&#8243; _builder_version=&#8221;4.22.1&#8243; _module_preset=&#8221;default&#8221; global_colors_info=&#8221;{}&#8221;][\/et_pb_image][et_pb_text _builder_version=&#8221;4.22.1&#8243; text_font=&#8221;||||||||&#8221; text_line_height=&#8221;1.6em&#8221; header_2_font=&#8221;ZCOOL XiaoWei||||||||&#8221; text_orientation=&#8221;justified&#8221; text_font_size_tablet=&#8221;&#8221; text_font_size_phone=&#8221;14px&#8221; text_font_size_last_edited=&#8221;on|phone&#8221; locked=&#8221;off&#8221; global_colors_info=&#8221;{}&#8221;]<\/p>\n<p>***Dir que aquest itinerari est\u00e0 exposat a possibles modificacions segons la creaci\u00f3 conjunta amb del grup aquests pr\u00f3xims mesos, sense possiblement alterar els llocs proposats i si podent moure&#8217;s el recorregut canviant de dies.<span>\u00a0<\/span><\/p>\n<p>Si sorgeixen noves propostes per part del grup, es tindran en compte per afegir-se en el programa, si \u00e9s f\u00e0cil i harmoni\u00f3s.<\/p>\n<p>I, com sempre. convidant al plaer a ser portador de la teva exist\u00e8ncia, de la m\u00e0 del goig i el gust per la vida.<span>\u00a0<\/span>\u00a0<\/p>\n<p>Si flueixes amb la nostra proposta i desitges m\u00e9s informaci\u00f3 sobre preus, m\u00e8todes de pagament, organitzaci\u00f3 abans i durant el viatge, log\u00edstica i treballs personals i espirituals, no dubtis a contactar via mail a<span>\u00a0<\/span><a href=\"mailto:hola@ariadnabailo.com\">hola@ariadnabailo.com<\/a><span>\u00a0<\/span><\/p>\n<p>&nbsp;<\/p>\n<p><strong>Et desitjo molt goig i molta facilitat en la teva vida!<\/strong><\/p>\n<p>[\/et_pb_text][\/et_pb_column][et_pb_column type=&#8221;1_2&#8243; _builder_version=&#8221;4.16&#8243; global_colors_info=&#8221;{}&#8221;][et_pb_image src=&#8221;https:\/\/ariadnabailo.com\/wp-content\/uploads\/2023\/09\/IMG_9301-scaled.jpg&#8221; title_text=&#8221;IMG_9301&#8243; _builder_version=&#8221;4.22.1&#8243; _module_preset=&#8221;default&#8221; global_colors_info=&#8221;{}&#8221;][\/et_pb_image][et_pb_image src=&#8221;https:\/\/ariadnabailo.com\/wp-content\/uploads\/2023\/09\/IMG_9626-scaled.jpg&#8221; title_text=&#8221;IMG_9626&#8243; _builder_version=&#8221;4.22.1&#8243; _module_preset=&#8221;default&#8221; global_colors_info=&#8221;{}&#8221;][\/et_pb_image][et_pb_image src=&#8221;https:\/\/ariadnabailo.com\/wp-content\/uploads\/2023\/09\/IMG_1294.jpg&#8221; title_text=&#8221;IMG_1294&#8243; _builder_version=&#8221;4.22.1&#8243; _module_preset=&#8221;default&#8221; global_colors_info=&#8221;{}&#8221;][\/et_pb_image][et_pb_image src=&#8221;https:\/\/ariadnabailo.com\/wp-content\/uploads\/2023\/09\/IMG_1300-1.jpg&#8221; title_text=&#8221;IMG_1300&#8243; _builder_version=&#8221;4.22.1&#8243; _module_preset=&#8221;default&#8221; global_colors_info=&#8221;{}&#8221;][\/et_pb_image][et_pb_image src=&#8221;https:\/\/ariadnabailo.com\/wp-content\/uploads\/2023\/09\/IMG_9374-scaled.jpg&#8221; title_text=&#8221;IMG_9374&#8243; _builder_version=&#8221;4.22.1&#8243; _module_preset=&#8221;default&#8221; global_colors_info=&#8221;{}&#8221;][\/et_pb_image][et_pb_image src=&#8221;https:\/\/ariadnabailo.com\/wp-content\/uploads\/2023\/09\/IMG_9591-scaled.jpg&#8221; title_text=&#8221;IMG_9591&#8243; _builder_version=&#8221;4.22.1&#8243; _module_preset=&#8221;default&#8221; global_colors_info=&#8221;{}&#8221;][\/et_pb_image][et_pb_image src=&#8221;https:\/\/ariadnabailo.com\/wp-content\/uploads\/2023\/09\/IMG_9288-scaled.jpg&#8221; title_text=&#8221;IMG_9288&#8243; _builder_version=&#8221;4.22.1&#8243; _module_preset=&#8221;default&#8221; global_colors_info=&#8221;{}&#8221;][\/et_pb_image][et_pb_image src=&#8221;https:\/\/ariadnabailo.com\/wp-content\/uploads\/2023\/09\/IMG_9295-scaled.jpg&#8221; title_text=&#8221;IMG_9295&#8243; _builder_version=&#8221;4.22.1&#8243; _module_preset=&#8221;default&#8221; global_colors_info=&#8221;{}&#8221;][\/et_pb_image][et_pb_image src=&#8221;https:\/\/ariadnabailo.com\/wp-content\/uploads\/2023\/09\/IMG_9380-scaled.jpg&#8221; title_text=&#8221;IMG_9380&#8243; _builder_version=&#8221;4.22.1&#8243; _module_preset=&#8221;default&#8221; global_colors_info=&#8221;{}&#8221;][\/et_pb_image][et_pb_image src=&#8221;https:\/\/ariadnabailo.com\/wp-content\/uploads\/2023\/09\/IMG_9346-scaled.jpg&#8221; title_text=&#8221;IMG_9346&#8243; _builder_version=&#8221;4.22.1&#8243; _module_preset=&#8221;default&#8221; global_colors_info=&#8221;{}&#8221;][\/et_pb_image][et_pb_image src=&#8221;https:\/\/ariadnabailo.com\/wp-content\/uploads\/2023\/09\/IMG_9357-scaled.jpg&#8221; title_text=&#8221;IMG_9357&#8243; _builder_version=&#8221;4.22.1&#8243; _module_preset=&#8221;default&#8221; global_colors_info=&#8221;{}&#8221;][\/et_pb_image][et_pb_image src=&#8221;https:\/\/ariadnabailo.com\/wp-content\/uploads\/2023\/09\/26c98b53-42ba-4043-bee2-4cf8cb30d5fe.jpg&#8221; title_text=&#8221;26c98b53-42ba-4043-bee2-4cf8cb30d5fe&#8221; _builder_version=&#8221;4.22.1&#8243; _module_preset=&#8221;default&#8221; global_colors_info=&#8221;{}&#8221;][\/et_pb_image][et_pb_image src=&#8221;https:\/\/ariadnabailo.com\/wp-content\/uploads\/2023\/09\/IMG_9326.jpg&#8221; title_text=&#8221;IMG_9326&#8243; _builder_version=&#8221;4.22.1&#8243; _module_preset=&#8221;default&#8221; global_colors_info=&#8221;{}&#8221;][\/et_pb_image][et_pb_image src=&#8221;https:\/\/ariadnabailo.com\/wp-content\/uploads\/2023\/09\/IMG_9290-scaled.jpg&#8221; title_text=&#8221;IMG_9290&#8243; _builder_version=&#8221;4.22.1&#8243; _module_preset=&#8221;default&#8221; global_colors_info=&#8221;{}&#8221;][\/et_pb_image][et_pb_image src=&#8221;https:\/\/ariadnabailo.com\/wp-content\/uploads\/2023\/09\/IMG_9165-scaled.jpg&#8221; title_text=&#8221;IMG_9165&#8243; _builder_version=&#8221;4.22.1&#8243; _module_preset=&#8221;default&#8221; global_colors_info=&#8221;{}&#8221;][\/et_pb_image][et_pb_image src=&#8221;https:\/\/ariadnabailo.com\/wp-content\/uploads\/2023\/09\/IMG_9166-scaled.jpg&#8221; title_text=&#8221;IMG_9166&#8243; _builder_version=&#8221;4.22.1&#8243; _module_preset=&#8221;default&#8221; global_colors_info=&#8221;{}&#8221;][\/et_pb_image][et_pb_image src=&#8221;https:\/\/ariadnabailo.com\/wp-content\/uploads\/2023\/09\/IMG_9197-1.jpg&#8221; title_text=&#8221;IMG_9197&#8243; _builder_version=&#8221;4.22.1&#8243; _module_preset=&#8221;default&#8221; global_colors_info=&#8221;{}&#8221;][\/et_pb_image][et_pb_image src=&#8221;https:\/\/ariadnabailo.com\/wp-content\/uploads\/2023\/09\/IMG_9135-scaled.jpg&#8221; title_text=&#8221;IMG_9135&#8243; _builder_version=&#8221;4.22.1&#8243; _module_preset=&#8221;default&#8221; global_colors_info=&#8221;{}&#8221;][\/et_pb_image][et_pb_image src=&#8221;https:\/\/ariadnabailo.com\/wp-content\/uploads\/2023\/09\/IMG_9297-scaled.jpg&#8221; title_text=&#8221;IMG_9297&#8243; _builder_version=&#8221;4.22.1&#8243; _module_preset=&#8221;default&#8221; global_colors_info=&#8221;{}&#8221;][\/et_pb_image][\/et_pb_column][\/et_pb_row][\/et_pb_section][et_pb_section fb_built=&#8221;1&#8243; disabled_on=&#8221;on|on|on&#8221; admin_label=&#8221;Mission&#8221; module_id=&#8221;curriculum&#8221; _builder_version=&#8221;4.16.0&#8243; background_color=&#8221;rgba(121,83,162,0.35)&#8221; width=&#8221;100%&#8221; module_alignment=&#8221;center&#8221; custom_margin=&#8221;||||false|false&#8221; custom_padding=&#8221;||0px||false|false&#8221; disabled=&#8221;on&#8221; locked=&#8221;off&#8221; global_colors_info=&#8221;{}&#8221;][et_pb_row _builder_version=&#8221;4.16&#8243; max_width=&#8221;800px&#8221; global_colors_info=&#8221;{}&#8221;][et_pb_column type=&#8221;4_4&#8243; _builder_version=&#8221;4.16&#8243; global_colors_info=&#8221;{}&#8221;][et_pb_text _builder_version=&#8221;4.16&#8243; text_font=&#8221;||||||||&#8221; text_text_color=&#8221;rgba(0,0,0,0.72)&#8221; text_line_height=&#8221;1.8em&#8221; header_2_font=&#8221;ZCOOL XiaoWei|600|||||||&#8221; header_2_font_size=&#8221;60px&#8221; header_2_line_height=&#8221;1.2em&#8221; text_font_size_tablet=&#8221;&#8221; text_font_size_phone=&#8221;14px&#8221; text_font_size_last_edited=&#8221;on|phone&#8221; header_2_font_size_tablet=&#8221;42px&#8221; header_2_font_size_phone=&#8221;24px&#8221; header_2_font_size_last_edited=&#8221;on|phone&#8221; header_2_line_height_tablet=&#8221;&#8221; header_2_line_height_phone=&#8221;1.4em&#8221; header_2_line_height_last_edited=&#8221;on|phone&#8221; locked=&#8221;off&#8221; global_colors_info=&#8221;{}&#8221;]<\/p>\n<h2>Testimonios<\/h2>\n<p>&nbsp;<\/p>\n<p>[\/et_pb_text][\/et_pb_column][\/et_pb_row][et_pb_row column_structure=&#8221;1_2,1_2&#8243; _builder_version=&#8221;4.16&#8243; max_width=&#8221;800px&#8221; custom_padding=&#8221;5px|||||&#8221; global_colors_info=&#8221;{}&#8221;][et_pb_column type=&#8221;1_2&#8243; _builder_version=&#8221;4.16&#8243; global_colors_info=&#8221;{}&#8221;][et_pb_testimonial author=&#8221;Sonia Guti\u00e9rrez&#8221; company_name=&#8221;Psic\u00f2loga&#8221; quote_icon=&#8221;off&#8221; _builder_version=&#8221;4.16.0&#8243; _module_preset=&#8221;default&#8221; background_color=&#8221;rgba(245,245,245,0.85)&#8221; global_colors_info=&#8221;{}&#8221;]<\/p>\n<div><em>\u201cParticipar en el grupo I Am de Ariadna est\u00e1 siendo una experiencia muy importante para m\u00ed desde el confinamiento. Es un espacio donde poder ser, expresar lo vulnerable, y estar acompa\u00f1ada con firmeza y ternura.<\/em><\/div>\n<div><em>Es un espacio desde el que salgo m\u00e1s alineada conmigo misma.<\/em><\/div>\n<div><em>Ariadna es delicada, amorosa, y tambi\u00e9n con humor y determinaci\u00f3n se centra y facilita los movimientos que favorecen la comprensi\u00f3n, la integraci\u00f3n, el crecimiento personal y espiritual.<\/em><\/div>\n<div><em>Yo estoy muy agradecida de poder compartir este espacio, formar parte del grupo, ser acogida.<\/em><\/div>\n<div><em>Gracias Ariadna.\u201d<\/em><\/div>\n<p>[\/et_pb_testimonial][et_pb_testimonial author=&#8221;Maria Paloma Vaquer&#8221; company_name=&#8221;Economista&#8221; quote_icon=&#8221;off&#8221; _builder_version=&#8221;4.16.0&#8243; _module_preset=&#8221;default&#8221; background_color=&#8221;rgba(245,245,245,0.85)&#8221; global_colors_info=&#8221;{}&#8221;]<\/p>\n<div><em>\u201cSiento un enorme agradecimiento y fuerte compromiso en poder formar parte de esta red de seres maravillosos conectados desde la esencia. En estas sesiones asistidas por seres de luz supradimensionales y canalizadas tan amorosamente por Ariadna siento reforzar mi ser, siento el sost\u00e9n del conjunto y el efecto multiplicador que se genera para todos, tal cual granito de arena en el proceso global de aumento de consciencia. De nuevo gracias Ariadna por tu labor.\u201d<\/em><\/div>\n<p>&nbsp;<\/p>\n<p>[\/et_pb_testimonial][\/et_pb_column][et_pb_column type=&#8221;1_2&#8243; _builder_version=&#8221;4.16&#8243; global_colors_info=&#8221;{}&#8221;][et_pb_testimonial author=&#8221;S\u00edlvia Molas&#8221; company_name=&#8221;Dise\u00f1adora de emociones&#8221; quote_icon=&#8221;off&#8221; _builder_version=&#8221;4.16.0&#8243; _module_preset=&#8221;default&#8221; background_color=&#8221;rgba(245,245,245,0.85)&#8221; global_colors_info=&#8221;{}&#8221;]<\/p>\n<div><em>\u201cLas sesiones grupales con Ariadna son pura vitamina para el alma.<\/em><\/div>\n<div><em>Me regalo este espacio por m\u00ed, conectamos y nos expresamos desde el coraz\u00f3n, respiramos, nos empoderamos, y con el grupo nos hacemos de espejos y se potencia la energ\u00eda.\u201d<\/em><\/div>\n<p>[\/et_pb_testimonial][et_pb_testimonial author=&#8221;ETELVINA REIS, 49 a\u00f1os &#8221; job_title=&#8221;Arquitecta, fot\u00f3grafa y profesora en diversas universidades de Brasil&#8221; quote_icon=&#8221;off&#8221; _builder_version=&#8221;4.16&#8243; _module_preset=&#8221;default&#8221; background_color=&#8221;rgba(245,245,245,0.85)&#8221; global_colors_info=&#8221;{}&#8221;]<\/p>\n<div>\n<div>\n<p><em><span lang=\"ES\">En las sesiones de canalizaci\u00f3n en grupo\u00a0se forma un ambiente m\u00e1gico, espiritual, que pocas veces he sentido en mi vida. Yo necesito esta conexi\u00f3n con algo m\u00e1s all\u00e1 de esta vida material, y la verdad es que siempre que he estado en una sesi\u00f3n contigo, sea privada o colectiva, he sentido esta conexi\u00f3n con lo alto, con los seres elevados espiritualmente, como si estuviera en otra dimensi\u00f3n.<\/span><\/em><span lang=\"ES\"><o:p><\/o:p><\/span><\/p>\n<\/div>\n<\/div>\n<p>[\/et_pb_testimonial][\/et_pb_column][\/et_pb_row][et_pb_row _builder_version=&#8221;4.16&#8243; width=&#8221;100%&#8221; max_width=&#8221;none&#8221; max_width_tablet=&#8221;70%&#8221; max_width_phone=&#8221;100%&#8221; max_width_last_edited=&#8221;off|desktop&#8221; module_alignment=&#8221;left&#8221; custom_margin=&#8221;||0px||false|false&#8221; custom_margin_tablet=&#8221;5%||-20%||false|false&#8221; custom_margin_phone=&#8221;||0%||false|false&#8221; custom_margin_last_edited=&#8221;off|desktop&#8221; custom_padding=&#8221;||0px||false|false&#8221; locked=&#8221;off&#8221; global_colors_info=&#8221;{}&#8221;][et_pb_column type=&#8221;4_4&#8243; _builder_version=&#8221;4.16&#8243; global_colors_info=&#8221;{}&#8221;][\/et_pb_column][\/et_pb_row][\/et_pb_section][et_pb_section fb_built=&#8221;1&#8243; admin_label=&#8221;Footer&#8221; _builder_version=&#8221;4.16&#8243; background_color=&#8221;#ffffff&#8221; use_background_color_gradient=&#8221;on&#8221; background_color_gradient_stops=&#8221;rgba(255,255,255,0.8) 0%|rgba(255,255,255,0.8) 100%&#8221; background_color_gradient_overlays_image=&#8221;on&#8221; background_color_gradient_start=&#8221;rgba(255,255,255,0.8)&#8221; background_color_gradient_end=&#8221;rgba(255,255,255,0.8)&#8221; background_image=&#8221;http:\/\/s895374517.mialojamiento.es\/wp-content\/uploads\/2021\/12\/Logo_Iam_Llavor.png&#8221; background_position=&#8221;top_left&#8221; background_repeat=&#8221;repeat&#8221; overflow-x=&#8221;hidden&#8221; overflow-y=&#8221;hidden&#8221; saved_tabs=&#8221;all&#8221; locked=&#8221;off&#8221; collapsed=&#8221;on&#8221; global_colors_info=&#8221;{}&#8221;][et_pb_row _builder_version=&#8221;4.16&#8243; width=&#8221;60%&#8221; global_colors_info=&#8221;{}&#8221;][et_pb_column type=&#8221;4_4&#8243; _builder_version=&#8221;4.16&#8243; global_colors_info=&#8221;{}&#8221;][\/et_pb_column][\/et_pb_row][et_pb_row column_structure=&#8221;1_3,1_3,1_3&#8243; use_custom_gutter=&#8221;on&#8221; gutter_width=&#8221;2&#8243; make_equal=&#8221;on&#8221; _builder_version=&#8221;4.16&#8243; width=&#8221;54%&#8221; global_colors_info=&#8221;{}&#8221;][et_pb_column type=&#8221;1_3&#8243; _builder_version=&#8221;4.16&#8243; global_colors_info=&#8221;{}&#8221;][et_pb_icon font_icon=&#8221;&#xf199;||fa||900&#8243; icon_color=&#8221;#6f86c3&#8243; icon_width=&#8221;60px&#8221; url=&#8221;mailto:hola@ariadnabailo.com&#8221; _builder_version=&#8221;4.16&#8243; _module_preset=&#8221;default&#8221; global_colors_info=&#8221;{}&#8221;][\/et_pb_icon][et_pb_text _builder_version=&#8221;4.16&#8243; text_font=&#8221;Muli||||||||&#8221; text_line_height=&#8221;1.8em&#8221; header_3_font=&#8221;Josefin Sans||||||||&#8221; header_3_line_height=&#8221;1.4em&#8221; text_orientation=&#8221;center&#8221; text_font_size_tablet=&#8221;&#8221; text_font_size_phone=&#8221;14px&#8221; text_font_size_last_edited=&#8221;on|phone&#8221; header_3_font_size_tablet=&#8221;20px&#8221; header_3_font_size_phone=&#8221;18px&#8221; header_3_font_size_last_edited=&#8221;on|tablet&#8221; header_3_line_height_tablet=&#8221;&#8221; header_3_line_height_phone=&#8221;1.8em&#8221; header_3_line_height_last_edited=&#8221;on|phone&#8221; locked=&#8221;off&#8221; global_colors_info=&#8221;{}&#8221;]<\/p>\n<h3>hola@ariadnabailo.com<\/h3>\n<p>[\/et_pb_text][\/et_pb_column][et_pb_column type=&#8221;1_3&#8243; _builder_version=&#8221;4.16&#8243; global_colors_info=&#8221;{}&#8221;][et_pb_icon font_icon=&#8221;&#xf2c6;||fa||400&#8243; icon_color=&#8221;#6f86c3&#8243; icon_width=&#8221;60px&#8221; _builder_version=&#8221;4.16&#8243; _module_preset=&#8221;default&#8221; global_colors_info=&#8221;{}&#8221;][\/et_pb_icon][et_pb_text _builder_version=&#8221;4.16&#8243; text_font=&#8221;Muli||||||||&#8221; text_line_height=&#8221;1.8em&#8221; header_3_font=&#8221;Josefin Sans||||||||&#8221; header_3_line_height=&#8221;1.4em&#8221; text_orientation=&#8221;center&#8221; text_font_size_tablet=&#8221;&#8221; text_font_size_phone=&#8221;14px&#8221; text_font_size_last_edited=&#8221;on|phone&#8221; header_3_font_size_tablet=&#8221;20px&#8221; header_3_font_size_phone=&#8221;18px&#8221; header_3_font_size_last_edited=&#8221;on|tablet&#8221; header_3_line_height_tablet=&#8221;&#8221; header_3_line_height_phone=&#8221;1.8em&#8221; header_3_line_height_last_edited=&#8221;on|phone&#8221; locked=&#8221;off&#8221; global_colors_info=&#8221;{}&#8221;]<\/p>\n<h3>ariadnabailo<\/h3>\n<p>[\/et_pb_text][\/et_pb_column][et_pb_column type=&#8221;1_3&#8243; _builder_version=&#8221;4.16&#8243; global_colors_info=&#8221;{}&#8221;][et_pb_icon font_icon=&#8221;&#xe0a3;||divi||400&#8243; icon_color=&#8221;#6f86c3&#8243; icon_width=&#8221;60px&#8221; _builder_version=&#8221;4.16&#8243; _module_preset=&#8221;default&#8221; global_colors_info=&#8221;{}&#8221;][\/et_pb_icon][et_pb_text _builder_version=&#8221;4.16&#8243; text_font=&#8221;Muli||||||||&#8221; text_line_height=&#8221;1.8em&#8221; header_3_font=&#8221;Josefin Sans||||||||&#8221; header_3_line_height=&#8221;1.4em&#8221; text_orientation=&#8221;center&#8221; text_font_size_tablet=&#8221;&#8221; text_font_size_phone=&#8221;14px&#8221; text_font_size_last_edited=&#8221;on|phone&#8221; header_3_font_size_tablet=&#8221;20px&#8221; header_3_font_size_phone=&#8221;18px&#8221; header_3_font_size_last_edited=&#8221;on|tablet&#8221; header_3_line_height_tablet=&#8221;&#8221; header_3_line_height_phone=&#8221;1.8em&#8221; header_3_line_height_last_edited=&#8221;on|phone&#8221; locked=&#8221;off&#8221; global_colors_info=&#8221;{}&#8221;]<\/p>\n<h3>ariadnabailo<\/h3>\n<p>[\/et_pb_text][\/et_pb_column][\/et_pb_row][\/et_pb_section]<\/p>\n","protected":false},"excerpt":{"rendered":"<p>VIATGESAl llarg dels ultims 15 anys he obert la porta per organitzar viatges de creixement personal i espiritual a diferents llocs del planeta -Mexic i Per\u00fa, Mallorca i Catalunya-.En ells, acompanyo al grup en un proc\u00e9s d\u2019\u00c0nima a \u00c0nima fins a conectar amb el prop\u00f2sit del Ser- cosa que permet traspassar tot all\u00f2 que est\u00e0 [&hellip;]<\/p>\n","protected":false},"author":1,"featured_media":0,"parent":0,"menu_order":0,"comment_status":"closed","ping_status":"closed","template":"","meta":{"_et_pb_use_builder":"on","_et_pb_old_content":"","_et_gb_content_width":"","footnotes":""},"class_list":["post-1023","page","type-page","status-publish","hentry"],"yoast_head":"<!-- This site is optimized with the Yoast SEO plugin v27.5 - https:\/\/yoast.com\/product\/yoast-seo-wordpress\/ -->\n<title>Viatges - Ariadna Bailo<\/title>\n<meta name=\"robots\" content=\"index, follow, max-snippet:-1, max-image-preview:large, max-video-preview:-1\" \/>\n<link rel=\"canonical\" href=\"http:\/\/ariadnabailo.com\/ca\/viatges\" \/>\n<meta property=\"og:locale\" content=\"ca_ES\" \/>\n<meta property=\"og:type\" content=\"article\" \/>\n<meta property=\"og:title\" content=\"Viatges - Ariadna Bailo\" \/>\n<meta property=\"og:description\" content=\"VIATGESAl llarg dels ultims 15 anys he obert la porta per organitzar viatges de creixement personal i espiritual a diferents llocs del planeta -Mexic i Per\u00fa, Mallorca i Catalunya-.En ells, acompanyo al grup en un proc\u00e9s d\u2019\u00c0nima a \u00c0nima fins a conectar amb el prop\u00f2sit del Ser- cosa que permet traspassar tot all\u00f2 que est\u00e0 [&hellip;]\" \/>\n<meta property=\"og:url\" content=\"http:\/\/ariadnabailo.com\/ca\/viatges\" \/>\n<meta property=\"og:site_name\" content=\"Ariadna Bailo\" \/>\n<meta property=\"article:modified_time\" content=\"2023-09-18T09:24:45+00:00\" \/>\n<meta name=\"twitter:card\" content=\"summary_large_image\" \/>\n<meta name=\"twitter:label1\" content=\"Temps estimat de lectura\" \/>\n\t<meta name=\"twitter:data1\" content=\"4 minuts\" \/>\n<script type=\"application\/ld+json\" class=\"yoast-schema-graph\">{\"@context\":\"https:\\\/\\\/schema.org\",\"@graph\":[{\"@type\":\"WebPage\",\"@id\":\"http:\\\/\\\/ariadnabailo.com\\\/ca\\\/viatges\",\"url\":\"http:\\\/\\\/ariadnabailo.com\\\/ca\\\/viatges\",\"name\":\"Viatges - Ariadna Bailo\",\"isPartOf\":{\"@id\":\"https:\\\/\\\/ariadnabailo.com\\\/ca\\\/#website\"},\"datePublished\":\"2022-09-27T13:07:40+00:00\",\"dateModified\":\"2023-09-18T09:24:45+00:00\",\"breadcrumb\":{\"@id\":\"http:\\\/\\\/ariadnabailo.com\\\/ca\\\/viatges#breadcrumb\"},\"inLanguage\":\"ca\",\"potentialAction\":[{\"@type\":\"ReadAction\",\"target\":[\"http:\\\/\\\/ariadnabailo.com\\\/ca\\\/viatges\"]}]},{\"@type\":\"BreadcrumbList\",\"@id\":\"http:\\\/\\\/ariadnabailo.com\\\/ca\\\/viatges#breadcrumb\",\"itemListElement\":[{\"@type\":\"ListItem\",\"position\":1,\"name\":\"Portada\",\"item\":\"https:\\\/\\\/ariadnabailo.com\\\/ca\"},{\"@type\":\"ListItem\",\"position\":2,\"name\":\"Viatges\"}]},{\"@type\":\"WebSite\",\"@id\":\"https:\\\/\\\/ariadnabailo.com\\\/ca\\\/#website\",\"url\":\"https:\\\/\\\/ariadnabailo.com\\\/ca\\\/\",\"name\":\"Ariadna Bailo\",\"description\":\"\",\"potentialAction\":[{\"@type\":\"SearchAction\",\"target\":{\"@type\":\"EntryPoint\",\"urlTemplate\":\"https:\\\/\\\/ariadnabailo.com\\\/ca\\\/?s={search_term_string}\"},\"query-input\":{\"@type\":\"PropertyValueSpecification\",\"valueRequired\":true,\"valueName\":\"search_term_string\"}}],\"inLanguage\":\"ca\"}]}<\/script>\n<!-- \/ Yoast SEO plugin. -->","yoast_head_json":{"title":"Viatges - Ariadna Bailo","robots":{"index":"index","follow":"follow","max-snippet":"max-snippet:-1","max-image-preview":"max-image-preview:large","max-video-preview":"max-video-preview:-1"},"canonical":"http:\/\/ariadnabailo.com\/ca\/viatges","og_locale":"ca_ES","og_type":"article","og_title":"Viatges - Ariadna Bailo","og_description":"VIATGESAl llarg dels ultims 15 anys he obert la porta per organitzar viatges de creixement personal i espiritual a diferents llocs del planeta -Mexic i Per\u00fa, Mallorca i Catalunya-.En ells, acompanyo al grup en un proc\u00e9s d\u2019\u00c0nima a \u00c0nima fins a conectar amb el prop\u00f2sit del Ser- cosa que permet traspassar tot all\u00f2 que est\u00e0 [&hellip;]","og_url":"http:\/\/ariadnabailo.com\/ca\/viatges","og_site_name":"Ariadna Bailo","article_modified_time":"2023-09-18T09:24:45+00:00","twitter_card":"summary_large_image","twitter_misc":{"Temps estimat de lectura":"4 minuts"},"schema":{"@context":"https:\/\/schema.org","@graph":[{"@type":"WebPage","@id":"http:\/\/ariadnabailo.com\/ca\/viatges","url":"http:\/\/ariadnabailo.com\/ca\/viatges","name":"Viatges - Ariadna Bailo","isPartOf":{"@id":"https:\/\/ariadnabailo.com\/ca\/#website"},"datePublished":"2022-09-27T13:07:40+00:00","dateModified":"2023-09-18T09:24:45+00:00","breadcrumb":{"@id":"http:\/\/ariadnabailo.com\/ca\/viatges#breadcrumb"},"inLanguage":"ca","potentialAction":[{"@type":"ReadAction","target":["http:\/\/ariadnabailo.com\/ca\/viatges"]}]},{"@type":"BreadcrumbList","@id":"http:\/\/ariadnabailo.com\/ca\/viatges#breadcrumb","itemListElement":[{"@type":"ListItem","position":1,"name":"Portada","item":"https:\/\/ariadnabailo.com\/ca"},{"@type":"ListItem","position":2,"name":"Viatges"}]},{"@type":"WebSite","@id":"https:\/\/ariadnabailo.com\/ca\/#website","url":"https:\/\/ariadnabailo.com\/ca\/","name":"Ariadna Bailo","description":"","potentialAction":[{"@type":"SearchAction","target":{"@type":"EntryPoint","urlTemplate":"https:\/\/ariadnabailo.com\/ca\/?s={search_term_string}"},"query-input":{"@type":"PropertyValueSpecification","valueRequired":true,"valueName":"search_term_string"}}],"inLanguage":"ca"}]}},"jetpack_sharing_enabled":true,"_links":{"self":[{"href":"http:\/\/ariadnabailo.com\/ca\/wp-json\/wp\/v2\/pages\/1023","targetHints":{"allow":["GET"]}}],"collection":[{"href":"http:\/\/ariadnabailo.com\/ca\/wp-json\/wp\/v2\/pages"}],"about":[{"href":"http:\/\/ariadnabailo.com\/ca\/wp-json\/wp\/v2\/types\/page"}],"author":[{"embeddable":true,"href":"http:\/\/ariadnabailo.com\/ca\/wp-json\/wp\/v2\/users\/1"}],"replies":[{"embeddable":true,"href":"http:\/\/ariadnabailo.com\/ca\/wp-json\/wp\/v2\/comments?post=1023"}],"version-history":[{"count":18,"href":"http:\/\/ariadnabailo.com\/ca\/wp-json\/wp\/v2\/pages\/1023\/revisions"}],"predecessor-version":[{"id":1349,"href":"http:\/\/ariadnabailo.com\/ca\/wp-json\/wp\/v2\/pages\/1023\/revisions\/1349"}],"wp:attachment":[{"href":"http:\/\/ariadnabailo.com\/ca\/wp-json\/wp\/v2\/media?parent=1023"}],"curies":[{"name":"wp","href":"https:\/\/api.w.org\/{rel}","templated":true}]}}